{"id":5624,"date":"2026-03-16T12:16:20","date_gmt":"2026-03-16T12:16:20","guid":{"rendered":"https:\/\/mcautocaravanas.com\/?page_id=5624"},"modified":"2026-03-22T18:10:58","modified_gmt":"2026-03-22T18:10:58","slug":"venta-de-autocaravanas","status":"publish","type":"page","link":"https:\/\/mcautocaravanas.com\/eus\/venta-de-autocaravanas\/","title":{"rendered":"Salmenta"},"content":{"rendered":"<div data-elementor-type=\"wp-page\" data-elementor-id=\"5624\" class=\"elementor elementor-5624\" data-elementor-post-type=\"page\">\n\t\t\t\t<div class=\"elementor-element elementor-element-7b36389 e-flex e-con-boxed e-con e-parent\" data-id=\"7b36389\" data-element_type=\"container\" data-e-type=\"container\">\n\t\t\t\t\t<div class=\"e-con-inner\">\n\t\t\t\t<div class=\"elementor-element elementor-element-c8bdd87 elementor-grid-eael-col-3 elementor-grid-tablet-eael-col-2 elementor-grid-mobile-eael-col-1 elementor-widget elementor-widget-eael-post-grid\" data-id=\"c8bdd87\" data-element_type=\"widget\" data-e-type=\"widget\" data-settings=\"{&quot;eael_post_grid_columns&quot;:&quot;eael-col-3&quot;,&quot;eael_post_grid_columns_tablet&quot;:&quot;eael-col-2&quot;,&quot;eael_post_grid_columns_mobile&quot;:&quot;eael-col-1&quot;}\" data-widget_type=\"eael-post-grid.default\">\n\t\t\t\t<div class=\"elementor-widget-container\">\n\t\t\t\t\t<div id=\"eael-post-grid-c8bdd87\" class=\"eael-post-grid-container\">\n            <div class=\"eael-post-grid eael-post-appender eael-post-appender-c8bdd87 eael-post-grid-style-two\" data-layout-mode=\"grid\"><article class=\"eael-grid-post  eael-post-grid-column eael-pg-post-6427 category-autocaravanas-y-furgocamper-venta\" data-id=\"6427\">\n    <div class=\"eael-grid-post-holder\">\n        <div class=\"eael-grid-post-holder-inner\"><div class=\"eael-entry-media\"><div class=\"eael-entry-overlay zoom-in\"><i class=\"fas fa-long-arrow-alt-right\" aria-hidden=\"true\"><\/i><a href=\"https:\/\/mcautocaravanas.com\/eus\/fiat-ducato-dethleffs-trend_6977\/\"target=\"_blank\"><\/a><\/div><div class=\"eael-entry-thumbnail\">\n                            <img fetchpriority=\"high\" decoding=\"async\" width=\"768\" height=\"1024\" src=\"https:\/\/mcautocaravanas.com\/wp-content\/uploads\/2026\/04\/ANO-2000-Motor-2.5-TDI-\u2013-75-kW-102-CV-Kilometros-275.000-km-7-768x1024.jpg\" class=\"attachment-medium_large size-medium_large wp-image-6430\" alt=\"\" srcset=\"https:\/\/mcautocaravanas.com\/wp-content\/uploads\/2026\/04\/ANO-2000-Motor-2.5-TDI-\u2013-75-kW-102-CV-Kilometros-275.000-km-7-768x1024.jpg 768w, https:\/\/mcautocaravanas.com\/wp-content\/uploads\/2026\/04\/ANO-2000-Motor-2.5-TDI-\u2013-75-kW-102-CV-Kilometros-275.000-km-7-225x300.jpg 225w, https:\/\/mcautocaravanas.com\/wp-content\/uploads\/2026\/04\/ANO-2000-Motor-2.5-TDI-\u2013-75-kW-102-CV-Kilometros-275.000-km-7-1152x1536.jpg 1152w, https:\/\/mcautocaravanas.com\/wp-content\/uploads\/2026\/04\/ANO-2000-Motor-2.5-TDI-\u2013-75-kW-102-CV-Kilometros-275.000-km-7-9x12.jpg 9w, https:\/\/mcautocaravanas.com\/wp-content\/uploads\/2026\/04\/ANO-2000-Motor-2.5-TDI-\u2013-75-kW-102-CV-Kilometros-275.000-km-7.jpg 1200w\" sizes=\"(max-width: 768px) 100vw, 768px\" \/>\n                            <\/div>\n                    <\/div><div class=\"eael-entry-wrapper\"><header class=\"eael-entry-header\"><h2 class=\"eael-entry-title\"><a class=\"eael-grid-post-link\" href=\"https:\/\/mcautocaravanas.com\/eus\/fiat-ducato-dethleffs-trend_6977\/\" title=\"Fiat Ducato Dethleffs TREND_6977\"target=\"_blank\">Fiat Ducato Dethleffs TREND_6977<\/a><\/h2><\/header><div class=\"eael-entry-content\">\n                                <div class=\"eael-grid-post-excerpt\"><p>50.000 \u20ac...<\/p><a href=\"https:\/\/mcautocaravanas.com\/eus\/fiat-ducato-dethleffs-trend_6977\/\" class=\"eael-post-elements-readmore-btn\"target=\"_blank\">M\u00c1S DETALLES<\/a><\/div>\n                            <\/div><\/div><\/div>\n    <\/div>\n<\/article><article class=\"eael-grid-post  eael-post-grid-column eael-pg-post-6179 category-autocaravanas-y-furgocamper-venta\" data-id=\"6179\">\n    <div class=\"eael-grid-post-holder\">\n        <div class=\"eael-grid-post-holder-inner\"><div class=\"eael-entry-media\"><div class=\"eael-entry-overlay zoom-in\"><i class=\"fas fa-long-arrow-alt-right\" aria-hidden=\"true\"><\/i><a href=\"https:\/\/mcautocaravanas.com\/eus\/ford-mclouis-mc4\/\"target=\"_blank\"><\/a><\/div><div class=\"eael-entry-thumbnail\">\n                            <img decoding=\"async\" width=\"768\" height=\"1024\" src=\"https:\/\/mcautocaravanas.com\/wp-content\/uploads\/2026\/03\/ANO-2000-Motor-2.5-TDI-\u2013-75-kW-102-CV-Kilometros-275.000-km-2-768x1024.jpg\" class=\"attachment-medium_large size-medium_large wp-image-6180\" alt=\"\" srcset=\"https:\/\/mcautocaravanas.com\/wp-content\/uploads\/2026\/03\/ANO-2000-Motor-2.5-TDI-\u2013-75-kW-102-CV-Kilometros-275.000-km-2-768x1024.jpg 768w, https:\/\/mcautocaravanas.com\/wp-content\/uploads\/2026\/03\/ANO-2000-Motor-2.5-TDI-\u2013-75-kW-102-CV-Kilometros-275.000-km-2-225x300.jpg 225w, https:\/\/mcautocaravanas.com\/wp-content\/uploads\/2026\/03\/ANO-2000-Motor-2.5-TDI-\u2013-75-kW-102-CV-Kilometros-275.000-km-2-1152x1536.jpg 1152w, https:\/\/mcautocaravanas.com\/wp-content\/uploads\/2026\/03\/ANO-2000-Motor-2.5-TDI-\u2013-75-kW-102-CV-Kilometros-275.000-km-2-9x12.jpg 9w, https:\/\/mcautocaravanas.com\/wp-content\/uploads\/2026\/03\/ANO-2000-Motor-2.5-TDI-\u2013-75-kW-102-CV-Kilometros-275.000-km-2.jpg 1200w\" sizes=\"(max-width: 768px) 100vw, 768px\" \/>\n                            <\/div>\n                    <\/div><div class=\"eael-entry-wrapper\"><header class=\"eael-entry-header\"><h2 class=\"eael-entry-title\"><a class=\"eael-grid-post-link\" href=\"https:\/\/mcautocaravanas.com\/eus\/ford-mclouis-mc4\/\" title=\"Ford McLouis MC4\"target=\"_blank\">Ford McLouis MC4<\/a><\/h2><\/header><div class=\"eael-entry-content\">\n                                <div class=\"eael-grid-post-excerpt\"><p>67.000 \u20ac...<\/p><a href=\"https:\/\/mcautocaravanas.com\/eus\/ford-mclouis-mc4\/\" class=\"eael-post-elements-readmore-btn\"target=\"_blank\">M\u00c1S DETALLES<\/a><\/div>\n                            <\/div><\/div><\/div>\n    <\/div>\n<\/article><article class=\"eael-grid-post  eael-post-grid-column eael-pg-post-6102 category-autocaravanas-y-furgocamper-venta\" data-id=\"6102\">\n    <div class=\"eael-grid-post-holder\">\n        <div class=\"eael-grid-post-holder-inner\"><div class=\"eael-entry-media\"><div class=\"eael-entry-overlay zoom-in\"><i class=\"fas fa-long-arrow-alt-right\" aria-hidden=\"true\"><\/i><a href=\"https:\/\/mcautocaravanas.com\/eus\/fiat-ducato-2011-eriba-car-400-perfilada\/\"target=\"_blank\"><\/a><\/div><div class=\"eael-entry-thumbnail\">\n                            <img decoding=\"async\" width=\"768\" height=\"1024\" src=\"https:\/\/mcautocaravanas.com\/wp-content\/uploads\/2026\/03\/ANO-2000-Motor-2.5-TDI-\u2013-75-kW-102-CV-Kilometros-275.000-km-4-768x1024.jpg\" class=\"attachment-medium_large size-medium_large wp-image-6357\" alt=\"\" srcset=\"https:\/\/mcautocaravanas.com\/wp-content\/uploads\/2026\/03\/ANO-2000-Motor-2.5-TDI-\u2013-75-kW-102-CV-Kilometros-275.000-km-4-768x1024.jpg 768w, https:\/\/mcautocaravanas.com\/wp-content\/uploads\/2026\/03\/ANO-2000-Motor-2.5-TDI-\u2013-75-kW-102-CV-Kilometros-275.000-km-4-225x300.jpg 225w, https:\/\/mcautocaravanas.com\/wp-content\/uploads\/2026\/03\/ANO-2000-Motor-2.5-TDI-\u2013-75-kW-102-CV-Kilometros-275.000-km-4-1152x1536.jpg 1152w, https:\/\/mcautocaravanas.com\/wp-content\/uploads\/2026\/03\/ANO-2000-Motor-2.5-TDI-\u2013-75-kW-102-CV-Kilometros-275.000-km-4-9x12.jpg 9w, https:\/\/mcautocaravanas.com\/wp-content\/uploads\/2026\/03\/ANO-2000-Motor-2.5-TDI-\u2013-75-kW-102-CV-Kilometros-275.000-km-4.jpg 1200w\" sizes=\"(max-width: 768px) 100vw, 768px\" \/>\n                            <\/div>\n                    <\/div><div class=\"eael-entry-wrapper\"><header class=\"eael-entry-header\"><h2 class=\"eael-entry-title\"><a class=\"eael-grid-post-link\" href=\"https:\/\/mcautocaravanas.com\/eus\/fiat-ducato-2011-eriba-car-400-perfilada\/\" title=\"FIAT Ducato 2011 ERIBA CAR 400 Perfilada\"target=\"_blank\">FIAT Ducato 2011 ERIBA CAR 400 Perfilada<\/a><\/h2><\/header><div class=\"eael-entry-content\">\n                                <div class=\"eael-grid-post-excerpt\"><p>45.000 \u20ac...<\/p><a href=\"https:\/\/mcautocaravanas.com\/eus\/fiat-ducato-2011-eriba-car-400-perfilada\/\" class=\"eael-post-elements-readmore-btn\"target=\"_blank\">M\u00c1S DETALLES<\/a><\/div>\n                            <\/div><\/div><\/div>\n    <\/div>\n<\/article><article class=\"eael-grid-post  eael-post-grid-column eael-pg-post-6056 category-autocaravanas-y-furgocamper-venta\" data-id=\"6056\">\n    <div class=\"eael-grid-post-holder\">\n        <div class=\"eael-grid-post-holder-inner\"><div class=\"eael-entry-media\"><div class=\"eael-entry-overlay zoom-in\"><i class=\"fas fa-long-arrow-alt-right\" aria-hidden=\"true\"><\/i><a href=\"https:\/\/mcautocaravanas.com\/eus\/volkswagen-california-exclusive\/\"target=\"_blank\"><\/a><\/div><div class=\"eael-entry-thumbnail\">\n                            <img loading=\"lazy\" decoding=\"async\" width=\"768\" height=\"1024\" src=\"https:\/\/mcautocaravanas.com\/wp-content\/uploads\/2026\/03\/volkswagen-768x1024.jpg\" class=\"attachment-medium_large size-medium_large wp-image-6057\" alt=\"\" srcset=\"https:\/\/mcautocaravanas.com\/wp-content\/uploads\/2026\/03\/volkswagen-768x1024.jpg 768w, https:\/\/mcautocaravanas.com\/wp-content\/uploads\/2026\/03\/volkswagen-225x300.jpg 225w, https:\/\/mcautocaravanas.com\/wp-content\/uploads\/2026\/03\/volkswagen-1152x1536.jpg 1152w, https:\/\/mcautocaravanas.com\/wp-content\/uploads\/2026\/03\/volkswagen-9x12.jpg 9w, https:\/\/mcautocaravanas.com\/wp-content\/uploads\/2026\/03\/volkswagen.jpg 1200w\" sizes=\"(max-width: 768px) 100vw, 768px\" \/>\n                            <\/div>\n                    <\/div><div class=\"eael-entry-wrapper\"><header class=\"eael-entry-header\"><h2 class=\"eael-entry-title\"><a class=\"eael-grid-post-link\" href=\"https:\/\/mcautocaravanas.com\/eus\/volkswagen-california-exclusive\/\" title=\"Volkswagen California EXCLUSIVE\u00a0\"target=\"_blank\">Volkswagen California EXCLUSIVE\u00a0<\/a><\/h2><\/header><div class=\"eael-entry-content\">\n                                <div class=\"eael-grid-post-excerpt\"><p>27.000 \u20ac...<\/p><a href=\"https:\/\/mcautocaravanas.com\/eus\/volkswagen-california-exclusive\/\" class=\"eael-post-elements-readmore-btn\"target=\"_blank\">M\u00c1S DETALLES<\/a><\/div>\n                            <\/div><\/div><\/div>\n    <\/div>\n<\/article><article class=\"eael-grid-post  eael-post-grid-column eael-pg-post-5942 category-autocaravanas-y-furgocamper-venta\" data-id=\"5942\">\n    <div class=\"eael-grid-post-holder\">\n        <div class=\"eael-grid-post-holder-inner\"><div class=\"eael-entry-media\"><div class=\"eael-entry-overlay zoom-in\"><i class=\"fas fa-long-arrow-alt-right\" aria-hidden=\"true\"><\/i><a href=\"https:\/\/mcautocaravanas.com\/eus\/fiat-ducato-rapido-946_f-integral\/\"target=\"_blank\"><\/a><\/div><div class=\"eael-entry-thumbnail\">\n                            <img loading=\"lazy\" decoding=\"async\" width=\"768\" height=\"1024\" src=\"https:\/\/mcautocaravanas.com\/wp-content\/uploads\/2026\/03\/ANO-2000-Motor-2.5-TDI-\u2013-75-kW-102-CV-Kilometros-275.000-km-1-768x1024.jpg\" class=\"attachment-medium_large size-medium_large wp-image-6172\" alt=\"\" srcset=\"https:\/\/mcautocaravanas.com\/wp-content\/uploads\/2026\/03\/ANO-2000-Motor-2.5-TDI-\u2013-75-kW-102-CV-Kilometros-275.000-km-1-768x1024.jpg 768w, https:\/\/mcautocaravanas.com\/wp-content\/uploads\/2026\/03\/ANO-2000-Motor-2.5-TDI-\u2013-75-kW-102-CV-Kilometros-275.000-km-1-225x300.jpg 225w, https:\/\/mcautocaravanas.com\/wp-content\/uploads\/2026\/03\/ANO-2000-Motor-2.5-TDI-\u2013-75-kW-102-CV-Kilometros-275.000-km-1-1152x1536.jpg 1152w, https:\/\/mcautocaravanas.com\/wp-content\/uploads\/2026\/03\/ANO-2000-Motor-2.5-TDI-\u2013-75-kW-102-CV-Kilometros-275.000-km-1-9x12.jpg 9w, https:\/\/mcautocaravanas.com\/wp-content\/uploads\/2026\/03\/ANO-2000-Motor-2.5-TDI-\u2013-75-kW-102-CV-Kilometros-275.000-km-1.jpg 1200w\" sizes=\"(max-width: 768px) 100vw, 768px\" \/>\n                            <\/div>\n                    <\/div><div class=\"eael-entry-wrapper\"><header class=\"eael-entry-header\"><h2 class=\"eael-entry-title\"><a class=\"eael-grid-post-link\" href=\"https:\/\/mcautocaravanas.com\/eus\/fiat-ducato-rapido-946_f-integral\/\" title=\"Fiat Ducato Rapido 946_F Integral\"target=\"_blank\">Fiat Ducato Rapido 946_F Integral<\/a><\/h2><\/header><div class=\"eael-entry-content\">\n                                <div class=\"eael-grid-post-excerpt\"><p>37.000 \u20ac...<\/p><a href=\"https:\/\/mcautocaravanas.com\/eus\/fiat-ducato-rapido-946_f-integral\/\" class=\"eael-post-elements-readmore-btn\"target=\"_blank\">M\u00c1S DETALLES<\/a><\/div>\n                            <\/div><\/div><\/div>\n    <\/div>\n<\/article><article class=\"eael-grid-post  eael-post-grid-column eael-pg-post-5879 category-autocaravanas-y-furgocamper-venta\" data-id=\"5879\">\n    <div class=\"eael-grid-post-holder\">\n        <div class=\"eael-grid-post-holder-inner\"><div class=\"eael-entry-media\"><div class=\"eael-entry-overlay zoom-in\"><i class=\"fas fa-long-arrow-alt-right\" aria-hidden=\"true\"><\/i><a href=\"https:\/\/mcautocaravanas.com\/eus\/caravana-sterckeman-starlett-490\/\"target=\"_blank\"><\/a><\/div><div class=\"eael-entry-thumbnail\">\n                            <img loading=\"lazy\" decoding=\"async\" width=\"768\" height=\"526\" src=\"https:\/\/mcautocaravanas.com\/wp-content\/uploads\/2026\/03\/VENDIDA-2-768x526.jpg\" class=\"attachment-medium_large size-medium_large wp-image-6094\" alt=\"\" srcset=\"https:\/\/mcautocaravanas.com\/wp-content\/uploads\/2026\/03\/VENDIDA-2-768x526.jpg 768w, https:\/\/mcautocaravanas.com\/wp-content\/uploads\/2026\/03\/VENDIDA-2-300x205.jpg 300w, https:\/\/mcautocaravanas.com\/wp-content\/uploads\/2026\/03\/VENDIDA-2-1024x701.jpg 1024w, https:\/\/mcautocaravanas.com\/wp-content\/uploads\/2026\/03\/VENDIDA-2-18x12.jpg 18w, https:\/\/mcautocaravanas.com\/wp-content\/uploads\/2026\/03\/VENDIDA-2.jpg 1536w\" sizes=\"(max-width: 768px) 100vw, 768px\" \/>\n                            <\/div>\n                    <\/div><div class=\"eael-entry-wrapper\"><header class=\"eael-entry-header\"><h2 class=\"eael-entry-title\"><a class=\"eael-grid-post-link\" href=\"https:\/\/mcautocaravanas.com\/eus\/caravana-sterckeman-starlett-490\/\" title=\"Caravana Sterckeman Starlett 490\"target=\"_blank\">Caravana Sterckeman Starlett 490<\/a><\/h2><\/header><div class=\"eael-entry-content\">\n                                <div class=\"eael-grid-post-excerpt\"><p>15.000 \u20ac...<\/p><a href=\"https:\/\/mcautocaravanas.com\/eus\/caravana-sterckeman-starlett-490\/\" class=\"eael-post-elements-readmore-btn\"target=\"_blank\">M\u00c1S DETALLES<\/a><\/div>\n                            <\/div><\/div><\/div>\n    <\/div>\n<\/article><article class=\"eael-grid-post  eael-post-grid-column eael-pg-post-5797 category-autocaravanas-y-furgocamper-venta\" data-id=\"5797\">\n    <div class=\"eael-grid-post-holder\">\n        <div class=\"eael-grid-post-holder-inner\"><div class=\"eael-entry-media\"><div class=\"eael-entry-overlay zoom-in\"><i class=\"fas fa-long-arrow-alt-right\" aria-hidden=\"true\"><\/i><a href=\"https:\/\/mcautocaravanas.com\/eus\/citroen-jumper-2016-cama-isla\/\"target=\"_blank\"><\/a><\/div><div class=\"eael-entry-thumbnail\">\n                            <img loading=\"lazy\" decoding=\"async\" width=\"768\" height=\"1024\" src=\"https:\/\/mcautocaravanas.com\/wp-content\/uploads\/2026\/03\/Citroen-Jumper-2016-CAMA-ISLA-6-768x1024.jpeg\" class=\"attachment-medium_large size-medium_large wp-image-5798\" alt=\"\" srcset=\"https:\/\/mcautocaravanas.com\/wp-content\/uploads\/2026\/03\/Citroen-Jumper-2016-CAMA-ISLA-6-768x1024.jpeg 768w, https:\/\/mcautocaravanas.com\/wp-content\/uploads\/2026\/03\/Citroen-Jumper-2016-CAMA-ISLA-6-225x300.jpeg 225w, https:\/\/mcautocaravanas.com\/wp-content\/uploads\/2026\/03\/Citroen-Jumper-2016-CAMA-ISLA-6-1152x1536.jpeg 1152w, https:\/\/mcautocaravanas.com\/wp-content\/uploads\/2026\/03\/Citroen-Jumper-2016-CAMA-ISLA-6-9x12.jpeg 9w, https:\/\/mcautocaravanas.com\/wp-content\/uploads\/2026\/03\/Citroen-Jumper-2016-CAMA-ISLA-6.jpeg 1200w\" sizes=\"(max-width: 768px) 100vw, 768px\" \/>\n                            <\/div>\n                    <\/div><div class=\"eael-entry-wrapper\"><header class=\"eael-entry-header\"><h2 class=\"eael-entry-title\"><a class=\"eael-grid-post-link\" href=\"https:\/\/mcautocaravanas.com\/eus\/citroen-jumper-2016-cama-isla\/\" title=\"Citroen Jumper 2016 CAMA ISLA\"target=\"_blank\">Citroen Jumper 2016 CAMA ISLA<\/a><\/h2><\/header><div class=\"eael-entry-content\">\n                                <div class=\"eael-grid-post-excerpt\"><p>54.000 \u20ac...<\/p><a href=\"https:\/\/mcautocaravanas.com\/eus\/citroen-jumper-2016-cama-isla\/\" class=\"eael-post-elements-readmore-btn\"target=\"_blank\">M\u00c1S DETALLES<\/a><\/div>\n                            <\/div><\/div><\/div>\n    <\/div>\n<\/article><article class=\"eael-grid-post  eael-post-grid-column eael-pg-post-5706 category-autocaravanas-y-furgocamper-venta\" data-id=\"5706\">\n    <div class=\"eael-grid-post-holder\">\n        <div class=\"eael-grid-post-holder-inner\"><div class=\"eael-entry-media\"><div class=\"eael-entry-overlay zoom-in\"><i class=\"fas fa-long-arrow-alt-right\" aria-hidden=\"true\"><\/i><a href=\"https:\/\/mcautocaravanas.com\/eus\/burstner-2-ambientes-gmbh-premio-life-2024\/\"target=\"_blank\"><\/a><\/div><div class=\"eael-entry-thumbnail\">\n                            <img loading=\"lazy\" decoding=\"async\" width=\"768\" height=\"1024\" src=\"https:\/\/mcautocaravanas.com\/wp-content\/uploads\/2026\/03\/Diseno-sin-titulo-768x1024.jpg\" class=\"attachment-medium_large size-medium_large wp-image-6496\" alt=\"\" srcset=\"https:\/\/mcautocaravanas.com\/wp-content\/uploads\/2026\/03\/Diseno-sin-titulo-768x1024.jpg 768w, https:\/\/mcautocaravanas.com\/wp-content\/uploads\/2026\/03\/Diseno-sin-titulo-225x300.jpg 225w, https:\/\/mcautocaravanas.com\/wp-content\/uploads\/2026\/03\/Diseno-sin-titulo-1152x1536.jpg 1152w, https:\/\/mcautocaravanas.com\/wp-content\/uploads\/2026\/03\/Diseno-sin-titulo-9x12.jpg 9w, https:\/\/mcautocaravanas.com\/wp-content\/uploads\/2026\/03\/Diseno-sin-titulo.jpg 1200w\" sizes=\"(max-width: 768px) 100vw, 768px\" \/>\n                            <\/div>\n                    <\/div><div class=\"eael-entry-wrapper\"><header class=\"eael-entry-header\"><h2 class=\"eael-entry-title\"><a class=\"eael-grid-post-link\" href=\"https:\/\/mcautocaravanas.com\/eus\/burstner-2-ambientes-gmbh-premio-life-2024\/\" title=\"Burstner 2 ambientes GMBH PREMIO Life 2024\"target=\"_blank\">Burstner 2 ambientes GMBH PREMIO Life 2024<\/a><\/h2><\/header><div class=\"eael-entry-content\">\n                                <div class=\"eael-grid-post-excerpt\"><p>Antes 20.000\u20ac...<\/p><a href=\"https:\/\/mcautocaravanas.com\/eus\/burstner-2-ambientes-gmbh-premio-life-2024\/\" class=\"eael-post-elements-readmore-btn\"target=\"_blank\">M\u00c1S DETALLES<\/a><\/div>\n                            <\/div><\/div><\/div>\n    <\/div>\n<\/article><article class=\"eael-grid-post  eael-post-grid-column eael-pg-post-5641 category-autocaravanas-y-furgocamper-venta\" data-id=\"5641\">\n    <div class=\"eael-grid-post-holder\">\n        <div class=\"eael-grid-post-holder-inner\"><div class=\"eael-entry-media\"><div class=\"eael-entry-overlay zoom-in\"><i class=\"fas fa-long-arrow-alt-right\" aria-hidden=\"true\"><\/i><a href=\"https:\/\/mcautocaravanas.com\/eus\/citroen-jumper-2020-giottiline-privilege-440\/\"target=\"_blank\"><\/a><\/div><div class=\"eael-entry-thumbnail\">\n                            <img loading=\"lazy\" decoding=\"async\" width=\"768\" height=\"1024\" src=\"https:\/\/mcautocaravanas.com\/wp-content\/uploads\/2026\/03\/citroen-jumper-giottiline-privilege-440-45-768x1024.jpeg\" class=\"attachment-medium_large size-medium_large wp-image-5642\" alt=\"\" srcset=\"https:\/\/mcautocaravanas.com\/wp-content\/uploads\/2026\/03\/citroen-jumper-giottiline-privilege-440-45-768x1024.jpeg 768w, https:\/\/mcautocaravanas.com\/wp-content\/uploads\/2026\/03\/citroen-jumper-giottiline-privilege-440-45-225x300.jpeg 225w, https:\/\/mcautocaravanas.com\/wp-content\/uploads\/2026\/03\/citroen-jumper-giottiline-privilege-440-45-1152x1536.jpeg 1152w, https:\/\/mcautocaravanas.com\/wp-content\/uploads\/2026\/03\/citroen-jumper-giottiline-privilege-440-45-9x12.jpeg 9w, https:\/\/mcautocaravanas.com\/wp-content\/uploads\/2026\/03\/citroen-jumper-giottiline-privilege-440-45.jpeg 1200w\" sizes=\"(max-width: 768px) 100vw, 768px\" \/>\n                            <\/div>\n                    <\/div><div class=\"eael-entry-wrapper\"><header class=\"eael-entry-header\"><h2 class=\"eael-entry-title\"><a class=\"eael-grid-post-link\" href=\"https:\/\/mcautocaravanas.com\/eus\/citroen-jumper-2020-giottiline-privilege-440\/\" title=\"Citro\u00ebn Jumper 2020 GIOTTILINE PRIVILEGE 440\"target=\"_blank\">Citro\u00ebn Jumper 2020 GIOTTILINE PRIVILEGE 440<\/a><\/h2><\/header><div class=\"eael-entry-content\">\n                                <div class=\"eael-grid-post-excerpt\"><p>62.000 \u20ac...<\/p><a href=\"https:\/\/mcautocaravanas.com\/eus\/citroen-jumper-2020-giottiline-privilege-440\/\" class=\"eael-post-elements-readmore-btn\"target=\"_blank\">M\u00c1S DETALLES<\/a><\/div>\n                            <\/div><\/div><\/div>\n    <\/div>\n<\/article><article class=\"eael-grid-post  eael-post-grid-column eael-pg-post-5451 category-autocaravanas-y-furgocamper-venta\" data-id=\"5451\">\n    <div class=\"eael-grid-post-holder\">\n        <div class=\"eael-grid-post-holder-inner\"><div class=\"eael-entry-media\"><div class=\"eael-entry-overlay zoom-in\"><i class=\"fas fa-long-arrow-alt-right\" aria-hidden=\"true\"><\/i><a href=\"https:\/\/mcautocaravanas.com\/eus\/fiat-ducato-pilote-aventura-p-730\/\"target=\"_blank\"><\/a><\/div><div class=\"eael-entry-thumbnail\">\n                            <img loading=\"lazy\" decoding=\"async\" width=\"768\" height=\"526\" src=\"https:\/\/mcautocaravanas.com\/wp-content\/uploads\/2026\/02\/VENDIDA-3-768x526.jpg\" class=\"attachment-medium_large size-medium_large wp-image-6095\" alt=\"\" srcset=\"https:\/\/mcautocaravanas.com\/wp-content\/uploads\/2026\/02\/VENDIDA-3-768x526.jpg 768w, https:\/\/mcautocaravanas.com\/wp-content\/uploads\/2026\/02\/VENDIDA-3-300x205.jpg 300w, https:\/\/mcautocaravanas.com\/wp-content\/uploads\/2026\/02\/VENDIDA-3-1024x701.jpg 1024w, https:\/\/mcautocaravanas.com\/wp-content\/uploads\/2026\/02\/VENDIDA-3-18x12.jpg 18w, https:\/\/mcautocaravanas.com\/wp-content\/uploads\/2026\/02\/VENDIDA-3.jpg 1536w\" sizes=\"(max-width: 768px) 100vw, 768px\" \/>\n                            <\/div>\n                    <\/div><div class=\"eael-entry-wrapper\"><header class=\"eael-entry-header\"><h2 class=\"eael-entry-title\"><a class=\"eael-grid-post-link\" href=\"https:\/\/mcautocaravanas.com\/eus\/fiat-ducato-pilote-aventura-p-730\/\" title=\"FIAT DUCATO PILOTE AVENTURA P-730\"target=\"_blank\">FIAT DUCATO PILOTE AVENTURA P-730<\/a><\/h2><\/header><div class=\"eael-entry-content\">\n                                <div class=\"eael-grid-post-excerpt\"><p>46.800 \u20ac...<\/p><a href=\"https:\/\/mcautocaravanas.com\/eus\/fiat-ducato-pilote-aventura-p-730\/\" class=\"eael-post-elements-readmore-btn\"target=\"_blank\">M\u00c1S DETALLES<\/a><\/div>\n                            <\/div><\/div><\/div>\n    <\/div>\n<\/article><article class=\"eael-grid-post  eael-post-grid-column eael-pg-post-5396 category-autocaravanas-y-furgocamper-venta\" data-id=\"5396\">\n    <div class=\"eael-grid-post-holder\">\n        <div class=\"eael-grid-post-holder-inner\"><div class=\"eael-entry-media\"><div class=\"eael-entry-overlay zoom-in\"><i class=\"fas fa-long-arrow-alt-right\" aria-hidden=\"true\"><\/i><a href=\"https:\/\/mcautocaravanas.com\/eus\/fiat-ducato-burstner-nexxo-t_660-2011\/\"target=\"_blank\"><\/a><\/div><div class=\"eael-entry-thumbnail\">\n                            <img loading=\"lazy\" decoding=\"async\" width=\"768\" height=\"526\" src=\"https:\/\/mcautocaravanas.com\/wp-content\/uploads\/2026\/02\/VENDIDA-4-768x526.jpg\" class=\"attachment-medium_large size-medium_large wp-image-6096\" alt=\"\" srcset=\"https:\/\/mcautocaravanas.com\/wp-content\/uploads\/2026\/02\/VENDIDA-4-768x526.jpg 768w, https:\/\/mcautocaravanas.com\/wp-content\/uploads\/2026\/02\/VENDIDA-4-300x205.jpg 300w, https:\/\/mcautocaravanas.com\/wp-content\/uploads\/2026\/02\/VENDIDA-4-1024x701.jpg 1024w, https:\/\/mcautocaravanas.com\/wp-content\/uploads\/2026\/02\/VENDIDA-4-18x12.jpg 18w, https:\/\/mcautocaravanas.com\/wp-content\/uploads\/2026\/02\/VENDIDA-4.jpg 1536w\" sizes=\"(max-width: 768px) 100vw, 768px\" \/>\n                            <\/div>\n                    <\/div><div class=\"eael-entry-wrapper\"><header class=\"eael-entry-header\"><h2 class=\"eael-entry-title\"><a class=\"eael-grid-post-link\" href=\"https:\/\/mcautocaravanas.com\/eus\/fiat-ducato-burstner-nexxo-t_660-2011\/\" title=\"Fiat Ducato Burstner NEXXO T_660 2011\"target=\"_blank\">Fiat Ducato Burstner NEXXO T_660 2011<\/a><\/h2><\/header><div class=\"eael-entry-content\">\n                                <div class=\"eael-grid-post-excerpt\"><p>42.000\u20ac A\u00f1o...<\/p><a href=\"https:\/\/mcautocaravanas.com\/eus\/fiat-ducato-burstner-nexxo-t_660-2011\/\" class=\"eael-post-elements-readmore-btn\"target=\"_blank\">M\u00c1S DETALLES<\/a><\/div>\n                            <\/div><\/div><\/div>\n    <\/div>\n<\/article><article class=\"eael-grid-post  eael-post-grid-column eael-pg-post-5342 category-autocaravanas-y-furgocamper-venta\" data-id=\"5342\">\n    <div class=\"eael-grid-post-holder\">\n        <div class=\"eael-grid-post-holder-inner\"><div class=\"eael-entry-media\"><div class=\"eael-entry-overlay zoom-in\"><i class=\"fas fa-long-arrow-alt-right\" aria-hidden=\"true\"><\/i><a href=\"https:\/\/mcautocaravanas.com\/eus\/fiat-ducato-camper-challenger-vany-2-prestige\/\"target=\"_blank\"><\/a><\/div><div class=\"eael-entry-thumbnail\">\n                            <img loading=\"lazy\" decoding=\"async\" width=\"580\" height=\"718\" src=\"https:\/\/mcautocaravanas.com\/wp-content\/uploads\/2026\/02\/WhatsApp-Image-2026-01-29-at-21.46.29-1.jpeg\" class=\"attachment-medium_large size-medium_large wp-image-5348\" alt=\"\" srcset=\"https:\/\/mcautocaravanas.com\/wp-content\/uploads\/2026\/02\/WhatsApp-Image-2026-01-29-at-21.46.29-1.jpeg 580w, https:\/\/mcautocaravanas.com\/wp-content\/uploads\/2026\/02\/WhatsApp-Image-2026-01-29-at-21.46.29-1-242x300.jpeg 242w, https:\/\/mcautocaravanas.com\/wp-content\/uploads\/2026\/02\/WhatsApp-Image-2026-01-29-at-21.46.29-1-10x12.jpeg 10w\" sizes=\"(max-width: 580px) 100vw, 580px\" \/>\n                            <\/div>\n                    <\/div><div class=\"eael-entry-wrapper\"><header class=\"eael-entry-header\"><h2 class=\"eael-entry-title\"><a class=\"eael-grid-post-link\" href=\"https:\/\/mcautocaravanas.com\/eus\/fiat-ducato-camper-challenger-vany-2-prestige\/\" title=\"Fiat Ducato Camper \/ Challenger Vany 2 Prestige\"target=\"_blank\">Fiat Ducato Camper \/ Challenger Vany 2 Prestige<\/a><\/h2><\/header><div class=\"eael-entry-content\">\n                                <div class=\"eael-grid-post-excerpt\"><p>42.000 \u20ac...<\/p><a href=\"https:\/\/mcautocaravanas.com\/eus\/fiat-ducato-camper-challenger-vany-2-prestige\/\" class=\"eael-post-elements-readmore-btn\"target=\"_blank\">M\u00c1S DETALLES<\/a><\/div>\n                            <\/div><\/div><\/div>\n    <\/div>\n<\/article><article class=\"eael-grid-post  eael-post-grid-column eael-pg-post-5279 category-autocaravanas-y-furgocamper-venta\" data-id=\"5279\">\n    <div class=\"eael-grid-post-holder\">\n        <div class=\"eael-grid-post-holder-inner\"><div class=\"eael-entry-media\"><div class=\"eael-entry-overlay zoom-in\"><i class=\"fas fa-long-arrow-alt-right\" aria-hidden=\"true\"><\/i><a href=\"https:\/\/mcautocaravanas.com\/eus\/capuchina-fiat-rimor-seal-7-2\/\"target=\"_blank\"><\/a><\/div><div class=\"eael-entry-thumbnail\">\n                            <img loading=\"lazy\" decoding=\"async\" width=\"768\" height=\"1024\" src=\"https:\/\/mcautocaravanas.com\/wp-content\/uploads\/2025\/12\/WhatsApp-Image-2025-12-22-at-14.35.24-2-768x1024.jpeg\" class=\"attachment-medium_large size-medium_large wp-image-5291\" alt=\"\" srcset=\"https:\/\/mcautocaravanas.com\/wp-content\/uploads\/2025\/12\/WhatsApp-Image-2025-12-22-at-14.35.24-2-768x1024.jpeg 768w, https:\/\/mcautocaravanas.com\/wp-content\/uploads\/2025\/12\/WhatsApp-Image-2025-12-22-at-14.35.24-2-225x300.jpeg 225w, https:\/\/mcautocaravanas.com\/wp-content\/uploads\/2025\/12\/WhatsApp-Image-2025-12-22-at-14.35.24-2-1152x1536.jpeg 1152w, https:\/\/mcautocaravanas.com\/wp-content\/uploads\/2025\/12\/WhatsApp-Image-2025-12-22-at-14.35.24-2-9x12.jpeg 9w, https:\/\/mcautocaravanas.com\/wp-content\/uploads\/2025\/12\/WhatsApp-Image-2025-12-22-at-14.35.24-2.jpeg 1536w\" sizes=\"(max-width: 768px) 100vw, 768px\" \/>\n                            <\/div>\n                    <\/div><div class=\"eael-entry-wrapper\"><header class=\"eael-entry-header\"><h2 class=\"eael-entry-title\"><a class=\"eael-grid-post-link\" href=\"https:\/\/mcautocaravanas.com\/eus\/capuchina-fiat-rimor-seal-7-2\/\" title=\"CAPUCHINA FIAT RIMOR SEAL 7\"target=\"_blank\">CAPUCHINA FIAT RIMOR SEAL 7<\/a><\/h2><\/header><div class=\"eael-entry-content\">\n                                <div class=\"eael-grid-post-excerpt\"><p>48.000 \u20ac...<\/p><a href=\"https:\/\/mcautocaravanas.com\/eus\/capuchina-fiat-rimor-seal-7-2\/\" class=\"eael-post-elements-readmore-btn\"target=\"_blank\">M\u00c1S DETALLES<\/a><\/div>\n                            <\/div><\/div><\/div>\n    <\/div>\n<\/article><article class=\"eael-grid-post  eael-post-grid-column eael-pg-post-5116 category-autocaravanas-y-furgocamper-venta\" data-id=\"5116\">\n    <div class=\"eael-grid-post-holder\">\n        <div class=\"eael-grid-post-holder-inner\"><div class=\"eael-entry-media\"><div class=\"eael-entry-overlay zoom-in\"><i class=\"fas fa-long-arrow-alt-right\" aria-hidden=\"true\"><\/i><a href=\"https:\/\/mcautocaravanas.com\/eus\/transit-camper-furgo-camper\/\"target=\"_blank\"><\/a><\/div><div class=\"eael-entry-thumbnail\">\n                            <img loading=\"lazy\" decoding=\"async\" width=\"768\" height=\"1024\" src=\"https:\/\/mcautocaravanas.com\/wp-content\/uploads\/2025\/12\/WhatsApp-Image-2025-12-09-at-17.54.13-2-3-768x1024.jpeg\" class=\"attachment-medium_large size-medium_large wp-image-5171\" alt=\"\" srcset=\"https:\/\/mcautocaravanas.com\/wp-content\/uploads\/2025\/12\/WhatsApp-Image-2025-12-09-at-17.54.13-2-3-768x1024.jpeg 768w, https:\/\/mcautocaravanas.com\/wp-content\/uploads\/2025\/12\/WhatsApp-Image-2025-12-09-at-17.54.13-2-3-225x300.jpeg 225w, https:\/\/mcautocaravanas.com\/wp-content\/uploads\/2025\/12\/WhatsApp-Image-2025-12-09-at-17.54.13-2-3-1152x1536.jpeg 1152w, https:\/\/mcautocaravanas.com\/wp-content\/uploads\/2025\/12\/WhatsApp-Image-2025-12-09-at-17.54.13-2-3-9x12.jpeg 9w, https:\/\/mcautocaravanas.com\/wp-content\/uploads\/2025\/12\/WhatsApp-Image-2025-12-09-at-17.54.13-2-3.jpeg 1536w\" sizes=\"(max-width: 768px) 100vw, 768px\" \/>\n                            <\/div>\n                    <\/div><div class=\"eael-entry-wrapper\"><header class=\"eael-entry-header\"><h2 class=\"eael-entry-title\"><a class=\"eael-grid-post-link\" href=\"https:\/\/mcautocaravanas.com\/eus\/transit-camper-furgo-camper\/\" title=\"TRANSIT CAMPER FURGO CAMPER\"target=\"_blank\">TRANSIT CAMPER FURGO CAMPER<\/a><\/h2><\/header><div class=\"eael-entry-content\">\n                                <div class=\"eael-grid-post-excerpt\"><p>42.000 \u20ac...<\/p><a href=\"https:\/\/mcautocaravanas.com\/eus\/transit-camper-furgo-camper\/\" class=\"eael-post-elements-readmore-btn\"target=\"_blank\">M\u00c1S DETALLES<\/a><\/div>\n                            <\/div><\/div><\/div>\n    <\/div>\n<\/article><article class=\"eael-grid-post  eael-post-grid-column eael-pg-post-4956 category-autocaravanas-y-furgocamper-venta\" data-id=\"4956\">\n    <div class=\"eael-grid-post-holder\">\n        <div class=\"eael-grid-post-holder-inner\"><div class=\"eael-entry-media\"><div class=\"eael-entry-overlay zoom-in\"><i class=\"fas fa-long-arrow-alt-right\" aria-hidden=\"true\"><\/i><a href=\"https:\/\/mcautocaravanas.com\/eus\/perfilada-benimar-perseo-680-cc\/\"target=\"_blank\"><\/a><\/div><div class=\"eael-entry-thumbnail\">\n                            <img loading=\"lazy\" decoding=\"async\" width=\"768\" height=\"1024\" src=\"https:\/\/mcautocaravanas.com\/wp-content\/uploads\/2025\/12\/ANO-2000-Motor-2.5-TDI-\u2013-75-kW-102-CV-Kilometros-275.000-km-5-768x1024.jpg\" class=\"attachment-medium_large size-medium_large wp-image-6362\" alt=\"\" srcset=\"https:\/\/mcautocaravanas.com\/wp-content\/uploads\/2025\/12\/ANO-2000-Motor-2.5-TDI-\u2013-75-kW-102-CV-Kilometros-275.000-km-5-768x1024.jpg 768w, https:\/\/mcautocaravanas.com\/wp-content\/uploads\/2025\/12\/ANO-2000-Motor-2.5-TDI-\u2013-75-kW-102-CV-Kilometros-275.000-km-5-225x300.jpg 225w, https:\/\/mcautocaravanas.com\/wp-content\/uploads\/2025\/12\/ANO-2000-Motor-2.5-TDI-\u2013-75-kW-102-CV-Kilometros-275.000-km-5-1152x1536.jpg 1152w, https:\/\/mcautocaravanas.com\/wp-content\/uploads\/2025\/12\/ANO-2000-Motor-2.5-TDI-\u2013-75-kW-102-CV-Kilometros-275.000-km-5-9x12.jpg 9w, https:\/\/mcautocaravanas.com\/wp-content\/uploads\/2025\/12\/ANO-2000-Motor-2.5-TDI-\u2013-75-kW-102-CV-Kilometros-275.000-km-5.jpg 1200w\" sizes=\"(max-width: 768px) 100vw, 768px\" \/>\n                            <\/div>\n                    <\/div><div class=\"eael-entry-wrapper\"><header class=\"eael-entry-header\"><h2 class=\"eael-entry-title\"><a class=\"eael-grid-post-link\" href=\"https:\/\/mcautocaravanas.com\/eus\/perfilada-benimar-perseo-680-cc\/\" title=\"PERFILADA BENIMAR PERSEO 680 CC\"target=\"_blank\">PERFILADA BENIMAR PERSEO 680 CC<\/a><\/h2><\/header><div class=\"eael-entry-content\">\n                                <div class=\"eael-grid-post-excerpt\"><p>34.000 \u20ac...<\/p><a href=\"https:\/\/mcautocaravanas.com\/eus\/perfilada-benimar-perseo-680-cc\/\" class=\"eael-post-elements-readmore-btn\"target=\"_blank\">M\u00c1S DETALLES<\/a><\/div>\n                            <\/div><\/div><\/div>\n    <\/div>\n<\/article><article class=\"eael-grid-post  eael-post-grid-column eael-pg-post-4893 category-autocaravanas-y-furgocamper-venta\" data-id=\"4893\">\n    <div class=\"eael-grid-post-holder\">\n        <div class=\"eael-grid-post-holder-inner\"><div class=\"eael-entry-media\"><div class=\"eael-entry-overlay zoom-in\"><i class=\"fas fa-long-arrow-alt-right\" aria-hidden=\"true\"><\/i><a href=\"https:\/\/mcautocaravanas.com\/eus\/integral-burstner-viseo-i737\/\"target=\"_blank\"><\/a><\/div><div class=\"eael-entry-thumbnail\">\n                            <img loading=\"lazy\" decoding=\"async\" width=\"768\" height=\"526\" src=\"https:\/\/mcautocaravanas.com\/wp-content\/uploads\/2025\/12\/VENDIDA_20260319_102235_0000-768x526.png\" class=\"attachment-medium_large size-medium_large wp-image-6023\" alt=\"\" srcset=\"https:\/\/mcautocaravanas.com\/wp-content\/uploads\/2025\/12\/VENDIDA_20260319_102235_0000-768x526.png 768w, https:\/\/mcautocaravanas.com\/wp-content\/uploads\/2025\/12\/VENDIDA_20260319_102235_0000-300x205.png 300w, https:\/\/mcautocaravanas.com\/wp-content\/uploads\/2025\/12\/VENDIDA_20260319_102235_0000-1024x701.png 1024w, https:\/\/mcautocaravanas.com\/wp-content\/uploads\/2025\/12\/VENDIDA_20260319_102235_0000-18x12.png 18w, https:\/\/mcautocaravanas.com\/wp-content\/uploads\/2025\/12\/VENDIDA_20260319_102235_0000.png 1536w\" sizes=\"(max-width: 768px) 100vw, 768px\" \/>\n                            <\/div>\n                    <\/div><div class=\"eael-entry-wrapper\"><header class=\"eael-entry-header\"><h2 class=\"eael-entry-title\"><a class=\"eael-grid-post-link\" href=\"https:\/\/mcautocaravanas.com\/eus\/integral-burstner-viseo-i737\/\" title=\"INTEGRAL BURSTNER VISEO I737\"target=\"_blank\">INTEGRAL BURSTNER VISEO I737<\/a><\/h2><\/header><div class=\"eael-entry-content\">\n                                <div class=\"eael-grid-post-excerpt\"><p>48.500\u20ac Datos...<\/p><a href=\"https:\/\/mcautocaravanas.com\/eus\/integral-burstner-viseo-i737\/\" class=\"eael-post-elements-readmore-btn\"target=\"_blank\">M\u00c1S DETALLES<\/a><\/div>\n                            <\/div><\/div><\/div>\n    <\/div>\n<\/article><article class=\"eael-grid-post  eael-post-grid-column eael-pg-post-4144 category-autocaravanas-y-furgocamper-venta\" data-id=\"4144\">\n    <div class=\"eael-grid-post-holder\">\n        <div class=\"eael-grid-post-holder-inner\"><div class=\"eael-entry-media\"><div class=\"eael-entry-overlay zoom-in\"><i class=\"fas fa-long-arrow-alt-right\" aria-hidden=\"true\"><\/i><a href=\"https:\/\/mcautocaravanas.com\/eus\/fiat-ducato-2-8cc-140cv-capuchina\/\"target=\"_blank\"><\/a><\/div><div class=\"eael-entry-thumbnail\">\n                            <img loading=\"lazy\" decoding=\"async\" width=\"768\" height=\"1024\" src=\"https:\/\/mcautocaravanas.com\/wp-content\/uploads\/2025\/11\/ANO-2000-Motor-2.5-TDI-\u2013-75-kW-102-CV-Kilometros-275.000-km-6-768x1024.jpg\" class=\"attachment-medium_large size-medium_large wp-image-6366\" alt=\"\" srcset=\"https:\/\/mcautocaravanas.com\/wp-content\/uploads\/2025\/11\/ANO-2000-Motor-2.5-TDI-\u2013-75-kW-102-CV-Kilometros-275.000-km-6-768x1024.jpg 768w, https:\/\/mcautocaravanas.com\/wp-content\/uploads\/2025\/11\/ANO-2000-Motor-2.5-TDI-\u2013-75-kW-102-CV-Kilometros-275.000-km-6-225x300.jpg 225w, https:\/\/mcautocaravanas.com\/wp-content\/uploads\/2025\/11\/ANO-2000-Motor-2.5-TDI-\u2013-75-kW-102-CV-Kilometros-275.000-km-6-1152x1536.jpg 1152w, https:\/\/mcautocaravanas.com\/wp-content\/uploads\/2025\/11\/ANO-2000-Motor-2.5-TDI-\u2013-75-kW-102-CV-Kilometros-275.000-km-6-9x12.jpg 9w, https:\/\/mcautocaravanas.com\/wp-content\/uploads\/2025\/11\/ANO-2000-Motor-2.5-TDI-\u2013-75-kW-102-CV-Kilometros-275.000-km-6.jpg 1200w\" sizes=\"(max-width: 768px) 100vw, 768px\" \/>\n                            <\/div>\n                    <\/div><div class=\"eael-entry-wrapper\"><header class=\"eael-entry-header\"><h2 class=\"eael-entry-title\"><a class=\"eael-grid-post-link\" href=\"https:\/\/mcautocaravanas.com\/eus\/fiat-ducato-2-8cc-140cv-capuchina\/\" title=\"Fiat Ducato 2.8cc 140cv Capuchina\"target=\"_blank\">Fiat Ducato 2.8cc 140cv Capuchina<\/a><\/h2><\/header><div class=\"eael-entry-content\">\n                                <div class=\"eael-grid-post-excerpt\"><p>31.000\u20ac CARACTER\u00cdSTICAS...<\/p><a href=\"https:\/\/mcautocaravanas.com\/eus\/fiat-ducato-2-8cc-140cv-capuchina\/\" class=\"eael-post-elements-readmore-btn\"target=\"_blank\">M\u00c1S DETALLES<\/a><\/div>\n                            <\/div><\/div><\/div>\n    <\/div>\n<\/article><article class=\"eael-grid-post  eael-post-grid-column eael-pg-post-4075 category-autocaravanas-y-furgocamper-venta\" data-id=\"4075\">\n    <div class=\"eael-grid-post-holder\">\n        <div class=\"eael-grid-post-holder-inner\"><div class=\"eael-entry-media\"><div class=\"eael-entry-overlay zoom-in\"><i class=\"fas fa-long-arrow-alt-right\" aria-hidden=\"true\"><\/i><a href=\"https:\/\/mcautocaravanas.com\/eus\/perfilada-burstner-marano-t580\/\"target=\"_blank\"><\/a><\/div><div class=\"eael-entry-thumbnail\">\n                            <img loading=\"lazy\" decoding=\"async\" width=\"768\" height=\"526\" src=\"https:\/\/mcautocaravanas.com\/wp-content\/uploads\/2025\/11\/VENDIDA-5-768x526.jpg\" class=\"attachment-medium_large size-medium_large wp-image-6097\" alt=\"\" srcset=\"https:\/\/mcautocaravanas.com\/wp-content\/uploads\/2025\/11\/VENDIDA-5-768x526.jpg 768w, https:\/\/mcautocaravanas.com\/wp-content\/uploads\/2025\/11\/VENDIDA-5-300x205.jpg 300w, https:\/\/mcautocaravanas.com\/wp-content\/uploads\/2025\/11\/VENDIDA-5-1024x701.jpg 1024w, https:\/\/mcautocaravanas.com\/wp-content\/uploads\/2025\/11\/VENDIDA-5-18x12.jpg 18w, https:\/\/mcautocaravanas.com\/wp-content\/uploads\/2025\/11\/VENDIDA-5.jpg 1536w\" sizes=\"(max-width: 768px) 100vw, 768px\" \/>\n                            <\/div>\n                    <\/div><div class=\"eael-entry-wrapper\"><header class=\"eael-entry-header\"><h2 class=\"eael-entry-title\"><a class=\"eael-grid-post-link\" href=\"https:\/\/mcautocaravanas.com\/eus\/perfilada-burstner-marano-t580\/\" title=\"Perfilada Burstner MARANO T580\"target=\"_blank\">Perfilada Burstner MARANO T580<\/a><\/h2><\/header><div class=\"eael-entry-content\">\n                                <div class=\"eael-grid-post-excerpt\"><p>35.000\u20ac CARACTER\u00cdSTICAS...<\/p><a href=\"https:\/\/mcautocaravanas.com\/eus\/perfilada-burstner-marano-t580\/\" class=\"eael-post-elements-readmore-btn\"target=\"_blank\">M\u00c1S DETALLES<\/a><\/div>\n                            <\/div><\/div><\/div>\n    <\/div>\n<\/article><article class=\"eael-grid-post  eael-post-grid-column eael-pg-post-4042 category-autocaravanas-y-furgocamper-venta\" data-id=\"4042\">\n    <div class=\"eael-grid-post-holder\">\n        <div class=\"eael-grid-post-holder-inner\"><div class=\"eael-entry-media\"><div class=\"eael-entry-overlay zoom-in\"><i class=\"fas fa-long-arrow-alt-right\" aria-hidden=\"true\"><\/i><a href=\"https:\/\/mcautocaravanas.com\/eus\/ford-transit-modelo-rimor-europa\/\"target=\"_blank\"><\/a><\/div><div class=\"eael-entry-thumbnail\">\n                            <img loading=\"lazy\" decoding=\"async\" width=\"768\" height=\"526\" src=\"https:\/\/mcautocaravanas.com\/wp-content\/uploads\/2025\/10\/VENDIDA-6-768x526.jpg\" class=\"attachment-medium_large size-medium_large wp-image-6098\" alt=\"\" srcset=\"https:\/\/mcautocaravanas.com\/wp-content\/uploads\/2025\/10\/VENDIDA-6-768x526.jpg 768w, https:\/\/mcautocaravanas.com\/wp-content\/uploads\/2025\/10\/VENDIDA-6-300x205.jpg 300w, https:\/\/mcautocaravanas.com\/wp-content\/uploads\/2025\/10\/VENDIDA-6-1024x701.jpg 1024w, https:\/\/mcautocaravanas.com\/wp-content\/uploads\/2025\/10\/VENDIDA-6-18x12.jpg 18w, https:\/\/mcautocaravanas.com\/wp-content\/uploads\/2025\/10\/VENDIDA-6.jpg 1536w\" sizes=\"(max-width: 768px) 100vw, 768px\" \/>\n                            <\/div>\n                    <\/div><div class=\"eael-entry-wrapper\"><header class=\"eael-entry-header\"><h2 class=\"eael-entry-title\"><a class=\"eael-grid-post-link\" href=\"https:\/\/mcautocaravanas.com\/eus\/ford-transit-modelo-rimor-europa\/\" title=\"Ford Transit modelo Rimor Europa\"target=\"_blank\">Ford Transit modelo Rimor Europa<\/a><\/h2><\/header><div class=\"eael-entry-content\">\n                                <div class=\"eael-grid-post-excerpt\"><p>23.000\u20ac CARACTER\u00cdSTICAS...<\/p><a href=\"https:\/\/mcautocaravanas.com\/eus\/ford-transit-modelo-rimor-europa\/\" class=\"eael-post-elements-readmore-btn\"target=\"_blank\">M\u00c1S DETALLES<\/a><\/div>\n                            <\/div><\/div><\/div>\n    <\/div>\n<\/article><article class=\"eael-grid-post  eael-post-grid-column eael-pg-post-3989 category-autocaravanas-y-furgocamper-venta\" data-id=\"3989\">\n    <div class=\"eael-grid-post-holder\">\n        <div class=\"eael-grid-post-holder-inner\"><div class=\"eael-entry-media\"><div class=\"eael-entry-overlay zoom-in\"><i class=\"fas fa-long-arrow-alt-right\" aria-hidden=\"true\"><\/i><a href=\"https:\/\/mcautocaravanas.com\/eus\/mercedes-hymer-rapido-986m\/\"target=\"_blank\"><\/a><\/div><div class=\"eael-entry-thumbnail\">\n                            <img loading=\"lazy\" decoding=\"async\" width=\"768\" height=\"526\" src=\"https:\/\/mcautocaravanas.com\/wp-content\/uploads\/2025\/10\/VENDIDA-8-768x526.jpg\" class=\"attachment-medium_large size-medium_large wp-image-6100\" alt=\"\" srcset=\"https:\/\/mcautocaravanas.com\/wp-content\/uploads\/2025\/10\/VENDIDA-8-768x526.jpg 768w, https:\/\/mcautocaravanas.com\/wp-content\/uploads\/2025\/10\/VENDIDA-8-300x205.jpg 300w, https:\/\/mcautocaravanas.com\/wp-content\/uploads\/2025\/10\/VENDIDA-8-1024x701.jpg 1024w, https:\/\/mcautocaravanas.com\/wp-content\/uploads\/2025\/10\/VENDIDA-8-18x12.jpg 18w, https:\/\/mcautocaravanas.com\/wp-content\/uploads\/2025\/10\/VENDIDA-8.jpg 1536w\" sizes=\"(max-width: 768px) 100vw, 768px\" \/>\n                            <\/div>\n                    <\/div><div class=\"eael-entry-wrapper\"><header class=\"eael-entry-header\"><h2 class=\"eael-entry-title\"><a class=\"eael-grid-post-link\" href=\"https:\/\/mcautocaravanas.com\/eus\/mercedes-hymer-rapido-986m\/\" title=\"Mercedes Hymer Rapido 986M\"target=\"_blank\">Mercedes Hymer Rapido 986M<\/a><\/h2><\/header><div class=\"eael-entry-content\">\n                                <div class=\"eael-grid-post-excerpt\"><p>44.500\u20ac CARACTER\u00cdSTICAS...<\/p><a href=\"https:\/\/mcautocaravanas.com\/eus\/mercedes-hymer-rapido-986m\/\" class=\"eael-post-elements-readmore-btn\"target=\"_blank\">M\u00c1S DETALLES<\/a><\/div>\n                            <\/div><\/div><\/div>\n    <\/div>\n<\/article><article class=\"eael-grid-post  eael-post-grid-column eael-pg-post-3949 category-autocaravanas-y-furgocamper-venta\" data-id=\"3949\">\n    <div class=\"eael-grid-post-holder\">\n        <div class=\"eael-grid-post-holder-inner\"><div class=\"eael-entry-media\"><div class=\"eael-entry-overlay zoom-in\"><i class=\"fas fa-long-arrow-alt-right\" aria-hidden=\"true\"><\/i><a href=\"https:\/\/mcautocaravanas.com\/eus\/fiat-ducato-2-3-130cv\/\"target=\"_blank\"><\/a><\/div><div class=\"eael-entry-thumbnail\">\n                            <img loading=\"lazy\" decoding=\"async\" width=\"768\" height=\"526\" src=\"https:\/\/mcautocaravanas.com\/wp-content\/uploads\/2025\/10\/VENDIDA-21-768x526.jpg\" class=\"attachment-medium_large size-medium_large wp-image-3985\" alt=\"\" srcset=\"https:\/\/mcautocaravanas.com\/wp-content\/uploads\/2025\/10\/VENDIDA-21-768x526.jpg 768w, https:\/\/mcautocaravanas.com\/wp-content\/uploads\/2025\/10\/VENDIDA-21-300x205.jpg 300w, https:\/\/mcautocaravanas.com\/wp-content\/uploads\/2025\/10\/VENDIDA-21-1024x701.jpg 1024w, https:\/\/mcautocaravanas.com\/wp-content\/uploads\/2025\/10\/VENDIDA-21-18x12.jpg 18w, https:\/\/mcautocaravanas.com\/wp-content\/uploads\/2025\/10\/VENDIDA-21.jpg 1536w\" sizes=\"(max-width: 768px) 100vw, 768px\" \/>\n                            <\/div>\n                    <\/div><div class=\"eael-entry-wrapper\"><header class=\"eael-entry-header\"><h2 class=\"eael-entry-title\"><a class=\"eael-grid-post-link\" href=\"https:\/\/mcautocaravanas.com\/eus\/fiat-ducato-2-3-130cv\/\" title=\"Fiat Ducato 2.3\"target=\"_blank\">Fiat Ducato 2.3<\/a><\/h2><\/header><div class=\"eael-entry-content\">\n                                <div class=\"eael-grid-post-excerpt\"><p>35.000\u20ac CARACTER\u00cdSTICA...<\/p><a href=\"https:\/\/mcautocaravanas.com\/eus\/fiat-ducato-2-3-130cv\/\" class=\"eael-post-elements-readmore-btn\"target=\"_blank\">M\u00c1S DETALLES<\/a><\/div>\n                            <\/div><\/div><\/div>\n    <\/div>\n<\/article><article class=\"eael-grid-post  eael-post-grid-column eael-pg-post-3856 category-autocaravanas-y-furgocamper-venta\" data-id=\"3856\">\n    <div class=\"eael-grid-post-holder\">\n        <div class=\"eael-grid-post-holder-inner\"><div class=\"eael-entry-media\"><div class=\"eael-entry-overlay zoom-in\"><i class=\"fas fa-long-arrow-alt-right\" aria-hidden=\"true\"><\/i><a href=\"https:\/\/mcautocaravanas.com\/eus\/adria-sport-a_680_sk\/\"target=\"_blank\"><\/a><\/div><div class=\"eael-entry-thumbnail\">\n                            <img loading=\"lazy\" decoding=\"async\" width=\"768\" height=\"526\" src=\"https:\/\/mcautocaravanas.com\/wp-content\/uploads\/2025\/10\/VENDIDA-7-768x526.jpg\" class=\"attachment-medium_large size-medium_large wp-image-6099\" alt=\"\" srcset=\"https:\/\/mcautocaravanas.com\/wp-content\/uploads\/2025\/10\/VENDIDA-7-768x526.jpg 768w, https:\/\/mcautocaravanas.com\/wp-content\/uploads\/2025\/10\/VENDIDA-7-300x205.jpg 300w, https:\/\/mcautocaravanas.com\/wp-content\/uploads\/2025\/10\/VENDIDA-7-1024x701.jpg 1024w, https:\/\/mcautocaravanas.com\/wp-content\/uploads\/2025\/10\/VENDIDA-7-18x12.jpg 18w, https:\/\/mcautocaravanas.com\/wp-content\/uploads\/2025\/10\/VENDIDA-7.jpg 1536w\" sizes=\"(max-width: 768px) 100vw, 768px\" \/>\n                            <\/div>\n                    <\/div><div class=\"eael-entry-wrapper\"><header class=\"eael-entry-header\"><h2 class=\"eael-entry-title\"><a class=\"eael-grid-post-link\" href=\"https:\/\/mcautocaravanas.com\/eus\/adria-sport-a_680_sk\/\" title=\"Adria Sport A_680_SK\"target=\"_blank\">Adria Sport A_680_SK<\/a><\/h2><\/header><div class=\"eael-entry-content\">\n                                <div class=\"eael-grid-post-excerpt\"><p>42.000\u20ac CARACTER\u00cdSTICAS...<\/p><a href=\"https:\/\/mcautocaravanas.com\/eus\/adria-sport-a_680_sk\/\" class=\"eael-post-elements-readmore-btn\"target=\"_blank\">M\u00c1S DETALLES<\/a><\/div>\n                            <\/div><\/div><\/div>\n    <\/div>\n<\/article><article class=\"eael-grid-post  eael-post-grid-column eael-pg-post-3812 category-autocaravanas-y-furgocamper-venta\" data-id=\"3812\">\n    <div class=\"eael-grid-post-holder\">\n        <div class=\"eael-grid-post-holder-inner\"><div class=\"eael-entry-media\"><div class=\"eael-entry-overlay zoom-in\"><i class=\"fas fa-long-arrow-alt-right\" aria-hidden=\"true\"><\/i><a href=\"https:\/\/mcautocaravanas.com\/eus\/volkswagen-california-2-4-diesel\/\"target=\"_blank\"><\/a><\/div><div class=\"eael-entry-thumbnail\">\n                            <img loading=\"lazy\" decoding=\"async\" width=\"768\" height=\"526\" src=\"https:\/\/mcautocaravanas.com\/wp-content\/uploads\/2025\/10\/VENDIDA-19-768x526.jpg\" class=\"attachment-medium_large size-medium_large wp-image-3844\" alt=\"\" srcset=\"https:\/\/mcautocaravanas.com\/wp-content\/uploads\/2025\/10\/VENDIDA-19-768x526.jpg 768w, https:\/\/mcautocaravanas.com\/wp-content\/uploads\/2025\/10\/VENDIDA-19-300x205.jpg 300w, https:\/\/mcautocaravanas.com\/wp-content\/uploads\/2025\/10\/VENDIDA-19-1024x701.jpg 1024w, https:\/\/mcautocaravanas.com\/wp-content\/uploads\/2025\/10\/VENDIDA-19-18x12.jpg 18w, https:\/\/mcautocaravanas.com\/wp-content\/uploads\/2025\/10\/VENDIDA-19.jpg 1536w\" sizes=\"(max-width: 768px) 100vw, 768px\" \/>\n                            <\/div>\n                    <\/div><div class=\"eael-entry-wrapper\"><header class=\"eael-entry-header\"><h2 class=\"eael-entry-title\"><a class=\"eael-grid-post-link\" href=\"https:\/\/mcautocaravanas.com\/eus\/volkswagen-california-2-4-diesel\/\" title=\"Volkswagen California 2.4 Diesel\"target=\"_blank\">Volkswagen California 2.4 Diesel<\/a><\/h2><\/header><div class=\"eael-entry-content\">\n                                <div class=\"eael-grid-post-excerpt\"><p>CARACTER\u00cdSTICAS \ud83d\ude90...<\/p><a href=\"https:\/\/mcautocaravanas.com\/eus\/volkswagen-california-2-4-diesel\/\" class=\"eael-post-elements-readmore-btn\"target=\"_blank\">M\u00c1S DETALLES<\/a><\/div>\n                            <\/div><\/div><\/div>\n    <\/div>\n<\/article><article class=\"eael-grid-post  eael-post-grid-column eael-pg-post-3725 category-autocaravanas-y-furgocamper-venta\" data-id=\"3725\">\n    <div class=\"eael-grid-post-holder\">\n        <div class=\"eael-grid-post-holder-inner\"><div class=\"eael-entry-media\"><div class=\"eael-entry-overlay zoom-in\"><i class=\"fas fa-long-arrow-alt-right\" aria-hidden=\"true\"><\/i><a href=\"https:\/\/mcautocaravanas.com\/eus\/fiat-ducato-mageo-109\/\"target=\"_blank\"><\/a><\/div><div class=\"eael-entry-thumbnail\">\n                            <img loading=\"lazy\" decoding=\"async\" width=\"768\" height=\"526\" src=\"https:\/\/mcautocaravanas.com\/wp-content\/uploads\/2025\/09\/VENDIDA-20-768x526.jpg\" class=\"attachment-medium_large size-medium_large wp-image-3869\" alt=\"\" srcset=\"https:\/\/mcautocaravanas.com\/wp-content\/uploads\/2025\/09\/VENDIDA-20-768x526.jpg 768w, https:\/\/mcautocaravanas.com\/wp-content\/uploads\/2025\/09\/VENDIDA-20-300x205.jpg 300w, https:\/\/mcautocaravanas.com\/wp-content\/uploads\/2025\/09\/VENDIDA-20-1024x701.jpg 1024w, https:\/\/mcautocaravanas.com\/wp-content\/uploads\/2025\/09\/VENDIDA-20-18x12.jpg 18w, https:\/\/mcautocaravanas.com\/wp-content\/uploads\/2025\/09\/VENDIDA-20.jpg 1536w\" sizes=\"(max-width: 768px) 100vw, 768px\" \/>\n                            <\/div>\n                    <\/div><div class=\"eael-entry-wrapper\"><header class=\"eael-entry-header\"><h2 class=\"eael-entry-title\"><a class=\"eael-grid-post-link\" href=\"https:\/\/mcautocaravanas.com\/eus\/fiat-ducato-mageo-109\/\" title=\"Fiat Ducato Mageo 109\"target=\"_blank\">Fiat Ducato Mageo 109<\/a><\/h2><\/header><div class=\"eael-entry-content\">\n                                <div class=\"eael-grid-post-excerpt\"><p>40.000\u20ac CARACTER\u00cdSTICAS...<\/p><a href=\"https:\/\/mcautocaravanas.com\/eus\/fiat-ducato-mageo-109\/\" class=\"eael-post-elements-readmore-btn\"target=\"_blank\">M\u00c1S DETALLES<\/a><\/div>\n                            <\/div><\/div><\/div>\n    <\/div>\n<\/article><article class=\"eael-grid-post  eael-post-grid-column eael-pg-post-3685 category-autocaravanas-y-furgocamper-venta\" data-id=\"3685\">\n    <div class=\"eael-grid-post-holder\">\n        <div class=\"eael-grid-post-holder-inner\"><div class=\"eael-entry-media\"><div class=\"eael-entry-overlay zoom-in\"><i class=\"fas fa-long-arrow-alt-right\" aria-hidden=\"true\"><\/i><a href=\"https:\/\/mcautocaravanas.com\/eus\/itneo-td-690\/\"target=\"_blank\"><\/a><\/div><div class=\"eael-entry-thumbnail\">\n                            <img loading=\"lazy\" decoding=\"async\" width=\"768\" height=\"526\" src=\"https:\/\/mcautocaravanas.com\/wp-content\/uploads\/2025\/09\/VENDIDA-9-768x526.jpg\" class=\"attachment-medium_large size-medium_large wp-image-6101\" alt=\"\" srcset=\"https:\/\/mcautocaravanas.com\/wp-content\/uploads\/2025\/09\/VENDIDA-9-768x526.jpg 768w, https:\/\/mcautocaravanas.com\/wp-content\/uploads\/2025\/09\/VENDIDA-9-300x205.jpg 300w, https:\/\/mcautocaravanas.com\/wp-content\/uploads\/2025\/09\/VENDIDA-9-1024x701.jpg 1024w, https:\/\/mcautocaravanas.com\/wp-content\/uploads\/2025\/09\/VENDIDA-9-18x12.jpg 18w, https:\/\/mcautocaravanas.com\/wp-content\/uploads\/2025\/09\/VENDIDA-9.jpg 1536w\" sizes=\"(max-width: 768px) 100vw, 768px\" \/>\n                            <\/div>\n                    <\/div><div class=\"eael-entry-wrapper\"><header class=\"eael-entry-header\"><h2 class=\"eael-entry-title\"><a class=\"eael-grid-post-link\" href=\"https:\/\/mcautocaravanas.com\/eus\/itneo-td-690\/\" title=\"ITINEO TD_690\"target=\"_blank\">ITINEO TD_690<\/a><\/h2><\/header><div class=\"eael-entry-content\">\n                                <div class=\"eael-grid-post-excerpt\"><p>45.000\u20ac 42.000\u20ac...<\/p><a href=\"https:\/\/mcautocaravanas.com\/eus\/itneo-td-690\/\" class=\"eael-post-elements-readmore-btn\"target=\"_blank\">M\u00c1S DETALLES<\/a><\/div>\n                            <\/div><\/div><\/div>\n    <\/div>\n<\/article><article class=\"eael-grid-post  eael-post-grid-column eael-pg-post-3623 category-autocaravanas-y-furgocamper-venta\" data-id=\"3623\">\n    <div class=\"eael-grid-post-holder\">\n        <div class=\"eael-grid-post-holder-inner\"><div class=\"eael-entry-media\"><div class=\"eael-entry-overlay zoom-in\"><i class=\"fas fa-long-arrow-alt-right\" aria-hidden=\"true\"><\/i><a href=\"https:\/\/mcautocaravanas.com\/eus\/citroen-traveller-camper-2-0-cc-hdi-180cv\/\"target=\"_blank\"><\/a><\/div><div class=\"eael-entry-thumbnail\">\n                            <img loading=\"lazy\" decoding=\"async\" width=\"768\" height=\"526\" src=\"https:\/\/mcautocaravanas.com\/wp-content\/uploads\/2025\/07\/VENDIDA-1-768x526.png\" class=\"attachment-medium_large size-medium_large wp-image-3673\" alt=\"\" srcset=\"https:\/\/mcautocaravanas.com\/wp-content\/uploads\/2025\/07\/VENDIDA-1-768x526.png 768w, https:\/\/mcautocaravanas.com\/wp-content\/uploads\/2025\/07\/VENDIDA-1-300x205.png 300w, https:\/\/mcautocaravanas.com\/wp-content\/uploads\/2025\/07\/VENDIDA-1-1024x701.png 1024w, https:\/\/mcautocaravanas.com\/wp-content\/uploads\/2025\/07\/VENDIDA-1-18x12.png 18w, https:\/\/mcautocaravanas.com\/wp-content\/uploads\/2025\/07\/VENDIDA-1.png 1536w\" sizes=\"(max-width: 768px) 100vw, 768px\" \/>\n                            <\/div>\n                    <\/div><div class=\"eael-entry-wrapper\"><header class=\"eael-entry-header\"><h2 class=\"eael-entry-title\"><a class=\"eael-grid-post-link\" href=\"https:\/\/mcautocaravanas.com\/eus\/citroen-traveller-camper-2-0-cc-hdi-180cv\/\" title=\"Citroen Traveller CAMPER 2.0cc HDI 180cv\"target=\"_blank\">Citroen Traveller CAMPER 2.0cc HDI 180cv<\/a><\/h2><\/header><div class=\"eael-entry-content\">\n                                <div class=\"eael-grid-post-excerpt\"><p>41.000\u20ac CARACTER\u00cdSTICAS...<\/p><a href=\"https:\/\/mcautocaravanas.com\/eus\/citroen-traveller-camper-2-0-cc-hdi-180cv\/\" class=\"eael-post-elements-readmore-btn\"target=\"_blank\">M\u00c1S DETALLES<\/a><\/div>\n                            <\/div><\/div><\/div>\n    <\/div>\n<\/article><article class=\"eael-grid-post  eael-post-grid-column eael-pg-post-3587 category-autocaravanas-y-furgocamper-venta\" data-id=\"3587\">\n    <div class=\"eael-grid-post-holder\">\n        <div class=\"eael-grid-post-holder-inner\"><div class=\"eael-entry-media\"><div class=\"eael-entry-overlay zoom-in\"><i class=\"fas fa-long-arrow-alt-right\" aria-hidden=\"true\"><\/i><a href=\"https:\/\/mcautocaravanas.com\/eus\/volkswagen-california\/\"target=\"_blank\"><\/a><\/div><div class=\"eael-entry-thumbnail\">\n                            <img loading=\"lazy\" decoding=\"async\" width=\"768\" height=\"526\" src=\"https:\/\/mcautocaravanas.com\/wp-content\/uploads\/2025\/07\/VENDIDA-18-768x526.jpg\" class=\"attachment-medium_large size-medium_large wp-image-3808\" alt=\"\" srcset=\"https:\/\/mcautocaravanas.com\/wp-content\/uploads\/2025\/07\/VENDIDA-18-768x526.jpg 768w, https:\/\/mcautocaravanas.com\/wp-content\/uploads\/2025\/07\/VENDIDA-18-300x205.jpg 300w, https:\/\/mcautocaravanas.com\/wp-content\/uploads\/2025\/07\/VENDIDA-18-1024x701.jpg 1024w, https:\/\/mcautocaravanas.com\/wp-content\/uploads\/2025\/07\/VENDIDA-18-18x12.jpg 18w, https:\/\/mcautocaravanas.com\/wp-content\/uploads\/2025\/07\/VENDIDA-18.jpg 1536w\" sizes=\"(max-width: 768px) 100vw, 768px\" \/>\n                            <\/div>\n                    <\/div><div class=\"eael-entry-wrapper\"><header class=\"eael-entry-header\"><h2 class=\"eael-entry-title\"><a class=\"eael-grid-post-link\" href=\"https:\/\/mcautocaravanas.com\/eus\/volkswagen-california\/\" title=\"Volkswagen California\"target=\"_blank\">Volkswagen California<\/a><\/h2><\/header><div class=\"eael-entry-content\">\n                                <div class=\"eael-grid-post-excerpt\"><p>17.900\u20ac 13.500\u20ac...<\/p><a href=\"https:\/\/mcautocaravanas.com\/eus\/volkswagen-california\/\" class=\"eael-post-elements-readmore-btn\"target=\"_blank\">M\u00c1S DETALLES<\/a><\/div>\n                            <\/div><\/div><\/div>\n    <\/div>\n<\/article><article class=\"eael-grid-post  eael-post-grid-column eael-pg-post-3115 category-autocaravanas-y-furgocamper-venta\" data-id=\"3115\">\n    <div class=\"eael-grid-post-holder\">\n        <div class=\"eael-grid-post-holder-inner\"><div class=\"eael-entry-media\"><div class=\"eael-entry-overlay zoom-in\"><i class=\"fas fa-long-arrow-alt-right\" aria-hidden=\"true\"><\/i><a href=\"https:\/\/mcautocaravanas.com\/eus\/volkswagen-multivan-outdoor-corto-2-0-tdi-bmt\/\"target=\"_blank\"><\/a><\/div><div class=\"eael-entry-thumbnail\">\n                            <img loading=\"lazy\" decoding=\"async\" width=\"768\" height=\"526\" src=\"https:\/\/mcautocaravanas.com\/wp-content\/uploads\/2025\/07\/VENDIDA-768x526.png\" class=\"attachment-medium_large size-medium_large wp-image-3661\" alt=\"\" srcset=\"https:\/\/mcautocaravanas.com\/wp-content\/uploads\/2025\/07\/VENDIDA-768x526.png 768w, https:\/\/mcautocaravanas.com\/wp-content\/uploads\/2025\/07\/VENDIDA-300x205.png 300w, https:\/\/mcautocaravanas.com\/wp-content\/uploads\/2025\/07\/VENDIDA-1024x701.png 1024w, https:\/\/mcautocaravanas.com\/wp-content\/uploads\/2025\/07\/VENDIDA-18x12.png 18w, https:\/\/mcautocaravanas.com\/wp-content\/uploads\/2025\/07\/VENDIDA.png 1536w\" sizes=\"(max-width: 768px) 100vw, 768px\" \/>\n                            <\/div>\n                    <\/div><div class=\"eael-entry-wrapper\"><header class=\"eael-entry-header\"><h2 class=\"eael-entry-title\"><a class=\"eael-grid-post-link\" href=\"https:\/\/mcautocaravanas.com\/eus\/volkswagen-multivan-outdoor-corto-2-0-tdi-bmt\/\" title=\"VOLKSWAGEN Multivan Outdoor Corto 2.0 TDI BMT\"target=\"_blank\">VOLKSWAGEN Multivan Outdoor Corto 2.0 TDI BMT<\/a><\/h2><\/header><div class=\"eael-entry-content\">\n                                <div class=\"eael-grid-post-excerpt\"><p>31.000\u20ac 26.900\u20ac...<\/p><a href=\"https:\/\/mcautocaravanas.com\/eus\/volkswagen-multivan-outdoor-corto-2-0-tdi-bmt\/\" class=\"eael-post-elements-readmore-btn\"target=\"_blank\">M\u00c1S DETALLES<\/a><\/div>\n                            <\/div><\/div><\/div>\n    <\/div>\n<\/article><article class=\"eael-grid-post  eael-post-grid-column eael-pg-post-3510 category-autocaravanas-y-furgocamper-venta\" data-id=\"3510\">\n    <div class=\"eael-grid-post-holder\">\n        <div class=\"eael-grid-post-holder-inner\"><div class=\"eael-entry-media\"><div class=\"eael-entry-overlay zoom-in\"><i class=\"fas fa-long-arrow-alt-right\" aria-hidden=\"true\"><\/i><a href=\"https:\/\/mcautocaravanas.com\/eus\/roller-team-autoroller-7\/\"target=\"_blank\"><\/a><\/div><div class=\"eael-entry-thumbnail\">\n                            <img loading=\"lazy\" decoding=\"async\" width=\"768\" height=\"526\" src=\"https:\/\/mcautocaravanas.com\/wp-content\/uploads\/2025\/07\/roller-team-768x526.jpg\" class=\"attachment-medium_large size-medium_large wp-image-5620\" alt=\"\" srcset=\"https:\/\/mcautocaravanas.com\/wp-content\/uploads\/2025\/07\/roller-team-768x526.jpg 768w, https:\/\/mcautocaravanas.com\/wp-content\/uploads\/2025\/07\/roller-team-300x205.jpg 300w, https:\/\/mcautocaravanas.com\/wp-content\/uploads\/2025\/07\/roller-team-1024x701.jpg 1024w, https:\/\/mcautocaravanas.com\/wp-content\/uploads\/2025\/07\/roller-team-18x12.jpg 18w, https:\/\/mcautocaravanas.com\/wp-content\/uploads\/2025\/07\/roller-team.jpg 1536w\" sizes=\"(max-width: 768px) 100vw, 768px\" \/>\n                            <\/div>\n                    <\/div><div class=\"eael-entry-wrapper\"><header class=\"eael-entry-header\"><h2 class=\"eael-entry-title\"><a class=\"eael-grid-post-link\" href=\"https:\/\/mcautocaravanas.com\/eus\/roller-team-autoroller-7\/\" title=\"Roller Team ( AUTOROLLER 7 )\"target=\"_blank\">Roller Team ( AUTOROLLER 7 )<\/a><\/h2><\/header><div class=\"eael-entry-content\">\n                                <div class=\"eael-grid-post-excerpt\"><p>31.000\u20ac 29.000\u20ac...<\/p><a href=\"https:\/\/mcautocaravanas.com\/eus\/roller-team-autoroller-7\/\" class=\"eael-post-elements-readmore-btn\"target=\"_blank\">M\u00c1S DETALLES<\/a><\/div>\n                            <\/div><\/div><\/div>\n    <\/div>\n<\/article><article class=\"eael-grid-post  eael-post-grid-column eael-pg-post-3436 category-autocaravanas-y-furgocamper-venta\" data-id=\"3436\">\n    <div class=\"eael-grid-post-holder\">\n        <div class=\"eael-grid-post-holder-inner\"><div class=\"eael-entry-media\"><div class=\"eael-entry-overlay zoom-in\"><i class=\"fas fa-long-arrow-alt-right\" aria-hidden=\"true\"><\/i><a href=\"https:\/\/mcautocaravanas.com\/eus\/autocaravana-capuchina-roller-team-granduca-10\/\"target=\"_blank\"><\/a><\/div><div class=\"eael-entry-thumbnail\">\n                            <img loading=\"lazy\" decoding=\"async\" width=\"768\" height=\"526\" src=\"https:\/\/mcautocaravanas.com\/wp-content\/uploads\/2025\/06\/VENDIDA-12-768x526.jpg\" class=\"attachment-medium_large size-medium_large wp-image-3509\" alt=\"\" srcset=\"https:\/\/mcautocaravanas.com\/wp-content\/uploads\/2025\/06\/VENDIDA-12-768x526.jpg 768w, https:\/\/mcautocaravanas.com\/wp-content\/uploads\/2025\/06\/VENDIDA-12-300x205.jpg 300w, https:\/\/mcautocaravanas.com\/wp-content\/uploads\/2025\/06\/VENDIDA-12-1024x701.jpg 1024w, https:\/\/mcautocaravanas.com\/wp-content\/uploads\/2025\/06\/VENDIDA-12-18x12.jpg 18w, https:\/\/mcautocaravanas.com\/wp-content\/uploads\/2025\/06\/VENDIDA-12.jpg 1536w\" sizes=\"(max-width: 768px) 100vw, 768px\" \/>\n                            <\/div>\n                    <\/div><div class=\"eael-entry-wrapper\"><header class=\"eael-entry-header\"><h2 class=\"eael-entry-title\"><a class=\"eael-grid-post-link\" href=\"https:\/\/mcautocaravanas.com\/eus\/autocaravana-capuchina-roller-team-granduca-10\/\" title=\"Autocaravana Capuchina ROLLER TEAM Granduca 10\"target=\"_blank\">Autocaravana Capuchina ROLLER TEAM Granduca 10<\/a><\/h2><\/header><div class=\"eael-entry-content\">\n                                <div class=\"eael-grid-post-excerpt\"><p>39.900\u20ac CARACTER\u00cdSTICAS...<\/p><a href=\"https:\/\/mcautocaravanas.com\/eus\/autocaravana-capuchina-roller-team-granduca-10\/\" class=\"eael-post-elements-readmore-btn\"target=\"_blank\">M\u00c1S DETALLES<\/a><\/div>\n                            <\/div><\/div><\/div>\n    <\/div>\n<\/article><\/div>\n            <div class=\"clearfix\"><\/div>\n        <\/div>            <div class=\"eael-load-more-button-wrap eael-infinity-scroll\" data-offset=\"-200\">\n                <button class=\"eael-load-more-button\" id=\"eael-load-more-btn-c8bdd87\" data-widget-id=\"c8bdd87\" data-widget=\"c8bdd87\" data-page-id=\"5624\" data-template=\"{&quot;dir&quot;:&quot;lite&quot;,&quot;file_name&quot;:&quot;two.php&quot;,&quot;name&quot;:&quot;Post-Grid&quot;}\" data-class=\"Essential_Addons_Elementor\\Elements\\Post_Grid\" data-layout=\"grid\" data-page=\"1\" data-args=\"orderby=date&amp;order=desc&amp;ignore_sticky_posts=1&amp;post_status=publish&amp;posts_per_page=30&amp;offset=0&amp;post_type=post\" data-max-page=\"2\">\n                    <span class=\"eael-btn-loader button__loader\"><\/span>\n                    <span class=\"eael_load_more_text\">Cargar m\u00e1s<\/span>\n                <\/button>\n            <\/div>\n            \t\t\t\t<\/div>\n\t\t\t\t<\/div>\n\t\t\t\t\t<\/div>\n\t\t\t\t<\/div>\n\t\t\t\t<\/div>","protected":false},"excerpt":{"rendered":"<p>Fiat Ducato Rapido 946_F Integral 37.000 \u20ac&#8230; M\u00c1S DETALLES Caravana Sterckeman Starlett 490 15.000 \u20ac&#8230; M\u00c1S DETALLES Citroen Jumper 2016 CAMA ISLA 54.000 \u20ac&#8230; M\u00c1S DETALLES Burstner 2 ambientes GMBH PREMIO Life 2024 20.000 \u20ac&#8230; M\u00c1S DETALLES Citro\u00ebn Jumper 2020 GIOTTILINE PRIVILEGE 440 62.000 \u20ac&#8230; M\u00c1S DETALLES FIAT DUCATO PILOTE AVENTURA P-730 46.800 \u20ac&#8230; M\u00c1S [&hellip;]<\/p>\n","protected":false},"author":1,"featured_media":5515,"parent":0,"menu_order":0,"comment_status":"closed","ping_status":"closed","template":"","meta":{"footnotes":""},"class_list":["post-5624","page","type-page","status-publish","has-post-thumbnail","hentry"],"yoast_head":"<!-- This site is optimized with the Yoast SEO plugin v27.5 - https:\/\/yoast.com\/product\/yoast-seo-wordpress\/ -->\n<title>Venta - M.C. Autocaravanas Getxo S.L<\/title>\n<meta name=\"description\" content=\"Aqu\u00ed podr\u00e1s encontrar tu veh\u00edculo ideal para hacer tu pr\u00f3ximo viaje. Autocaravanas, furgonetas y caravanas para todo tipo de personas. Echa un vistazo a nuestro stock y cons\u00faltanos sin ning\u00fan tipo de compromiso.\" \/>\n<meta name=\"robots\" content=\"index, follow, max-snippet:-1, max-image-preview:large, max-video-preview:-1\" \/>\n<link rel=\"canonical\" href=\"https:\/\/mcautocaravanas.com\/eus\/venta-de-autocaravanas\/\" \/>\n<meta property=\"og:locale\" content=\"en_US\" \/>\n<meta property=\"og:type\" content=\"article\" \/>\n<meta property=\"og:title\" content=\"Venta - M.C. Autocaravanas Getxo S.L\" \/>\n<meta property=\"og:description\" content=\"Aqu\u00ed podr\u00e1s encontrar tu veh\u00edculo ideal para hacer tu pr\u00f3ximo viaje. Autocaravanas, furgonetas y caravanas para todo tipo de personas. Echa un vistazo a nuestro stock y cons\u00faltanos sin ning\u00fan tipo de compromiso.\" \/>\n<meta property=\"og:url\" content=\"https:\/\/mcautocaravanas.com\/eus\/venta-de-autocaravanas\/\" \/>\n<meta property=\"og:site_name\" content=\"M.C. Autocaravanas Getxo S.L\" \/>\n<meta property=\"article:modified_time\" content=\"2026-03-22T18:10:58+00:00\" \/>\n<meta property=\"og:image\" content=\"https:\/\/mcautocaravanas.com\/wp-content\/uploads\/2024\/06\/cropped-cropped-cropped-M.C-AUTOCARAVANAS-1-2.png\" \/>\n\t<meta property=\"og:image:width\" content=\"512\" \/>\n\t<meta property=\"og:image:height\" content=\"452\" \/>\n\t<meta property=\"og:image:type\" content=\"image\/png\" \/>\n<meta name=\"twitter:card\" content=\"summary_large_image\" \/>\n<meta name=\"twitter:label1\" content=\"Est. reading time\" \/>\n\t<meta name=\"twitter:data1\" content=\"8 minutua\" \/>\n<script type=\"application\/ld+json\" class=\"yoast-schema-graph\">{\"@context\":\"https:\\\/\\\/schema.org\",\"@graph\":[{\"@type\":\"WebPage\",\"@id\":\"https:\\\/\\\/mcautocaravanas.com\\\/venta-de-autocaravanas\\\/\",\"url\":\"https:\\\/\\\/mcautocaravanas.com\\\/venta-de-autocaravanas\\\/\",\"name\":\"Venta - M.C. Autocaravanas Getxo S.L\",\"isPartOf\":{\"@id\":\"https:\\\/\\\/mcautocaravanas.com\\\/#website\"},\"primaryImageOfPage\":{\"@id\":\"https:\\\/\\\/mcautocaravanas.com\\\/venta-de-autocaravanas\\\/#primaryimage\"},\"image\":{\"@id\":\"https:\\\/\\\/mcautocaravanas.com\\\/venta-de-autocaravanas\\\/#primaryimage\"},\"thumbnailUrl\":\"https:\\\/\\\/mcautocaravanas.com\\\/wp-content\\\/uploads\\\/2024\\\/06\\\/cropped-cropped-cropped-M.C-AUTOCARAVANAS-1-2.png\",\"datePublished\":\"2026-03-16T12:16:20+00:00\",\"dateModified\":\"2026-03-22T18:10:58+00:00\",\"description\":\"Aqu\u00ed podr\u00e1s encontrar tu veh\u00edculo ideal para hacer tu pr\u00f3ximo viaje. Autocaravanas, furgonetas y caravanas para todo tipo de personas. Echa un vistazo a nuestro stock y cons\u00faltanos sin ning\u00fan tipo de compromiso.\",\"breadcrumb\":{\"@id\":\"https:\\\/\\\/mcautocaravanas.com\\\/venta-de-autocaravanas\\\/#breadcrumb\"},\"inLanguage\":\"eu\",\"potentialAction\":[{\"@type\":\"ReadAction\",\"target\":[\"https:\\\/\\\/mcautocaravanas.com\\\/venta-de-autocaravanas\\\/\"]}]},{\"@type\":\"ImageObject\",\"inLanguage\":\"eu\",\"@id\":\"https:\\\/\\\/mcautocaravanas.com\\\/venta-de-autocaravanas\\\/#primaryimage\",\"url\":\"https:\\\/\\\/mcautocaravanas.com\\\/wp-content\\\/uploads\\\/2024\\\/06\\\/cropped-cropped-cropped-M.C-AUTOCARAVANAS-1-2.png\",\"contentUrl\":\"https:\\\/\\\/mcautocaravanas.com\\\/wp-content\\\/uploads\\\/2024\\\/06\\\/cropped-cropped-cropped-M.C-AUTOCARAVANAS-1-2.png\",\"width\":512,\"height\":452},{\"@type\":\"BreadcrumbList\",\"@id\":\"https:\\\/\\\/mcautocaravanas.com\\\/venta-de-autocaravanas\\\/#breadcrumb\",\"itemListElement\":[{\"@type\":\"ListItem\",\"position\":1,\"name\":\"Portada\",\"item\":\"https:\\\/\\\/mcautocaravanas.com\\\/\"},{\"@type\":\"ListItem\",\"position\":2,\"name\":\"Venta\"}]},{\"@type\":\"WebSite\",\"@id\":\"https:\\\/\\\/mcautocaravanas.com\\\/#website\",\"url\":\"https:\\\/\\\/mcautocaravanas.com\\\/\",\"name\":\"M.C. Autocaravanas Getxo S.L\",\"description\":\"\u00bfListo para una aventura inolvidable? En M.C Autocaravanas Getxo, te ofrecemos la oportunidad de explorar el mundo a tu ritmo con nuestras autocaravanas de \u00faltima generaci\u00f3n.\",\"publisher\":{\"@id\":\"https:\\\/\\\/mcautocaravanas.com\\\/#organization\"},\"potentialAction\":[{\"@type\":\"SearchAction\",\"target\":{\"@type\":\"EntryPoint\",\"urlTemplate\":\"https:\\\/\\\/mcautocaravanas.com\\\/?s={search_term_string}\"},\"query-input\":{\"@type\":\"PropertyValueSpecification\",\"valueRequired\":true,\"valueName\":\"search_term_string\"}}],\"inLanguage\":\"eu\"},{\"@type\":\"Organization\",\"@id\":\"https:\\\/\\\/mcautocaravanas.com\\\/#organization\",\"name\":\"M.C. Autocaravanas Getxo S.L\",\"url\":\"https:\\\/\\\/mcautocaravanas.com\\\/\",\"logo\":{\"@type\":\"ImageObject\",\"inLanguage\":\"eu\",\"@id\":\"https:\\\/\\\/mcautocaravanas.com\\\/#\\\/schema\\\/logo\\\/image\\\/\",\"url\":\"https:\\\/\\\/mcautocaravanas.com\\\/wp-content\\\/uploads\\\/2024\\\/06\\\/cropped-cropped-M.C-AUTOCARAVANAS-1-2.png\",\"contentUrl\":\"https:\\\/\\\/mcautocaravanas.com\\\/wp-content\\\/uploads\\\/2024\\\/06\\\/cropped-cropped-M.C-AUTOCARAVANAS-1-2.png\",\"width\":512,\"height\":484,\"caption\":\"M.C. Autocaravanas Getxo S.L\"},\"image\":{\"@id\":\"https:\\\/\\\/mcautocaravanas.com\\\/#\\\/schema\\\/logo\\\/image\\\/\"}}]}<\/script>\n<!-- \/ Yoast SEO plugin. -->","yoast_head_json":{"title":"Venta - M.C. Autocaravanas Getxo S.L","description":"Aqu\u00ed podr\u00e1s encontrar tu veh\u00edculo ideal para hacer tu pr\u00f3ximo viaje. Autocaravanas, furgonetas y caravanas para todo tipo de personas. Echa un vistazo a nuestro stock y cons\u00faltanos sin ning\u00fan tipo de compromiso.","robots":{"index":"index","follow":"follow","max-snippet":"max-snippet:-1","max-image-preview":"max-image-preview:large","max-video-preview":"max-video-preview:-1"},"canonical":"https:\/\/mcautocaravanas.com\/eus\/venta-de-autocaravanas\/","og_locale":"en_US","og_type":"article","og_title":"Venta - M.C. Autocaravanas Getxo S.L","og_description":"Aqu\u00ed podr\u00e1s encontrar tu veh\u00edculo ideal para hacer tu pr\u00f3ximo viaje. Autocaravanas, furgonetas y caravanas para todo tipo de personas. Echa un vistazo a nuestro stock y cons\u00faltanos sin ning\u00fan tipo de compromiso.","og_url":"https:\/\/mcautocaravanas.com\/eus\/venta-de-autocaravanas\/","og_site_name":"M.C. Autocaravanas Getxo S.L","article_modified_time":"2026-03-22T18:10:58+00:00","og_image":[{"width":512,"height":452,"url":"https:\/\/mcautocaravanas.com\/wp-content\/uploads\/2024\/06\/cropped-cropped-cropped-M.C-AUTOCARAVANAS-1-2.png","type":"image\/png"}],"twitter_card":"summary_large_image","twitter_misc":{"Est. reading time":"8 minutua"},"schema":{"@context":"https:\/\/schema.org","@graph":[{"@type":"WebPage","@id":"https:\/\/mcautocaravanas.com\/venta-de-autocaravanas\/","url":"https:\/\/mcautocaravanas.com\/venta-de-autocaravanas\/","name":"Venta - M.C. Autocaravanas Getxo S.L","isPartOf":{"@id":"https:\/\/mcautocaravanas.com\/#website"},"primaryImageOfPage":{"@id":"https:\/\/mcautocaravanas.com\/venta-de-autocaravanas\/#primaryimage"},"image":{"@id":"https:\/\/mcautocaravanas.com\/venta-de-autocaravanas\/#primaryimage"},"thumbnailUrl":"https:\/\/mcautocaravanas.com\/wp-content\/uploads\/2024\/06\/cropped-cropped-cropped-M.C-AUTOCARAVANAS-1-2.png","datePublished":"2026-03-16T12:16:20+00:00","dateModified":"2026-03-22T18:10:58+00:00","description":"Aqu\u00ed podr\u00e1s encontrar tu veh\u00edculo ideal para hacer tu pr\u00f3ximo viaje. Autocaravanas, furgonetas y caravanas para todo tipo de personas. Echa un vistazo a nuestro stock y cons\u00faltanos sin ning\u00fan tipo de compromiso.","breadcrumb":{"@id":"https:\/\/mcautocaravanas.com\/venta-de-autocaravanas\/#breadcrumb"},"inLanguage":"eu","potentialAction":[{"@type":"ReadAction","target":["https:\/\/mcautocaravanas.com\/venta-de-autocaravanas\/"]}]},{"@type":"ImageObject","inLanguage":"eu","@id":"https:\/\/mcautocaravanas.com\/venta-de-autocaravanas\/#primaryimage","url":"https:\/\/mcautocaravanas.com\/wp-content\/uploads\/2024\/06\/cropped-cropped-cropped-M.C-AUTOCARAVANAS-1-2.png","contentUrl":"https:\/\/mcautocaravanas.com\/wp-content\/uploads\/2024\/06\/cropped-cropped-cropped-M.C-AUTOCARAVANAS-1-2.png","width":512,"height":452},{"@type":"BreadcrumbList","@id":"https:\/\/mcautocaravanas.com\/venta-de-autocaravanas\/#breadcrumb","itemListElement":[{"@type":"ListItem","position":1,"name":"Portada","item":"https:\/\/mcautocaravanas.com\/"},{"@type":"ListItem","position":2,"name":"Venta"}]},{"@type":"WebSite","@id":"https:\/\/mcautocaravanas.com\/#website","url":"https:\/\/mcautocaravanas.com\/","name":"M.C. Autocaravanas Getxo S.L","description":"Abentura ahaztezin baterako prest? M.C Autocaravanas Getxon, mundua zure erritmoan esploratzeko aukera eskaintzen dizugu gure azken belaunaldiko autokarabanekin.","publisher":{"@id":"https:\/\/mcautocaravanas.com\/#organization"},"potentialAction":[{"@type":"SearchAction","target":{"@type":"EntryPoint","urlTemplate":"https:\/\/mcautocaravanas.com\/?s={search_term_string}"},"query-input":{"@type":"PropertyValueSpecification","valueRequired":true,"valueName":"search_term_string"}}],"inLanguage":"eu"},{"@type":"Organization","@id":"https:\/\/mcautocaravanas.com\/#organization","name":"M.C. Autocaravanas Getxo S.L","url":"https:\/\/mcautocaravanas.com\/","logo":{"@type":"ImageObject","inLanguage":"eu","@id":"https:\/\/mcautocaravanas.com\/#\/schema\/logo\/image\/","url":"https:\/\/mcautocaravanas.com\/wp-content\/uploads\/2024\/06\/cropped-cropped-M.C-AUTOCARAVANAS-1-2.png","contentUrl":"https:\/\/mcautocaravanas.com\/wp-content\/uploads\/2024\/06\/cropped-cropped-M.C-AUTOCARAVANAS-1-2.png","width":512,"height":484,"caption":"M.C. Autocaravanas Getxo S.L"},"image":{"@id":"https:\/\/mcautocaravanas.com\/#\/schema\/logo\/image\/"}}]}},"_links":{"self":[{"href":"https:\/\/mcautocaravanas.com\/eus\/wp-json\/wp\/v2\/pages\/5624","targetHints":{"allow":["GET"]}}],"collection":[{"href":"https:\/\/mcautocaravanas.com\/eus\/wp-json\/wp\/v2\/pages"}],"about":[{"href":"https:\/\/mcautocaravanas.com\/eus\/wp-json\/wp\/v2\/types\/page"}],"author":[{"embeddable":true,"href":"https:\/\/mcautocaravanas.com\/eus\/wp-json\/wp\/v2\/users\/1"}],"replies":[{"embeddable":true,"href":"https:\/\/mcautocaravanas.com\/eus\/wp-json\/wp\/v2\/comments?post=5624"}],"version-history":[{"count":29,"href":"https:\/\/mcautocaravanas.com\/eus\/wp-json\/wp\/v2\/pages\/5624\/revisions"}],"predecessor-version":[{"id":6035,"href":"https:\/\/mcautocaravanas.com\/eus\/wp-json\/wp\/v2\/pages\/5624\/revisions\/6035"}],"wp:featuredmedia":[{"embeddable":true,"href":"https:\/\/mcautocaravanas.com\/eus\/wp-json\/wp\/v2\/media\/5515"}],"wp:attachment":[{"href":"https:\/\/mcautocaravanas.com\/eus\/wp-json\/wp\/v2\/media?parent=5624"}],"curies":[{"name":"wp","href":"https:\/\/api.w.org\/{rel}","templated":true}]}}