{"id":2767,"date":"2025-04-09T18:45:02","date_gmt":"2025-04-09T18:45:02","guid":{"rendered":"https:\/\/mcautocaravanas.com\/?page_id=2767"},"modified":"2025-05-15T10:26:49","modified_gmt":"2025-05-15T10:26:49","slug":"autocaravana-citroen-jumper-2-0","status":"publish","type":"page","link":"https:\/\/mcautocaravanas.com\/eus\/venta\/autocaravanas-y-furgocamper-de-segunda-mano\/autocaravana-citroen-jumper-2-0\/","title":{"rendered":"Autocaravana Citro\u00ebn Jumper 2.0"},"content":{"rendered":"<div data-elementor-type=\"wp-page\" data-elementor-id=\"2767\" class=\"elementor elementor-2767\" data-elementor-post-type=\"page\">\n\t\t\t\t\t\t<section class=\"elementor-section elementor-top-section elementor-element elementor-element-516c83e2 elementor-section-boxed elementor-section-height-default elementor-section-height-default\" data-id=\"516c83e2\" data-element_type=\"section\" data-e-type=\"section\">\n\t\t\t\t\t\t<div class=\"elementor-container elementor-column-gap-default\">\n\t\t\t\t\t<div class=\"elementor-column elementor-col-50 elementor-top-column elementor-element elementor-element-18e48cc5\" data-id=\"18e48cc5\" data-element_type=\"column\" data-e-type=\"column\">\n\t\t\t<div class=\"elementor-widget-wrap elementor-element-populated\">\n\t\t\t\t\t\t<section class=\"elementor-section elementor-inner-section elementor-element elementor-element-2b04f235 elementor-section-boxed elementor-section-height-default elementor-section-height-default\" data-id=\"2b04f235\" data-element_type=\"section\" data-e-type=\"section\">\n\t\t\t\t\t\t<div class=\"elementor-container elementor-column-gap-no\">\n\t\t\t\t\t<div class=\"elementor-column elementor-col-50 elementor-inner-column elementor-element elementor-element-35160016\" data-id=\"35160016\" data-element_type=\"column\" data-e-type=\"column\">\n\t\t\t<div class=\"elementor-widget-wrap elementor-element-populated\">\n\t\t\t\t\t\t<div class=\"elementor-element elementor-element-6dd5fe65 elementor-widget__width-initial elementor-widget elementor-widget-heading\" data-id=\"6dd5fe65\" data-element_type=\"widget\" data-e-type=\"widget\" data-widget_type=\"heading.default\">\n\t\t\t\t<div class=\"elementor-widget-container\">\n\t\t\t\t\t<h2 class=\"elementor-heading-title elementor-size-default\">Autocaravana Citro\u00ebn Jumper 2.0<\/h2>\t\t\t\t<\/div>\n\t\t\t\t<\/div>\n\t\t\t\t\t<\/div>\n\t\t<\/div>\n\t\t\t\t<div class=\"elementor-column elementor-col-50 elementor-inner-column elementor-element elementor-element-2adb5a52\" data-id=\"2adb5a52\" data-element_type=\"column\" data-e-type=\"column\">\n\t\t\t<div class=\"elementor-widget-wrap elementor-element-populated\">\n\t\t\t\t\t\t<div class=\"elementor-element elementor-element-353a3315 elementor-widget elementor-widget-heading\" data-id=\"353a3315\" data-element_type=\"widget\" data-e-type=\"widget\" data-widget_type=\"heading.default\">\n\t\t\t\t<div class=\"elementor-widget-container\">\n\t\t\t\t\t<h4 class=\"elementor-heading-title elementor-size-default\">49.000 \u20ac<\/h4>\t\t\t\t<\/div>\n\t\t\t\t<\/div>\n\t\t\t\t\t<\/div>\n\t\t<\/div>\n\t\t\t\t\t<\/div>\n\t\t<\/section>\n\t\t\t\t<div class=\"elementor-element elementor-element-40445a4d elementor-widget elementor-widget-image\" data-id=\"40445a4d\" data-element_type=\"widget\" data-e-type=\"widget\" data-widget_type=\"image.default\">\n\t\t\t\t<div class=\"elementor-widget-container\">\n\t\t\t\t\t\t\t\t\t\t\t\t\t\t\t<img fetchpriority=\"high\" decoding=\"async\" width=\"1536\" height=\"1052\" src=\"https:\/\/mcautocaravanas.com\/wp-content\/uploads\/2025\/05\/VENDIDA.jpg\" class=\"attachment-full size-full wp-image-2982\" alt=\"\" srcset=\"https:\/\/mcautocaravanas.com\/wp-content\/uploads\/2025\/05\/VENDIDA.jpg 1536w, https:\/\/mcautocaravanas.com\/wp-content\/uploads\/2025\/05\/VENDIDA-300x205.jpg 300w, https:\/\/mcautocaravanas.com\/wp-content\/uploads\/2025\/05\/VENDIDA-1024x701.jpg 1024w, https:\/\/mcautocaravanas.com\/wp-content\/uploads\/2025\/05\/VENDIDA-768x526.jpg 768w, https:\/\/mcautocaravanas.com\/wp-content\/uploads\/2025\/05\/VENDIDA-18x12.jpg 18w\" sizes=\"(max-width: 1536px) 100vw, 1536px\" \/>\t\t\t\t\t\t\t\t\t\t\t\t\t\t\t<\/div>\n\t\t\t\t<\/div>\n\t\t\t\t<section class=\"elementor-section elementor-inner-section elementor-element elementor-element-4f47cfbb elementor-section-boxed elementor-section-height-default elementor-section-height-default\" data-id=\"4f47cfbb\" data-element_type=\"section\" data-e-type=\"section\">\n\t\t\t\t\t\t<div class=\"elementor-container elementor-column-gap-no\">\n\t\t\t\t\t<div class=\"elementor-column elementor-col-100 elementor-inner-column elementor-element elementor-element-36847d44\" data-id=\"36847d44\" data-element_type=\"column\" data-e-type=\"column\">\n\t\t\t<div class=\"elementor-widget-wrap elementor-element-populated\">\n\t\t\t\t\t\t<div class=\"elementor-element elementor-element-6513075 elementor-widget elementor-widget-gallery\" data-id=\"6513075\" data-element_type=\"widget\" data-e-type=\"widget\" data-settings=\"{&quot;gallery_layout&quot;:&quot;grid&quot;,&quot;columns&quot;:4,&quot;columns_tablet&quot;:2,&quot;columns_mobile&quot;:1,&quot;gap&quot;:{&quot;unit&quot;:&quot;px&quot;,&quot;size&quot;:10,&quot;sizes&quot;:[]},&quot;gap_tablet&quot;:{&quot;unit&quot;:&quot;px&quot;,&quot;size&quot;:10,&quot;sizes&quot;:[]},&quot;gap_mobile&quot;:{&quot;unit&quot;:&quot;px&quot;,&quot;size&quot;:10,&quot;sizes&quot;:[]},&quot;link_to&quot;:&quot;file&quot;,&quot;aspect_ratio&quot;:&quot;3:2&quot;,&quot;overlay_background&quot;:&quot;yes&quot;,&quot;content_hover_animation&quot;:&quot;fade-in&quot;}\" data-widget_type=\"gallery.default\">\n\t\t\t\t<div class=\"elementor-widget-container\">\n\t\t\t\t\t\t\t<div class=\"elementor-gallery__container\">\n\t\t\t\t\t\t\t<a class=\"e-gallery-item elementor-gallery-item elementor-animated-content\" href=\"https:\/\/mcautocaravanas.com\/wp-content\/uploads\/2025\/04\/WhatsApp-Image-2025-04-08-at-12.44.16-1.jpeg\" data-elementor-open-lightbox=\"yes\" data-elementor-lightbox-slideshow=\"6513075\" data-elementor-lightbox-title=\"Autocaravana Citro\u00ebn Jumper 2.0 hdi 130 cv\" data-elementor-lightbox-description=\"Autocaravana Citro\u00ebn Jumper 2.0 hdi 130 cv\" data-e-action-hash=\"#elementor-action%3Aaction%3Dlightbox%26settings%3DeyJpZCI6Mjc3MiwidXJsIjoiaHR0cHM6XC9cL21jYXV0b2NhcmF2YW5hcy5jb21cL3dwLWNvbnRlbnRcL3VwbG9hZHNcLzIwMjVcLzA0XC9XaGF0c0FwcC1JbWFnZS0yMDI1LTA0LTA4LWF0LTEyLjQ0LjE2LTEuanBlZyIsInNsaWRlc2hvdyI6IjY1MTMwNzUifQ%3D%3D\">\n\t\t\t\t\t<div class=\"e-gallery-image elementor-gallery-item__image\" data-thumbnail=\"https:\/\/mcautocaravanas.com\/wp-content\/uploads\/2025\/04\/WhatsApp-Image-2025-04-08-at-12.44.16-1.jpeg\" data-width=\"1200\" data-height=\"1600\" aria-label=\"Autocaravana Citro\u00ebn Jumper 2.0 hdi 130 cv\" role=\"img\" ><\/div>\n\t\t\t\t\t\t\t\t\t\t\t<div class=\"elementor-gallery-item__overlay\"><\/div>\n\t\t\t\t\t\t\t\t\t\t\t\t\t\t<\/a>\n\t\t\t\t\t\t\t<a class=\"e-gallery-item elementor-gallery-item elementor-animated-content\" href=\"https:\/\/mcautocaravanas.com\/wp-content\/uploads\/2025\/04\/WhatsApp-Image-2025-04-08-at-12.44.17-1.jpeg\" data-elementor-open-lightbox=\"yes\" data-elementor-lightbox-slideshow=\"6513075\" data-elementor-lightbox-title=\"Autocaravana Citro\u00ebn Jumper 2.0 hdi 130 cv\" data-elementor-lightbox-description=\"Autocaravana Citro\u00ebn Jumper 2.0 hdi 130 cv\" data-e-action-hash=\"#elementor-action%3Aaction%3Dlightbox%26settings%3DeyJpZCI6Mjc3NCwidXJsIjoiaHR0cHM6XC9cL21jYXV0b2NhcmF2YW5hcy5jb21cL3dwLWNvbnRlbnRcL3VwbG9hZHNcLzIwMjVcLzA0XC9XaGF0c0FwcC1JbWFnZS0yMDI1LTA0LTA4LWF0LTEyLjQ0LjE3LTEuanBlZyIsInNsaWRlc2hvdyI6IjY1MTMwNzUifQ%3D%3D\">\n\t\t\t\t\t<div class=\"e-gallery-image elementor-gallery-item__image\" data-thumbnail=\"https:\/\/mcautocaravanas.com\/wp-content\/uploads\/2025\/04\/WhatsApp-Image-2025-04-08-at-12.44.17-1.jpeg\" data-width=\"1600\" data-height=\"1200\" aria-label=\"Autocaravana Citro\u00ebn Jumper 2.0 hdi 130 cv\" role=\"img\" ><\/div>\n\t\t\t\t\t\t\t\t\t\t\t<div class=\"elementor-gallery-item__overlay\"><\/div>\n\t\t\t\t\t\t\t\t\t\t\t\t\t\t<\/a>\n\t\t\t\t\t\t\t<a class=\"e-gallery-item elementor-gallery-item elementor-animated-content\" href=\"https:\/\/mcautocaravanas.com\/wp-content\/uploads\/2025\/04\/WhatsApp-Image-2025-04-08-at-12.44.17-2.jpeg\" data-elementor-open-lightbox=\"yes\" data-elementor-lightbox-slideshow=\"6513075\" data-elementor-lightbox-title=\"Autocaravana Citro\u00ebn Jumper 2.0 hdi 130 cv\" data-elementor-lightbox-description=\"Autocaravana Citro\u00ebn Jumper 2.0 hdi 130 cv\" data-e-action-hash=\"#elementor-action%3Aaction%3Dlightbox%26settings%3DeyJpZCI6Mjc3NSwidXJsIjoiaHR0cHM6XC9cL21jYXV0b2NhcmF2YW5hcy5jb21cL3dwLWNvbnRlbnRcL3VwbG9hZHNcLzIwMjVcLzA0XC9XaGF0c0FwcC1JbWFnZS0yMDI1LTA0LTA4LWF0LTEyLjQ0LjE3LTIuanBlZyIsInNsaWRlc2hvdyI6IjY1MTMwNzUifQ%3D%3D\">\n\t\t\t\t\t<div class=\"e-gallery-image elementor-gallery-item__image\" data-thumbnail=\"https:\/\/mcautocaravanas.com\/wp-content\/uploads\/2025\/04\/WhatsApp-Image-2025-04-08-at-12.44.17-2.jpeg\" data-width=\"1200\" data-height=\"1600\" aria-label=\"Autocaravana Citro\u00ebn Jumper 2.0 hdi 130 cv\" role=\"img\" ><\/div>\n\t\t\t\t\t\t\t\t\t\t\t<div class=\"elementor-gallery-item__overlay\"><\/div>\n\t\t\t\t\t\t\t\t\t\t\t\t\t\t<\/a>\n\t\t\t\t\t\t\t<a class=\"e-gallery-item elementor-gallery-item elementor-animated-content\" href=\"https:\/\/mcautocaravanas.com\/wp-content\/uploads\/2025\/04\/WhatsApp-Image-2025-04-08-at-12.44.17-3.jpeg\" data-elementor-open-lightbox=\"yes\" data-elementor-lightbox-slideshow=\"6513075\" data-elementor-lightbox-title=\"Autocaravana Citro\u00ebn Jumper 2.0 hdi 130 cv\" data-elementor-lightbox-description=\"Autocaravana Citro\u00ebn Jumper 2.0 hdi 130 cv\" data-e-action-hash=\"#elementor-action%3Aaction%3Dlightbox%26settings%3DeyJpZCI6Mjc3NiwidXJsIjoiaHR0cHM6XC9cL21jYXV0b2NhcmF2YW5hcy5jb21cL3dwLWNvbnRlbnRcL3VwbG9hZHNcLzIwMjVcLzA0XC9XaGF0c0FwcC1JbWFnZS0yMDI1LTA0LTA4LWF0LTEyLjQ0LjE3LTMuanBlZyIsInNsaWRlc2hvdyI6IjY1MTMwNzUifQ%3D%3D\">\n\t\t\t\t\t<div class=\"e-gallery-image elementor-gallery-item__image\" data-thumbnail=\"https:\/\/mcautocaravanas.com\/wp-content\/uploads\/2025\/04\/WhatsApp-Image-2025-04-08-at-12.44.17-3.jpeg\" data-width=\"1200\" data-height=\"1600\" aria-label=\"Autocaravana Citro\u00ebn Jumper 2.0 hdi 130 cv\" role=\"img\" ><\/div>\n\t\t\t\t\t\t\t\t\t\t\t<div class=\"elementor-gallery-item__overlay\"><\/div>\n\t\t\t\t\t\t\t\t\t\t\t\t\t\t<\/a>\n\t\t\t\t\t\t\t<a class=\"e-gallery-item elementor-gallery-item elementor-animated-content\" href=\"https:\/\/mcautocaravanas.com\/wp-content\/uploads\/2025\/04\/WhatsApp-Image-2025-04-08-at-12.44.17-4.jpeg\" data-elementor-open-lightbox=\"yes\" data-elementor-lightbox-slideshow=\"6513075\" data-elementor-lightbox-title=\"Autocaravana Citro\u00ebn Jumper 2.0 hdi 130 cv\" data-elementor-lightbox-description=\"Autocaravana Citro\u00ebn Jumper 2.0 hdi 130 cv\" data-e-action-hash=\"#elementor-action%3Aaction%3Dlightbox%26settings%3DeyJpZCI6Mjc3NywidXJsIjoiaHR0cHM6XC9cL21jYXV0b2NhcmF2YW5hcy5jb21cL3dwLWNvbnRlbnRcL3VwbG9hZHNcLzIwMjVcLzA0XC9XaGF0c0FwcC1JbWFnZS0yMDI1LTA0LTA4LWF0LTEyLjQ0LjE3LTQuanBlZyIsInNsaWRlc2hvdyI6IjY1MTMwNzUifQ%3D%3D\">\n\t\t\t\t\t<div class=\"e-gallery-image elementor-gallery-item__image\" data-thumbnail=\"https:\/\/mcautocaravanas.com\/wp-content\/uploads\/2025\/04\/WhatsApp-Image-2025-04-08-at-12.44.17-4.jpeg\" data-width=\"1600\" data-height=\"1200\" aria-label=\"Autocaravana Citro\u00ebn Jumper 2.0 hdi 130 cv\" role=\"img\" ><\/div>\n\t\t\t\t\t\t\t\t\t\t\t<div class=\"elementor-gallery-item__overlay\"><\/div>\n\t\t\t\t\t\t\t\t\t\t\t\t\t\t<\/a>\n\t\t\t\t\t\t\t<a class=\"e-gallery-item elementor-gallery-item elementor-animated-content\" href=\"https:\/\/mcautocaravanas.com\/wp-content\/uploads\/2025\/04\/WhatsApp-Image-2025-04-08-at-12.44.17-5.jpeg\" data-elementor-open-lightbox=\"yes\" data-elementor-lightbox-slideshow=\"6513075\" data-elementor-lightbox-title=\"Autocaravana Citro\u00ebn Jumper 2.0 hdi 130 cv\" data-elementor-lightbox-description=\"Autocaravana Citro\u00ebn Jumper 2.0 hdi 130 cv\" data-e-action-hash=\"#elementor-action%3Aaction%3Dlightbox%26settings%3DeyJpZCI6Mjc3OCwidXJsIjoiaHR0cHM6XC9cL21jYXV0b2NhcmF2YW5hcy5jb21cL3dwLWNvbnRlbnRcL3VwbG9hZHNcLzIwMjVcLzA0XC9XaGF0c0FwcC1JbWFnZS0yMDI1LTA0LTA4LWF0LTEyLjQ0LjE3LTUuanBlZyIsInNsaWRlc2hvdyI6IjY1MTMwNzUifQ%3D%3D\">\n\t\t\t\t\t<div class=\"e-gallery-image elementor-gallery-item__image\" data-thumbnail=\"https:\/\/mcautocaravanas.com\/wp-content\/uploads\/2025\/04\/WhatsApp-Image-2025-04-08-at-12.44.17-5.jpeg\" data-width=\"1600\" data-height=\"1200\" aria-label=\"Autocaravana Citro\u00ebn Jumper 2.0 hdi 130 cv\" role=\"img\" ><\/div>\n\t\t\t\t\t\t\t\t\t\t\t<div class=\"elementor-gallery-item__overlay\"><\/div>\n\t\t\t\t\t\t\t\t\t\t\t\t\t\t<\/a>\n\t\t\t\t\t\t\t<a class=\"e-gallery-item elementor-gallery-item elementor-animated-content\" href=\"https:\/\/mcautocaravanas.com\/wp-content\/uploads\/2025\/04\/WhatsApp-Image-2025-04-08-at-12.44.18-1.jpeg\" data-elementor-open-lightbox=\"yes\" data-elementor-lightbox-slideshow=\"6513075\" data-elementor-lightbox-title=\"Autocaravana Citro\u00ebn Jumper 2.0 hdi 130 cv\" data-elementor-lightbox-description=\"Autocaravana Citro\u00ebn Jumper 2.0 hdi 130 cv\" data-e-action-hash=\"#elementor-action%3Aaction%3Dlightbox%26settings%3DeyJpZCI6Mjc3OSwidXJsIjoiaHR0cHM6XC9cL21jYXV0b2NhcmF2YW5hcy5jb21cL3dwLWNvbnRlbnRcL3VwbG9hZHNcLzIwMjVcLzA0XC9XaGF0c0FwcC1JbWFnZS0yMDI1LTA0LTA4LWF0LTEyLjQ0LjE4LTEuanBlZyIsInNsaWRlc2hvdyI6IjY1MTMwNzUifQ%3D%3D\">\n\t\t\t\t\t<div class=\"e-gallery-image elementor-gallery-item__image\" data-thumbnail=\"https:\/\/mcautocaravanas.com\/wp-content\/uploads\/2025\/04\/WhatsApp-Image-2025-04-08-at-12.44.18-1.jpeg\" data-width=\"1200\" data-height=\"1600\" aria-label=\"Autocaravana Citro\u00ebn Jumper 2.0 hdi 130 cv\" role=\"img\" ><\/div>\n\t\t\t\t\t\t\t\t\t\t\t<div class=\"elementor-gallery-item__overlay\"><\/div>\n\t\t\t\t\t\t\t\t\t\t\t\t\t\t<\/a>\n\t\t\t\t\t\t\t<a class=\"e-gallery-item elementor-gallery-item elementor-animated-content\" href=\"https:\/\/mcautocaravanas.com\/wp-content\/uploads\/2025\/04\/WhatsApp-Image-2025-04-08-at-12.44.18-2.jpeg\" data-elementor-open-lightbox=\"yes\" data-elementor-lightbox-slideshow=\"6513075\" data-elementor-lightbox-title=\"Autocaravana Citro\u00ebn Jumper 2.0 hdi 130 cv\" data-elementor-lightbox-description=\"Autocaravana Citro\u00ebn Jumper 2.0 hdi 130 cv\" data-e-action-hash=\"#elementor-action%3Aaction%3Dlightbox%26settings%3DeyJpZCI6Mjc4MCwidXJsIjoiaHR0cHM6XC9cL21jYXV0b2NhcmF2YW5hcy5jb21cL3dwLWNvbnRlbnRcL3VwbG9hZHNcLzIwMjVcLzA0XC9XaGF0c0FwcC1JbWFnZS0yMDI1LTA0LTA4LWF0LTEyLjQ0LjE4LTIuanBlZyIsInNsaWRlc2hvdyI6IjY1MTMwNzUifQ%3D%3D\">\n\t\t\t\t\t<div class=\"e-gallery-image elementor-gallery-item__image\" data-thumbnail=\"https:\/\/mcautocaravanas.com\/wp-content\/uploads\/2025\/04\/WhatsApp-Image-2025-04-08-at-12.44.18-2.jpeg\" data-width=\"1600\" data-height=\"1200\" aria-label=\"Autocaravana Citro\u00ebn Jumper 2.0 hdi 130 cv\" role=\"img\" ><\/div>\n\t\t\t\t\t\t\t\t\t\t\t<div class=\"elementor-gallery-item__overlay\"><\/div>\n\t\t\t\t\t\t\t\t\t\t\t\t\t\t<\/a>\n\t\t\t\t\t\t\t<a class=\"e-gallery-item elementor-gallery-item elementor-animated-content\" href=\"https:\/\/mcautocaravanas.com\/wp-content\/uploads\/2025\/04\/WhatsApp-Image-2025-04-08-at-12.44.18-3.jpeg\" data-elementor-open-lightbox=\"yes\" data-elementor-lightbox-slideshow=\"6513075\" data-elementor-lightbox-title=\"Autocaravana Citro\u00ebn Jumper 2.0 hdi 130 cv\" data-elementor-lightbox-description=\"Autocaravana Citro\u00ebn Jumper 2.0 hdi 130 cv\" data-e-action-hash=\"#elementor-action%3Aaction%3Dlightbox%26settings%3DeyJpZCI6Mjc4MSwidXJsIjoiaHR0cHM6XC9cL21jYXV0b2NhcmF2YW5hcy5jb21cL3dwLWNvbnRlbnRcL3VwbG9hZHNcLzIwMjVcLzA0XC9XaGF0c0FwcC1JbWFnZS0yMDI1LTA0LTA4LWF0LTEyLjQ0LjE4LTMuanBlZyIsInNsaWRlc2hvdyI6IjY1MTMwNzUifQ%3D%3D\">\n\t\t\t\t\t<div class=\"e-gallery-image elementor-gallery-item__image\" data-thumbnail=\"https:\/\/mcautocaravanas.com\/wp-content\/uploads\/2025\/04\/WhatsApp-Image-2025-04-08-at-12.44.18-3.jpeg\" data-width=\"1600\" data-height=\"1200\" aria-label=\"Autocaravana Citro\u00ebn Jumper 2.0 hdi 130 cv\" role=\"img\" ><\/div>\n\t\t\t\t\t\t\t\t\t\t\t<div class=\"elementor-gallery-item__overlay\"><\/div>\n\t\t\t\t\t\t\t\t\t\t\t\t\t\t<\/a>\n\t\t\t\t\t\t\t<a class=\"e-gallery-item elementor-gallery-item elementor-animated-content\" href=\"https:\/\/mcautocaravanas.com\/wp-content\/uploads\/2025\/04\/WhatsApp-Image-2025-04-08-at-12.44.18-4.jpeg\" data-elementor-open-lightbox=\"yes\" data-elementor-lightbox-slideshow=\"6513075\" data-elementor-lightbox-title=\"Autocaravana Citro\u00ebn Jumper 2.0 hdi 130 cv\" data-elementor-lightbox-description=\"Autocaravana Citro\u00ebn Jumper 2.0 hdi 130 cv\" data-e-action-hash=\"#elementor-action%3Aaction%3Dlightbox%26settings%3DeyJpZCI6Mjc4MiwidXJsIjoiaHR0cHM6XC9cL21jYXV0b2NhcmF2YW5hcy5jb21cL3dwLWNvbnRlbnRcL3VwbG9hZHNcLzIwMjVcLzA0XC9XaGF0c0FwcC1JbWFnZS0yMDI1LTA0LTA4LWF0LTEyLjQ0LjE4LTQuanBlZyIsInNsaWRlc2hvdyI6IjY1MTMwNzUifQ%3D%3D\">\n\t\t\t\t\t<div class=\"e-gallery-image elementor-gallery-item__image\" data-thumbnail=\"https:\/\/mcautocaravanas.com\/wp-content\/uploads\/2025\/04\/WhatsApp-Image-2025-04-08-at-12.44.18-4.jpeg\" data-width=\"1600\" data-height=\"1200\" aria-label=\"Autocaravana Citro\u00ebn Jumper 2.0 hdi 130 cv\" role=\"img\" ><\/div>\n\t\t\t\t\t\t\t\t\t\t\t<div class=\"elementor-gallery-item__overlay\"><\/div>\n\t\t\t\t\t\t\t\t\t\t\t\t\t\t<\/a>\n\t\t\t\t\t\t\t<a class=\"e-gallery-item elementor-gallery-item elementor-animated-content\" href=\"https:\/\/mcautocaravanas.com\/wp-content\/uploads\/2025\/04\/WhatsApp-Image-2025-04-08-at-12.44.18.jpeg\" data-elementor-open-lightbox=\"yes\" data-elementor-lightbox-slideshow=\"6513075\" data-elementor-lightbox-title=\"Autocaravana Citro\u00ebn Jumper 2.0 hdi 130 cv\" data-elementor-lightbox-description=\"Autocaravana Citro\u00ebn Jumper 2.0 hdi 130 cv\" data-e-action-hash=\"#elementor-action%3Aaction%3Dlightbox%26settings%3DeyJpZCI6Mjc4MywidXJsIjoiaHR0cHM6XC9cL21jYXV0b2NhcmF2YW5hcy5jb21cL3dwLWNvbnRlbnRcL3VwbG9hZHNcLzIwMjVcLzA0XC9XaGF0c0FwcC1JbWFnZS0yMDI1LTA0LTA4LWF0LTEyLjQ0LjE4LmpwZWciLCJzbGlkZXNob3ciOiI2NTEzMDc1In0%3D\">\n\t\t\t\t\t<div class=\"e-gallery-image elementor-gallery-item__image\" data-thumbnail=\"https:\/\/mcautocaravanas.com\/wp-content\/uploads\/2025\/04\/WhatsApp-Image-2025-04-08-at-12.44.18.jpeg\" data-width=\"1200\" data-height=\"1600\" aria-label=\"Autocaravana Citro\u00ebn Jumper 2.0 hdi 130 cv\" role=\"img\" ><\/div>\n\t\t\t\t\t\t\t\t\t\t\t<div class=\"elementor-gallery-item__overlay\"><\/div>\n\t\t\t\t\t\t\t\t\t\t\t\t\t\t<\/a>\n\t\t\t\t\t\t\t<a class=\"e-gallery-item elementor-gallery-item elementor-animated-content\" href=\"https:\/\/mcautocaravanas.com\/wp-content\/uploads\/2025\/04\/WhatsApp-Image-2025-04-08-at-12.44.19-1.jpeg\" data-elementor-open-lightbox=\"yes\" data-elementor-lightbox-slideshow=\"6513075\" data-elementor-lightbox-title=\"Autocaravana Citro\u00ebn Jumper 2.0 hdi 130 cv\" data-elementor-lightbox-description=\"Autocaravana Citro\u00ebn Jumper 2.0 hdi 130 cv\" data-e-action-hash=\"#elementor-action%3Aaction%3Dlightbox%26settings%3DeyJpZCI6Mjc4NCwidXJsIjoiaHR0cHM6XC9cL21jYXV0b2NhcmF2YW5hcy5jb21cL3dwLWNvbnRlbnRcL3VwbG9hZHNcLzIwMjVcLzA0XC9XaGF0c0FwcC1JbWFnZS0yMDI1LTA0LTA4LWF0LTEyLjQ0LjE5LTEuanBlZyIsInNsaWRlc2hvdyI6IjY1MTMwNzUifQ%3D%3D\">\n\t\t\t\t\t<div class=\"e-gallery-image elementor-gallery-item__image\" data-thumbnail=\"https:\/\/mcautocaravanas.com\/wp-content\/uploads\/2025\/04\/WhatsApp-Image-2025-04-08-at-12.44.19-1.jpeg\" data-width=\"1200\" data-height=\"1600\" aria-label=\"Autocaravana Citro\u00ebn Jumper 2.0 hdi 130 cv\" role=\"img\" ><\/div>\n\t\t\t\t\t\t\t\t\t\t\t<div class=\"elementor-gallery-item__overlay\"><\/div>\n\t\t\t\t\t\t\t\t\t\t\t\t\t\t<\/a>\n\t\t\t\t\t\t\t<a class=\"e-gallery-item elementor-gallery-item elementor-animated-content\" href=\"https:\/\/mcautocaravanas.com\/wp-content\/uploads\/2025\/04\/WhatsApp-Image-2025-04-08-at-12.44.19-2.jpeg\" data-elementor-open-lightbox=\"yes\" data-elementor-lightbox-slideshow=\"6513075\" data-elementor-lightbox-title=\"Autocaravana Citro\u00ebn Jumper 2.0 hdi 130 cv\" data-elementor-lightbox-description=\"Autocaravana Citro\u00ebn Jumper 2.0 hdi 130 cv\" data-e-action-hash=\"#elementor-action%3Aaction%3Dlightbox%26settings%3DeyJpZCI6Mjc4NSwidXJsIjoiaHR0cHM6XC9cL21jYXV0b2NhcmF2YW5hcy5jb21cL3dwLWNvbnRlbnRcL3VwbG9hZHNcLzIwMjVcLzA0XC9XaGF0c0FwcC1JbWFnZS0yMDI1LTA0LTA4LWF0LTEyLjQ0LjE5LTIuanBlZyIsInNsaWRlc2hvdyI6IjY1MTMwNzUifQ%3D%3D\">\n\t\t\t\t\t<div class=\"e-gallery-image elementor-gallery-item__image\" data-thumbnail=\"https:\/\/mcautocaravanas.com\/wp-content\/uploads\/2025\/04\/WhatsApp-Image-2025-04-08-at-12.44.19-2.jpeg\" data-width=\"1200\" data-height=\"1600\" aria-label=\"Autocaravana Citro\u00ebn Jumper 2.0 hdi 130 cv\" role=\"img\" ><\/div>\n\t\t\t\t\t\t\t\t\t\t\t<div class=\"elementor-gallery-item__overlay\"><\/div>\n\t\t\t\t\t\t\t\t\t\t\t\t\t\t<\/a>\n\t\t\t\t\t\t\t<a class=\"e-gallery-item elementor-gallery-item elementor-animated-content\" href=\"https:\/\/mcautocaravanas.com\/wp-content\/uploads\/2025\/04\/WhatsApp-Image-2025-04-08-at-12.44.19-3.jpeg\" data-elementor-open-lightbox=\"yes\" data-elementor-lightbox-slideshow=\"6513075\" data-elementor-lightbox-title=\"Autocaravana Citro\u00ebn Jumper 2.0 hdi 130 cv\" data-elementor-lightbox-description=\"Autocaravana Citro\u00ebn Jumper 2.0 hdi 130 cv\" data-e-action-hash=\"#elementor-action%3Aaction%3Dlightbox%26settings%3DeyJpZCI6Mjc4NiwidXJsIjoiaHR0cHM6XC9cL21jYXV0b2NhcmF2YW5hcy5jb21cL3dwLWNvbnRlbnRcL3VwbG9hZHNcLzIwMjVcLzA0XC9XaGF0c0FwcC1JbWFnZS0yMDI1LTA0LTA4LWF0LTEyLjQ0LjE5LTMuanBlZyIsInNsaWRlc2hvdyI6IjY1MTMwNzUifQ%3D%3D\">\n\t\t\t\t\t<div class=\"e-gallery-image elementor-gallery-item__image\" data-thumbnail=\"https:\/\/mcautocaravanas.com\/wp-content\/uploads\/2025\/04\/WhatsApp-Image-2025-04-08-at-12.44.19-3.jpeg\" data-width=\"1200\" data-height=\"1600\" aria-label=\"Autocaravana Citro\u00ebn Jumper 2.0 hdi 130 cv\" role=\"img\" ><\/div>\n\t\t\t\t\t\t\t\t\t\t\t<div class=\"elementor-gallery-item__overlay\"><\/div>\n\t\t\t\t\t\t\t\t\t\t\t\t\t\t<\/a>\n\t\t\t\t\t\t\t<a class=\"e-gallery-item elementor-gallery-item elementor-animated-content\" href=\"https:\/\/mcautocaravanas.com\/wp-content\/uploads\/2025\/04\/WhatsApp-Image-2025-04-08-at-12.44.19-4.jpeg\" data-elementor-open-lightbox=\"yes\" data-elementor-lightbox-slideshow=\"6513075\" data-elementor-lightbox-title=\"Autocaravana Citro\u00ebn Jumper 2.0 hdi 130 cv\" data-e-action-hash=\"#elementor-action%3Aaction%3Dlightbox%26settings%3DeyJpZCI6Mjc4NywidXJsIjoiaHR0cHM6XC9cL21jYXV0b2NhcmF2YW5hcy5jb21cL3dwLWNvbnRlbnRcL3VwbG9hZHNcLzIwMjVcLzA0XC9XaGF0c0FwcC1JbWFnZS0yMDI1LTA0LTA4LWF0LTEyLjQ0LjE5LTQuanBlZyIsInNsaWRlc2hvdyI6IjY1MTMwNzUifQ%3D%3D\">\n\t\t\t\t\t<div class=\"e-gallery-image elementor-gallery-item__image\" data-thumbnail=\"https:\/\/mcautocaravanas.com\/wp-content\/uploads\/2025\/04\/WhatsApp-Image-2025-04-08-at-12.44.19-4.jpeg\" data-width=\"1200\" data-height=\"1600\" aria-label=\"Autocaravana Citro\u00ebn Jumper 2.0 hdi 130 cv\" role=\"img\" ><\/div>\n\t\t\t\t\t\t\t\t\t\t\t<div class=\"elementor-gallery-item__overlay\"><\/div>\n\t\t\t\t\t\t\t\t\t\t\t\t\t\t<\/a>\n\t\t\t\t\t\t\t<a class=\"e-gallery-item elementor-gallery-item elementor-animated-content\" href=\"https:\/\/mcautocaravanas.com\/wp-content\/uploads\/2025\/04\/WhatsApp-Image-2025-04-08-at-12.44.19.jpeg\" data-elementor-open-lightbox=\"yes\" data-elementor-lightbox-slideshow=\"6513075\" data-elementor-lightbox-title=\"Autocaravana Citro\u00ebn Jumper 2.0 hdi 130 cv\" data-elementor-lightbox-description=\"Autocaravana Citro\u00ebn Jumper 2.0 hdi 130 cv\" data-e-action-hash=\"#elementor-action%3Aaction%3Dlightbox%26settings%3DeyJpZCI6Mjc4OCwidXJsIjoiaHR0cHM6XC9cL21jYXV0b2NhcmF2YW5hcy5jb21cL3dwLWNvbnRlbnRcL3VwbG9hZHNcLzIwMjVcLzA0XC9XaGF0c0FwcC1JbWFnZS0yMDI1LTA0LTA4LWF0LTEyLjQ0LjE5LmpwZWciLCJzbGlkZXNob3ciOiI2NTEzMDc1In0%3D\">\n\t\t\t\t\t<div class=\"e-gallery-image elementor-gallery-item__image\" data-thumbnail=\"https:\/\/mcautocaravanas.com\/wp-content\/uploads\/2025\/04\/WhatsApp-Image-2025-04-08-at-12.44.19.jpeg\" data-width=\"1200\" data-height=\"1600\" aria-label=\"Autocaravana Citro\u00ebn Jumper 2.0 hdi 130 cv\" role=\"img\" ><\/div>\n\t\t\t\t\t\t\t\t\t\t\t<div class=\"elementor-gallery-item__overlay\"><\/div>\n\t\t\t\t\t\t\t\t\t\t\t\t\t\t<\/a>\n\t\t\t\t\t\t\t<a class=\"e-gallery-item elementor-gallery-item elementor-animated-content\" href=\"https:\/\/mcautocaravanas.com\/wp-content\/uploads\/2025\/04\/WhatsApp-Image-2025-04-08-at-12.44.20-1.jpeg\" data-elementor-open-lightbox=\"yes\" data-elementor-lightbox-slideshow=\"6513075\" data-elementor-lightbox-title=\"Autocaravana Citro\u00ebn Jumper 2.0 hdi 130 cv\" data-elementor-lightbox-description=\"Autocaravana Citro\u00ebn Jumper 2.0 hdi 130 cv\" data-e-action-hash=\"#elementor-action%3Aaction%3Dlightbox%26settings%3DeyJpZCI6Mjc5MCwidXJsIjoiaHR0cHM6XC9cL21jYXV0b2NhcmF2YW5hcy5jb21cL3dwLWNvbnRlbnRcL3VwbG9hZHNcLzIwMjVcLzA0XC9XaGF0c0FwcC1JbWFnZS0yMDI1LTA0LTA4LWF0LTEyLjQ0LjIwLTEuanBlZyIsInNsaWRlc2hvdyI6IjY1MTMwNzUifQ%3D%3D\">\n\t\t\t\t\t<div class=\"e-gallery-image elementor-gallery-item__image\" data-thumbnail=\"https:\/\/mcautocaravanas.com\/wp-content\/uploads\/2025\/04\/WhatsApp-Image-2025-04-08-at-12.44.20-1.jpeg\" data-width=\"2048\" data-height=\"1536\" aria-label=\"Autocaravana Citro\u00ebn Jumper 2.0 hdi 130 cv\" role=\"img\" ><\/div>\n\t\t\t\t\t\t\t\t\t\t\t<div class=\"elementor-gallery-item__overlay\"><\/div>\n\t\t\t\t\t\t\t\t\t\t\t\t\t\t<\/a>\n\t\t\t\t\t\t\t<a class=\"e-gallery-item elementor-gallery-item elementor-animated-content\" href=\"https:\/\/mcautocaravanas.com\/wp-content\/uploads\/2025\/04\/WhatsApp-Image-2025-04-08-at-12.44.20-2.jpeg\" data-elementor-open-lightbox=\"yes\" data-elementor-lightbox-slideshow=\"6513075\" data-elementor-lightbox-title=\"Autocaravana Citro\u00ebn Jumper 2.0 hdi 130 cv\" data-elementor-lightbox-description=\"Autocaravana Citro\u00ebn Jumper 2.0 hdi 130 cv\" data-e-action-hash=\"#elementor-action%3Aaction%3Dlightbox%26settings%3DeyJpZCI6Mjc5MSwidXJsIjoiaHR0cHM6XC9cL21jYXV0b2NhcmF2YW5hcy5jb21cL3dwLWNvbnRlbnRcL3VwbG9hZHNcLzIwMjVcLzA0XC9XaGF0c0FwcC1JbWFnZS0yMDI1LTA0LTA4LWF0LTEyLjQ0LjIwLTIuanBlZyIsInNsaWRlc2hvdyI6IjY1MTMwNzUifQ%3D%3D\">\n\t\t\t\t\t<div class=\"e-gallery-image elementor-gallery-item__image\" data-thumbnail=\"https:\/\/mcautocaravanas.com\/wp-content\/uploads\/2025\/04\/WhatsApp-Image-2025-04-08-at-12.44.20-2.jpeg\" data-width=\"1536\" data-height=\"2048\" aria-label=\"Autocaravana Citro\u00ebn Jumper 2.0 hdi 130 cv\" role=\"img\" ><\/div>\n\t\t\t\t\t\t\t\t\t\t\t<div class=\"elementor-gallery-item__overlay\"><\/div>\n\t\t\t\t\t\t\t\t\t\t\t\t\t\t<\/a>\n\t\t\t\t\t\t\t<a class=\"e-gallery-item elementor-gallery-item elementor-animated-content\" href=\"https:\/\/mcautocaravanas.com\/wp-content\/uploads\/2025\/04\/WhatsApp-Image-2025-04-08-at-12.44.20.jpeg\" data-elementor-open-lightbox=\"yes\" data-elementor-lightbox-slideshow=\"6513075\" data-elementor-lightbox-title=\"Autocaravana Citro\u00ebn Jumper 2.0 hdi 130 cv\" data-elementor-lightbox-description=\"Autocaravana Citro\u00ebn Jumper 2.0 hdi 130 cv\" data-e-action-hash=\"#elementor-action%3Aaction%3Dlightbox%26settings%3DeyJpZCI6Mjc5MiwidXJsIjoiaHR0cHM6XC9cL21jYXV0b2NhcmF2YW5hcy5jb21cL3dwLWNvbnRlbnRcL3VwbG9hZHNcLzIwMjVcLzA0XC9XaGF0c0FwcC1JbWFnZS0yMDI1LTA0LTA4LWF0LTEyLjQ0LjIwLmpwZWciLCJzbGlkZXNob3ciOiI2NTEzMDc1In0%3D\">\n\t\t\t\t\t<div class=\"e-gallery-image elementor-gallery-item__image\" data-thumbnail=\"https:\/\/mcautocaravanas.com\/wp-content\/uploads\/2025\/04\/WhatsApp-Image-2025-04-08-at-12.44.20.jpeg\" data-width=\"1200\" data-height=\"1600\" aria-label=\"Autocaravana Citro\u00ebn Jumper 2.0 hdi 130 cv\" role=\"img\" ><\/div>\n\t\t\t\t\t\t\t\t\t\t\t<div class=\"elementor-gallery-item__overlay\"><\/div>\n\t\t\t\t\t\t\t\t\t\t\t\t\t\t<\/a>\n\t\t\t\t\t\t\t<a class=\"e-gallery-item elementor-gallery-item elementor-animated-content\" href=\"https:\/\/mcautocaravanas.com\/wp-content\/uploads\/2025\/04\/WhatsApp-Image-2025-04-08-at-12.44.21-1.jpeg\" data-elementor-open-lightbox=\"yes\" data-elementor-lightbox-slideshow=\"6513075\" data-elementor-lightbox-title=\"Autocaravana Citro\u00ebn Jumper 2.0 hdi 130 cv\" data-elementor-lightbox-description=\"Autocaravana Citro\u00ebn Jumper 2.0 hdi 130 cv\" data-e-action-hash=\"#elementor-action%3Aaction%3Dlightbox%26settings%3DeyJpZCI6Mjc5MywidXJsIjoiaHR0cHM6XC9cL21jYXV0b2NhcmF2YW5hcy5jb21cL3dwLWNvbnRlbnRcL3VwbG9hZHNcLzIwMjVcLzA0XC9XaGF0c0FwcC1JbWFnZS0yMDI1LTA0LTA4LWF0LTEyLjQ0LjIxLTEuanBlZyIsInNsaWRlc2hvdyI6IjY1MTMwNzUifQ%3D%3D\">\n\t\t\t\t\t<div class=\"e-gallery-image elementor-gallery-item__image\" data-thumbnail=\"https:\/\/mcautocaravanas.com\/wp-content\/uploads\/2025\/04\/WhatsApp-Image-2025-04-08-at-12.44.21-1.jpeg\" data-width=\"1536\" data-height=\"2048\" aria-label=\"Autocaravana Citro\u00ebn Jumper 2.0 hdi 130 cv\" role=\"img\" ><\/div>\n\t\t\t\t\t\t\t\t\t\t\t<div class=\"elementor-gallery-item__overlay\"><\/div>\n\t\t\t\t\t\t\t\t\t\t\t\t\t\t<\/a>\n\t\t\t\t\t\t\t<a class=\"e-gallery-item elementor-gallery-item elementor-animated-content\" href=\"https:\/\/mcautocaravanas.com\/wp-content\/uploads\/2025\/04\/WhatsApp-Image-2025-04-08-at-12.44.21-2.jpeg\" data-elementor-open-lightbox=\"yes\" data-elementor-lightbox-slideshow=\"6513075\" data-elementor-lightbox-title=\"Autocaravana Citro\u00ebn Jumper 2.0 hdi 130 cv\" data-elementor-lightbox-description=\"Autocaravana Citro\u00ebn Jumper 2.0 hdi 130 cv\" data-e-action-hash=\"#elementor-action%3Aaction%3Dlightbox%26settings%3DeyJpZCI6Mjc5NCwidXJsIjoiaHR0cHM6XC9cL21jYXV0b2NhcmF2YW5hcy5jb21cL3dwLWNvbnRlbnRcL3VwbG9hZHNcLzIwMjVcLzA0XC9XaGF0c0FwcC1JbWFnZS0yMDI1LTA0LTA4LWF0LTEyLjQ0LjIxLTIuanBlZyIsInNsaWRlc2hvdyI6IjY1MTMwNzUifQ%3D%3D\">\n\t\t\t\t\t<div class=\"e-gallery-image elementor-gallery-item__image\" data-thumbnail=\"https:\/\/mcautocaravanas.com\/wp-content\/uploads\/2025\/04\/WhatsApp-Image-2025-04-08-at-12.44.21-2.jpeg\" data-width=\"2048\" data-height=\"1536\" aria-label=\"Autocaravana Citro\u00ebn Jumper 2.0 hdi 130 cv\" role=\"img\" ><\/div>\n\t\t\t\t\t\t\t\t\t\t\t<div class=\"elementor-gallery-item__overlay\"><\/div>\n\t\t\t\t\t\t\t\t\t\t\t\t\t\t<\/a>\n\t\t\t\t\t\t\t<a class=\"e-gallery-item elementor-gallery-item elementor-animated-content\" href=\"https:\/\/mcautocaravanas.com\/wp-content\/uploads\/2025\/04\/WhatsApp-Image-2025-04-08-at-12.44.21.jpeg\" data-elementor-open-lightbox=\"yes\" data-elementor-lightbox-slideshow=\"6513075\" data-elementor-lightbox-title=\"Autocaravana Citro\u00ebn Jumper 2.0 hdi 130 cv\" data-elementor-lightbox-description=\"Autocaravana Citro\u00ebn Jumper 2.0 hdi 130 cv\" data-e-action-hash=\"#elementor-action%3Aaction%3Dlightbox%26settings%3DeyJpZCI6Mjc5NSwidXJsIjoiaHR0cHM6XC9cL21jYXV0b2NhcmF2YW5hcy5jb21cL3dwLWNvbnRlbnRcL3VwbG9hZHNcLzIwMjVcLzA0XC9XaGF0c0FwcC1JbWFnZS0yMDI1LTA0LTA4LWF0LTEyLjQ0LjIxLmpwZWciLCJzbGlkZXNob3ciOiI2NTEzMDc1In0%3D\">\n\t\t\t\t\t<div class=\"e-gallery-image elementor-gallery-item__image\" data-thumbnail=\"https:\/\/mcautocaravanas.com\/wp-content\/uploads\/2025\/04\/WhatsApp-Image-2025-04-08-at-12.44.21.jpeg\" data-width=\"1536\" data-height=\"2048\" aria-label=\"Autocaravana Citro\u00ebn Jumper 2.0 hdi 130 cv\" role=\"img\" ><\/div>\n\t\t\t\t\t\t\t\t\t\t\t<div class=\"elementor-gallery-item__overlay\"><\/div>\n\t\t\t\t\t\t\t\t\t\t\t\t\t\t<\/a>\n\t\t\t\t\t\t\t<a class=\"e-gallery-item elementor-gallery-item elementor-animated-content\" href=\"https:\/\/mcautocaravanas.com\/wp-content\/uploads\/2025\/04\/WhatsApp-Image-2025-04-08-at-12.44.22-1.jpeg\" data-elementor-open-lightbox=\"yes\" data-elementor-lightbox-slideshow=\"6513075\" data-elementor-lightbox-title=\"Autocaravana Citro\u00ebn Jumper 2.0 hdi 130 cv\" data-elementor-lightbox-description=\"Autocaravana Citro\u00ebn Jumper 2.0 hdi 130 cv\" data-e-action-hash=\"#elementor-action%3Aaction%3Dlightbox%26settings%3DeyJpZCI6Mjc5NiwidXJsIjoiaHR0cHM6XC9cL21jYXV0b2NhcmF2YW5hcy5jb21cL3dwLWNvbnRlbnRcL3VwbG9hZHNcLzIwMjVcLzA0XC9XaGF0c0FwcC1JbWFnZS0yMDI1LTA0LTA4LWF0LTEyLjQ0LjIyLTEuanBlZyIsInNsaWRlc2hvdyI6IjY1MTMwNzUifQ%3D%3D\">\n\t\t\t\t\t<div class=\"e-gallery-image elementor-gallery-item__image\" data-thumbnail=\"https:\/\/mcautocaravanas.com\/wp-content\/uploads\/2025\/04\/WhatsApp-Image-2025-04-08-at-12.44.22-1.jpeg\" data-width=\"2048\" data-height=\"1536\" aria-label=\"Autocaravana Citro\u00ebn Jumper 2.0 hdi 130 cv\" role=\"img\" ><\/div>\n\t\t\t\t\t\t\t\t\t\t\t<div class=\"elementor-gallery-item__overlay\"><\/div>\n\t\t\t\t\t\t\t\t\t\t\t\t\t\t<\/a>\n\t\t\t\t\t\t\t<a class=\"e-gallery-item elementor-gallery-item elementor-animated-content\" href=\"https:\/\/mcautocaravanas.com\/wp-content\/uploads\/2025\/04\/WhatsApp-Image-2025-04-08-at-12.44.22-2.jpeg\" data-elementor-open-lightbox=\"yes\" data-elementor-lightbox-slideshow=\"6513075\" data-elementor-lightbox-title=\"Autocaravana Citro\u00ebn Jumper 2.0 hdi 130 cv\" data-elementor-lightbox-description=\"Autocaravana Citro\u00ebn Jumper 2.0 hdi 130 cv\" data-e-action-hash=\"#elementor-action%3Aaction%3Dlightbox%26settings%3DeyJpZCI6Mjc5NywidXJsIjoiaHR0cHM6XC9cL21jYXV0b2NhcmF2YW5hcy5jb21cL3dwLWNvbnRlbnRcL3VwbG9hZHNcLzIwMjVcLzA0XC9XaGF0c0FwcC1JbWFnZS0yMDI1LTA0LTA4LWF0LTEyLjQ0LjIyLTIuanBlZyIsInNsaWRlc2hvdyI6IjY1MTMwNzUifQ%3D%3D\">\n\t\t\t\t\t<div class=\"e-gallery-image elementor-gallery-item__image\" data-thumbnail=\"https:\/\/mcautocaravanas.com\/wp-content\/uploads\/2025\/04\/WhatsApp-Image-2025-04-08-at-12.44.22-2.jpeg\" data-width=\"1536\" data-height=\"2048\" aria-label=\"Autocaravana Citro\u00ebn Jumper 2.0 hdi 130 cv\" role=\"img\" ><\/div>\n\t\t\t\t\t\t\t\t\t\t\t<div class=\"elementor-gallery-item__overlay\"><\/div>\n\t\t\t\t\t\t\t\t\t\t\t\t\t\t<\/a>\n\t\t\t\t\t\t\t<a class=\"e-gallery-item elementor-gallery-item elementor-animated-content\" href=\"https:\/\/mcautocaravanas.com\/wp-content\/uploads\/2025\/04\/WhatsApp-Image-2025-04-08-at-12.44.22-3.jpeg\" data-elementor-open-lightbox=\"yes\" data-elementor-lightbox-slideshow=\"6513075\" data-elementor-lightbox-title=\"Autocaravana Citro\u00ebn Jumper 2.0 hdi 130 cv\" data-elementor-lightbox-description=\"Autocaravana Citro\u00ebn Jumper 2.0 hdi 130 cv\" data-e-action-hash=\"#elementor-action%3Aaction%3Dlightbox%26settings%3DeyJpZCI6Mjc5OCwidXJsIjoiaHR0cHM6XC9cL21jYXV0b2NhcmF2YW5hcy5jb21cL3dwLWNvbnRlbnRcL3VwbG9hZHNcLzIwMjVcLzA0XC9XaGF0c0FwcC1JbWFnZS0yMDI1LTA0LTA4LWF0LTEyLjQ0LjIyLTMuanBlZyIsInNsaWRlc2hvdyI6IjY1MTMwNzUifQ%3D%3D\">\n\t\t\t\t\t<div class=\"e-gallery-image elementor-gallery-item__image\" data-thumbnail=\"https:\/\/mcautocaravanas.com\/wp-content\/uploads\/2025\/04\/WhatsApp-Image-2025-04-08-at-12.44.22-3.jpeg\" data-width=\"2048\" data-height=\"1536\" aria-label=\"Autocaravana Citro\u00ebn Jumper 2.0 hdi 130 cv\" role=\"img\" ><\/div>\n\t\t\t\t\t\t\t\t\t\t\t<div class=\"elementor-gallery-item__overlay\"><\/div>\n\t\t\t\t\t\t\t\t\t\t\t\t\t\t<\/a>\n\t\t\t\t\t\t\t<a class=\"e-gallery-item elementor-gallery-item elementor-animated-content\" href=\"https:\/\/mcautocaravanas.com\/wp-content\/uploads\/2025\/04\/WhatsApp-Image-2025-04-08-at-12.44.22-4.jpeg\" data-elementor-open-lightbox=\"yes\" data-elementor-lightbox-slideshow=\"6513075\" data-elementor-lightbox-title=\"Autocaravana Citro\u00ebn Jumper 2.0 hdi 130 cv\" data-elementor-lightbox-description=\"Autocaravana Citro\u00ebn Jumper 2.0 hdi 130 cv\" data-e-action-hash=\"#elementor-action%3Aaction%3Dlightbox%26settings%3DeyJpZCI6Mjc5OSwidXJsIjoiaHR0cHM6XC9cL21jYXV0b2NhcmF2YW5hcy5jb21cL3dwLWNvbnRlbnRcL3VwbG9hZHNcLzIwMjVcLzA0XC9XaGF0c0FwcC1JbWFnZS0yMDI1LTA0LTA4LWF0LTEyLjQ0LjIyLTQuanBlZyIsInNsaWRlc2hvdyI6IjY1MTMwNzUifQ%3D%3D\">\n\t\t\t\t\t<div class=\"e-gallery-image elementor-gallery-item__image\" data-thumbnail=\"https:\/\/mcautocaravanas.com\/wp-content\/uploads\/2025\/04\/WhatsApp-Image-2025-04-08-at-12.44.22-4.jpeg\" data-width=\"1536\" data-height=\"2048\" aria-label=\"Autocaravana Citro\u00ebn Jumper 2.0 hdi 130 cv\" role=\"img\" ><\/div>\n\t\t\t\t\t\t\t\t\t\t\t<div class=\"elementor-gallery-item__overlay\"><\/div>\n\t\t\t\t\t\t\t\t\t\t\t\t\t\t<\/a>\n\t\t\t\t\t\t\t<a class=\"e-gallery-item elementor-gallery-item elementor-animated-content\" href=\"https:\/\/mcautocaravanas.com\/wp-content\/uploads\/2025\/04\/WhatsApp-Image-2025-04-08-at-12.44.22.jpeg\" data-elementor-open-lightbox=\"yes\" data-elementor-lightbox-slideshow=\"6513075\" data-elementor-lightbox-title=\"Autocaravana Citro\u00ebn Jumper 2.0 hdi 130 cv\" data-elementor-lightbox-description=\"Autocaravana Citro\u00ebn Jumper 2.0 hdi 130 cv\" data-e-action-hash=\"#elementor-action%3Aaction%3Dlightbox%26settings%3DeyJpZCI6MjgwMCwidXJsIjoiaHR0cHM6XC9cL21jYXV0b2NhcmF2YW5hcy5jb21cL3dwLWNvbnRlbnRcL3VwbG9hZHNcLzIwMjVcLzA0XC9XaGF0c0FwcC1JbWFnZS0yMDI1LTA0LTA4LWF0LTEyLjQ0LjIyLmpwZWciLCJzbGlkZXNob3ciOiI2NTEzMDc1In0%3D\">\n\t\t\t\t\t<div class=\"e-gallery-image elementor-gallery-item__image\" data-thumbnail=\"https:\/\/mcautocaravanas.com\/wp-content\/uploads\/2025\/04\/WhatsApp-Image-2025-04-08-at-12.44.22.jpeg\" data-width=\"2048\" data-height=\"1536\" aria-label=\"Autocaravana Citro\u00ebn Jumper 2.0 hdi 130 cv\" role=\"img\" ><\/div>\n\t\t\t\t\t\t\t\t\t\t\t<div class=\"elementor-gallery-item__overlay\"><\/div>\n\t\t\t\t\t\t\t\t\t\t\t\t\t\t<\/a>\n\t\t\t\t\t\t\t<a class=\"e-gallery-item elementor-gallery-item elementor-animated-content\" href=\"https:\/\/mcautocaravanas.com\/wp-content\/uploads\/2025\/04\/WhatsApp-Image-2025-04-08-at-12.44.23-1.jpeg\" data-elementor-open-lightbox=\"yes\" data-elementor-lightbox-slideshow=\"6513075\" data-elementor-lightbox-title=\"Autocaravana Citro\u00ebn Jumper 2.0 hdi 130 cv\" data-elementor-lightbox-description=\"Autocaravana Citro\u00ebn Jumper 2.0 hdi 130 cv\" data-e-action-hash=\"#elementor-action%3Aaction%3Dlightbox%26settings%3DeyJpZCI6MjgwMSwidXJsIjoiaHR0cHM6XC9cL21jYXV0b2NhcmF2YW5hcy5jb21cL3dwLWNvbnRlbnRcL3VwbG9hZHNcLzIwMjVcLzA0XC9XaGF0c0FwcC1JbWFnZS0yMDI1LTA0LTA4LWF0LTEyLjQ0LjIzLTEuanBlZyIsInNsaWRlc2hvdyI6IjY1MTMwNzUifQ%3D%3D\">\n\t\t\t\t\t<div class=\"e-gallery-image elementor-gallery-item__image\" data-thumbnail=\"https:\/\/mcautocaravanas.com\/wp-content\/uploads\/2025\/04\/WhatsApp-Image-2025-04-08-at-12.44.23-1.jpeg\" data-width=\"2048\" data-height=\"1536\" aria-label=\"Autocaravana Citro\u00ebn Jumper 2.0 hdi 130 cv\" role=\"img\" ><\/div>\n\t\t\t\t\t\t\t\t\t\t\t<div class=\"elementor-gallery-item__overlay\"><\/div>\n\t\t\t\t\t\t\t\t\t\t\t\t\t\t<\/a>\n\t\t\t\t\t\t\t<a class=\"e-gallery-item elementor-gallery-item elementor-animated-content\" href=\"https:\/\/mcautocaravanas.com\/wp-content\/uploads\/2025\/04\/WhatsApp-Image-2025-04-08-at-12.44.23-2.jpeg\" data-elementor-open-lightbox=\"yes\" data-elementor-lightbox-slideshow=\"6513075\" data-elementor-lightbox-title=\"Autocaravana Citro\u00ebn Jumper 2.0 hdi 130 cv\" data-elementor-lightbox-description=\"Autocaravana Citro\u00ebn Jumper 2.0 hdi 130 cv\" data-e-action-hash=\"#elementor-action%3Aaction%3Dlightbox%26settings%3DeyJpZCI6MjgwMiwidXJsIjoiaHR0cHM6XC9cL21jYXV0b2NhcmF2YW5hcy5jb21cL3dwLWNvbnRlbnRcL3VwbG9hZHNcLzIwMjVcLzA0XC9XaGF0c0FwcC1JbWFnZS0yMDI1LTA0LTA4LWF0LTEyLjQ0LjIzLTIuanBlZyIsInNsaWRlc2hvdyI6IjY1MTMwNzUifQ%3D%3D\">\n\t\t\t\t\t<div class=\"e-gallery-image elementor-gallery-item__image\" data-thumbnail=\"https:\/\/mcautocaravanas.com\/wp-content\/uploads\/2025\/04\/WhatsApp-Image-2025-04-08-at-12.44.23-2.jpeg\" data-width=\"1536\" data-height=\"2048\" aria-label=\"Autocaravana Citro\u00ebn Jumper 2.0 hdi 130 cv\" role=\"img\" ><\/div>\n\t\t\t\t\t\t\t\t\t\t\t<div class=\"elementor-gallery-item__overlay\"><\/div>\n\t\t\t\t\t\t\t\t\t\t\t\t\t\t<\/a>\n\t\t\t\t\t\t\t<a class=\"e-gallery-item elementor-gallery-item elementor-animated-content\" href=\"https:\/\/mcautocaravanas.com\/wp-content\/uploads\/2025\/04\/WhatsApp-Image-2025-04-08-at-12.44.23-3.jpeg\" data-elementor-open-lightbox=\"yes\" data-elementor-lightbox-slideshow=\"6513075\" data-elementor-lightbox-title=\"Autocaravana Citro\u00ebn Jumper 2.0 hdi 130 cv\" data-elementor-lightbox-description=\"Autocaravana Citro\u00ebn Jumper 2.0 hdi 130 cv\" data-e-action-hash=\"#elementor-action%3Aaction%3Dlightbox%26settings%3DeyJpZCI6MjgwMywidXJsIjoiaHR0cHM6XC9cL21jYXV0b2NhcmF2YW5hcy5jb21cL3dwLWNvbnRlbnRcL3VwbG9hZHNcLzIwMjVcLzA0XC9XaGF0c0FwcC1JbWFnZS0yMDI1LTA0LTA4LWF0LTEyLjQ0LjIzLTMuanBlZyIsInNsaWRlc2hvdyI6IjY1MTMwNzUifQ%3D%3D\">\n\t\t\t\t\t<div class=\"e-gallery-image elementor-gallery-item__image\" data-thumbnail=\"https:\/\/mcautocaravanas.com\/wp-content\/uploads\/2025\/04\/WhatsApp-Image-2025-04-08-at-12.44.23-3.jpeg\" data-width=\"1536\" data-height=\"2048\" aria-label=\"Autocaravana Citro\u00ebn Jumper 2.0 hdi 130 cv\" role=\"img\" ><\/div>\n\t\t\t\t\t\t\t\t\t\t\t<div class=\"elementor-gallery-item__overlay\"><\/div>\n\t\t\t\t\t\t\t\t\t\t\t\t\t\t<\/a>\n\t\t\t\t\t\t\t<a class=\"e-gallery-item elementor-gallery-item elementor-animated-content\" href=\"https:\/\/mcautocaravanas.com\/wp-content\/uploads\/2025\/04\/WhatsApp-Image-2025-04-08-at-12.44.23.jpeg\" data-elementor-open-lightbox=\"yes\" data-elementor-lightbox-slideshow=\"6513075\" data-elementor-lightbox-title=\"Autocaravana Citro\u00ebn Jumper 2.0 hdi 130 cv\" data-elementor-lightbox-description=\"Autocaravana Citro\u00ebn Jumper 2.0 hdi 130 cv\" data-e-action-hash=\"#elementor-action%3Aaction%3Dlightbox%26settings%3DeyJpZCI6MjgwNCwidXJsIjoiaHR0cHM6XC9cL21jYXV0b2NhcmF2YW5hcy5jb21cL3dwLWNvbnRlbnRcL3VwbG9hZHNcLzIwMjVcLzA0XC9XaGF0c0FwcC1JbWFnZS0yMDI1LTA0LTA4LWF0LTEyLjQ0LjIzLmpwZWciLCJzbGlkZXNob3ciOiI2NTEzMDc1In0%3D\">\n\t\t\t\t\t<div class=\"e-gallery-image elementor-gallery-item__image\" data-thumbnail=\"https:\/\/mcautocaravanas.com\/wp-content\/uploads\/2025\/04\/WhatsApp-Image-2025-04-08-at-12.44.23.jpeg\" data-width=\"1536\" data-height=\"2048\" aria-label=\"Autocaravana Citro\u00ebn Jumper 2.0 hdi 130 cv\" role=\"img\" ><\/div>\n\t\t\t\t\t\t\t\t\t\t\t<div class=\"elementor-gallery-item__overlay\"><\/div>\n\t\t\t\t\t\t\t\t\t\t\t\t\t\t<\/a>\n\t\t\t\t\t\t\t<a class=\"e-gallery-item elementor-gallery-item elementor-animated-content\" href=\"https:\/\/mcautocaravanas.com\/wp-content\/uploads\/2025\/04\/WhatsApp-Image-2025-04-08-at-12.44.24-1.jpeg\" data-elementor-open-lightbox=\"yes\" data-elementor-lightbox-slideshow=\"6513075\" data-elementor-lightbox-title=\"Autocaravana Citro\u00ebn Jumper 2.0 hdi 130 cv\" data-elementor-lightbox-description=\"Autocaravana Citro\u00ebn Jumper 2.0 hdi 130 cv\" data-e-action-hash=\"#elementor-action%3Aaction%3Dlightbox%26settings%3DeyJpZCI6MjgwNSwidXJsIjoiaHR0cHM6XC9cL21jYXV0b2NhcmF2YW5hcy5jb21cL3dwLWNvbnRlbnRcL3VwbG9hZHNcLzIwMjVcLzA0XC9XaGF0c0FwcC1JbWFnZS0yMDI1LTA0LTA4LWF0LTEyLjQ0LjI0LTEuanBlZyIsInNsaWRlc2hvdyI6IjY1MTMwNzUifQ%3D%3D\">\n\t\t\t\t\t<div class=\"e-gallery-image elementor-gallery-item__image\" data-thumbnail=\"https:\/\/mcautocaravanas.com\/wp-content\/uploads\/2025\/04\/WhatsApp-Image-2025-04-08-at-12.44.24-1.jpeg\" data-width=\"1536\" data-height=\"2048\" aria-label=\"Autocaravana Citro\u00ebn Jumper 2.0 hdi 130 cv\" role=\"img\" ><\/div>\n\t\t\t\t\t\t\t\t\t\t\t<div class=\"elementor-gallery-item__overlay\"><\/div>\n\t\t\t\t\t\t\t\t\t\t\t\t\t\t<\/a>\n\t\t\t\t\t\t\t<a class=\"e-gallery-item elementor-gallery-item elementor-animated-content\" href=\"https:\/\/mcautocaravanas.com\/wp-content\/uploads\/2025\/04\/WhatsApp-Image-2025-04-08-at-12.44.24-2.jpeg\" data-elementor-open-lightbox=\"yes\" data-elementor-lightbox-slideshow=\"6513075\" data-elementor-lightbox-title=\"Autocaravana Citro\u00ebn Jumper 2.0 hdi 130 cv\" data-elementor-lightbox-description=\"Autocaravana Citro\u00ebn Jumper 2.0 hdi 130 cv\" data-e-action-hash=\"#elementor-action%3Aaction%3Dlightbox%26settings%3DeyJpZCI6MjgwNiwidXJsIjoiaHR0cHM6XC9cL21jYXV0b2NhcmF2YW5hcy5jb21cL3dwLWNvbnRlbnRcL3VwbG9hZHNcLzIwMjVcLzA0XC9XaGF0c0FwcC1JbWFnZS0yMDI1LTA0LTA4LWF0LTEyLjQ0LjI0LTIuanBlZyIsInNsaWRlc2hvdyI6IjY1MTMwNzUifQ%3D%3D\">\n\t\t\t\t\t<div class=\"e-gallery-image elementor-gallery-item__image\" data-thumbnail=\"https:\/\/mcautocaravanas.com\/wp-content\/uploads\/2025\/04\/WhatsApp-Image-2025-04-08-at-12.44.24-2.jpeg\" data-width=\"1536\" data-height=\"2048\" aria-label=\"Autocaravana Citro\u00ebn Jumper 2.0 hdi 130 cv\" role=\"img\" ><\/div>\n\t\t\t\t\t\t\t\t\t\t\t<div class=\"elementor-gallery-item__overlay\"><\/div>\n\t\t\t\t\t\t\t\t\t\t\t\t\t\t<\/a>\n\t\t\t\t\t\t\t<a class=\"e-gallery-item elementor-gallery-item elementor-animated-content\" href=\"https:\/\/mcautocaravanas.com\/wp-content\/uploads\/2025\/04\/WhatsApp-Image-2025-04-08-at-12.44.24.jpeg\" data-elementor-open-lightbox=\"yes\" data-elementor-lightbox-slideshow=\"6513075\" data-elementor-lightbox-title=\"Autocaravana Citro\u00ebn Jumper 2.0 hdi 130 cv\" data-elementor-lightbox-description=\"Autocaravana Citro\u00ebn Jumper 2.0 hdi 130 cv\" data-e-action-hash=\"#elementor-action%3Aaction%3Dlightbox%26settings%3DeyJpZCI6MjgwNywidXJsIjoiaHR0cHM6XC9cL21jYXV0b2NhcmF2YW5hcy5jb21cL3dwLWNvbnRlbnRcL3VwbG9hZHNcLzIwMjVcLzA0XC9XaGF0c0FwcC1JbWFnZS0yMDI1LTA0LTA4LWF0LTEyLjQ0LjI0LmpwZWciLCJzbGlkZXNob3ciOiI2NTEzMDc1In0%3D\">\n\t\t\t\t\t<div class=\"e-gallery-image elementor-gallery-item__image\" data-thumbnail=\"https:\/\/mcautocaravanas.com\/wp-content\/uploads\/2025\/04\/WhatsApp-Image-2025-04-08-at-12.44.24.jpeg\" data-width=\"1536\" data-height=\"2048\" aria-label=\"Autocaravana Citro\u00ebn Jumper 2.0 hdi 130 cv\" role=\"img\" ><\/div>\n\t\t\t\t\t\t\t\t\t\t\t<div class=\"elementor-gallery-item__overlay\"><\/div>\n\t\t\t\t\t\t\t\t\t\t\t\t\t\t<\/a>\n\t\t\t\t\t\t\t<a class=\"e-gallery-item elementor-gallery-item elementor-animated-content\" href=\"https:\/\/mcautocaravanas.com\/wp-content\/uploads\/2025\/04\/WhatsApp-Image-2025-04-08-at-12.44.16.jpeg\" data-elementor-open-lightbox=\"yes\" data-elementor-lightbox-slideshow=\"6513075\" data-elementor-lightbox-title=\"Autocaravana Citro\u00ebn Jumper 2.0 hdi 130 cv\" data-elementor-lightbox-description=\"Autocaravana Citro\u00ebn Jumper 2.0 hdi 130 cv\" data-e-action-hash=\"#elementor-action%3Aaction%3Dlightbox%26settings%3DeyJpZCI6Mjc3MywidXJsIjoiaHR0cHM6XC9cL21jYXV0b2NhcmF2YW5hcy5jb21cL3dwLWNvbnRlbnRcL3VwbG9hZHNcLzIwMjVcLzA0XC9XaGF0c0FwcC1JbWFnZS0yMDI1LTA0LTA4LWF0LTEyLjQ0LjE2LmpwZWciLCJzbGlkZXNob3ciOiI2NTEzMDc1In0%3D\">\n\t\t\t\t\t<div class=\"e-gallery-image elementor-gallery-item__image\" data-thumbnail=\"https:\/\/mcautocaravanas.com\/wp-content\/uploads\/2025\/04\/WhatsApp-Image-2025-04-08-at-12.44.16.jpeg\" data-width=\"828\" data-height=\"616\" aria-label=\"Autocaravana Citro\u00ebn Jumper 2.0 hdi 130 cv\" role=\"img\" ><\/div>\n\t\t\t\t\t\t\t\t\t\t\t<div class=\"elementor-gallery-item__overlay\"><\/div>\n\t\t\t\t\t\t\t\t\t\t\t\t\t\t<\/a>\n\t\t\t\t\t\t\t<a class=\"e-gallery-item elementor-gallery-item elementor-animated-content\" href=\"https:\/\/mcautocaravanas.com\/wp-content\/uploads\/2025\/04\/WhatsApp-Image-2025-04-08-at-12.44.25-1.jpeg\" data-elementor-open-lightbox=\"yes\" data-elementor-lightbox-slideshow=\"6513075\" data-elementor-lightbox-title=\"Autocaravana Citro\u00ebn Jumper 2.0 hdi 130 cv\" data-elementor-lightbox-description=\"Autocaravana Citro\u00ebn Jumper 2.0 hdi 130 cv\" data-e-action-hash=\"#elementor-action%3Aaction%3Dlightbox%26settings%3DeyJpZCI6MjgwOCwidXJsIjoiaHR0cHM6XC9cL21jYXV0b2NhcmF2YW5hcy5jb21cL3dwLWNvbnRlbnRcL3VwbG9hZHNcLzIwMjVcLzA0XC9XaGF0c0FwcC1JbWFnZS0yMDI1LTA0LTA4LWF0LTEyLjQ0LjI1LTEuanBlZyIsInNsaWRlc2hvdyI6IjY1MTMwNzUifQ%3D%3D\">\n\t\t\t\t\t<div class=\"e-gallery-image elementor-gallery-item__image\" data-thumbnail=\"https:\/\/mcautocaravanas.com\/wp-content\/uploads\/2025\/04\/WhatsApp-Image-2025-04-08-at-12.44.25-1.jpeg\" data-width=\"2048\" data-height=\"1536\" aria-label=\"Autocaravana Citro\u00ebn Jumper 2.0 hdi 130 cv\" role=\"img\" ><\/div>\n\t\t\t\t\t\t\t\t\t\t\t<div class=\"elementor-gallery-item__overlay\"><\/div>\n\t\t\t\t\t\t\t\t\t\t\t\t\t\t<\/a>\n\t\t\t\t\t\t\t<a class=\"e-gallery-item elementor-gallery-item elementor-animated-content\" href=\"https:\/\/mcautocaravanas.com\/wp-content\/uploads\/2025\/04\/WhatsApp-Image-2025-04-08-at-12.44.25-2.jpeg\" data-elementor-open-lightbox=\"yes\" data-elementor-lightbox-slideshow=\"6513075\" data-elementor-lightbox-title=\"Autocaravana Citro\u00ebn Jumper 2.0 hdi 130 cv\" data-elementor-lightbox-description=\"Autocaravana Citro\u00ebn Jumper 2.0 hdi 130 cv\" data-e-action-hash=\"#elementor-action%3Aaction%3Dlightbox%26settings%3DeyJpZCI6MjgwOSwidXJsIjoiaHR0cHM6XC9cL21jYXV0b2NhcmF2YW5hcy5jb21cL3dwLWNvbnRlbnRcL3VwbG9hZHNcLzIwMjVcLzA0XC9XaGF0c0FwcC1JbWFnZS0yMDI1LTA0LTA4LWF0LTEyLjQ0LjI1LTIuanBlZyIsInNsaWRlc2hvdyI6IjY1MTMwNzUifQ%3D%3D\">\n\t\t\t\t\t<div class=\"e-gallery-image elementor-gallery-item__image\" data-thumbnail=\"https:\/\/mcautocaravanas.com\/wp-content\/uploads\/2025\/04\/WhatsApp-Image-2025-04-08-at-12.44.25-2.jpeg\" data-width=\"1536\" data-height=\"2048\" aria-label=\"Autocaravana Citro\u00ebn Jumper 2.0 hdi 130 cv\" role=\"img\" ><\/div>\n\t\t\t\t\t\t\t\t\t\t\t<div class=\"elementor-gallery-item__overlay\"><\/div>\n\t\t\t\t\t\t\t\t\t\t\t\t\t\t<\/a>\n\t\t\t\t\t\t\t<a class=\"e-gallery-item elementor-gallery-item elementor-animated-content\" href=\"https:\/\/mcautocaravanas.com\/wp-content\/uploads\/2025\/04\/WhatsApp-Image-2025-04-08-at-12.44.25.jpeg\" data-elementor-open-lightbox=\"yes\" data-elementor-lightbox-slideshow=\"6513075\" data-elementor-lightbox-title=\"Autocaravana Citro\u00ebn Jumper 2.0 hdi 130 cv\" data-elementor-lightbox-description=\"Autocaravana Citro\u00ebn Jumper 2.0 hdi 130 cv\" data-e-action-hash=\"#elementor-action%3Aaction%3Dlightbox%26settings%3DeyJpZCI6MjgxMCwidXJsIjoiaHR0cHM6XC9cL21jYXV0b2NhcmF2YW5hcy5jb21cL3dwLWNvbnRlbnRcL3VwbG9hZHNcLzIwMjVcLzA0XC9XaGF0c0FwcC1JbWFnZS0yMDI1LTA0LTA4LWF0LTEyLjQ0LjI1LmpwZWciLCJzbGlkZXNob3ciOiI2NTEzMDc1In0%3D\">\n\t\t\t\t\t<div class=\"e-gallery-image elementor-gallery-item__image\" data-thumbnail=\"https:\/\/mcautocaravanas.com\/wp-content\/uploads\/2025\/04\/WhatsApp-Image-2025-04-08-at-12.44.25.jpeg\" data-width=\"1536\" data-height=\"2048\" aria-label=\"Autocaravana Citro\u00ebn Jumper 2.0 hdi 130 cv\" role=\"img\" ><\/div>\n\t\t\t\t\t\t\t\t\t\t\t<div class=\"elementor-gallery-item__overlay\"><\/div>\n\t\t\t\t\t\t\t\t\t\t\t\t\t\t<\/a>\n\t\t\t\t\t\t\t<a class=\"e-gallery-item elementor-gallery-item elementor-animated-content\" href=\"https:\/\/mcautocaravanas.com\/wp-content\/uploads\/2025\/04\/WhatsApp-Image-2025-04-08-at-12.44.26.jpeg\" data-elementor-open-lightbox=\"yes\" data-elementor-lightbox-slideshow=\"6513075\" data-elementor-lightbox-title=\"Autocaravana Citro\u00ebn Jumper 2.0 hdi 130 cv\" data-e-action-hash=\"#elementor-action%3Aaction%3Dlightbox%26settings%3DeyJpZCI6MjgxMSwidXJsIjoiaHR0cHM6XC9cL21jYXV0b2NhcmF2YW5hcy5jb21cL3dwLWNvbnRlbnRcL3VwbG9hZHNcLzIwMjVcLzA0XC9XaGF0c0FwcC1JbWFnZS0yMDI1LTA0LTA4LWF0LTEyLjQ0LjI2LmpwZWciLCJzbGlkZXNob3ciOiI2NTEzMDc1In0%3D\">\n\t\t\t\t\t<div class=\"e-gallery-image elementor-gallery-item__image\" data-thumbnail=\"https:\/\/mcautocaravanas.com\/wp-content\/uploads\/2025\/04\/WhatsApp-Image-2025-04-08-at-12.44.26.jpeg\" data-width=\"1536\" data-height=\"2048\" aria-label=\"Autocaravana Citro\u00ebn Jumper 2.0 hdi 130 cv\" role=\"img\" ><\/div>\n\t\t\t\t\t\t\t\t\t\t\t<div class=\"elementor-gallery-item__overlay\"><\/div>\n\t\t\t\t\t\t\t\t\t\t\t\t\t\t<\/a>\n\t\t\t\t\t<\/div>\n\t\t\t\t\t<\/div>\n\t\t\t\t<\/div>\n\t\t\t\t\t<\/div>\n\t\t<\/div>\n\t\t\t\t\t<\/div>\n\t\t<\/section>\n\t\t\t\t<div class=\"elementor-element elementor-element-1db4b45b elementor-widget-divider--view-line elementor-widget elementor-widget-divider\" data-id=\"1db4b45b\" data-element_type=\"widget\" data-e-type=\"widget\" data-widget_type=\"divider.default\">\n\t\t\t\t<div class=\"elementor-widget-container\">\n\t\t\t\t\t\t\t<div class=\"elementor-divider\">\n\t\t\t<span class=\"elementor-divider-separator\">\n\t\t\t\t\t\t<\/span>\n\t\t<\/div>\n\t\t\t\t\t\t<\/div>\n\t\t\t\t<\/div>\n\t\t\t\t<div class=\"elementor-element elementor-element-130662bb elementor-widget elementor-widget-heading\" data-id=\"130662bb\" data-element_type=\"widget\" data-e-type=\"widget\" data-widget_type=\"heading.default\">\n\t\t\t\t<div class=\"elementor-widget-container\">\n\t\t\t\t\t<h3 class=\"elementor-heading-title elementor-size-default\">Descripci\u00f3n del veh\u00edculo<\/h3>\t\t\t\t<\/div>\n\t\t\t\t<\/div>\n\t\t\t\t<div class=\"elementor-element elementor-element-6d8ec298 elementor-widget elementor-widget-text-editor\" data-id=\"6d8ec298\" data-element_type=\"widget\" data-e-type=\"widget\" data-widget_type=\"text-editor.default\">\n\t\t\t\t<div class=\"elementor-widget-container\">\n\t\t\t\t\t\t\t\t\t<p><strong>Autocaravana Citro\u00ebn Jumper 2.0 hdi 130 cv<\/strong><\/p>\n<p>A\u00f1o 2019<br \/>92.848 km <br \/>Perfilada HAPPY PLA 385<br \/>Muy bien cuidada<br \/>5 viajar \/ 5 dormir<br \/>Aire acondicionado en cabina<br \/>Longitud largo 6,95 metros, compacta.<br \/>C\u00e1mara trasera, llantas 16\u201d<br \/>Cama vasculante el\u00e9ctrica<br \/>Cama trasera gemelar, unida 197 x 214 cm<br \/>Faros antiniebla <br \/>Techo panor\u00e1mico en cabina, techo recubierto de fibra<br \/>Calefacci\u00f3n y agua caliente truma combi 4000<br \/>Ba\u00f1o completo<br \/>Frigor\u00edfico trivalente doble puerta.<br \/>Mosquiteras\/oscurecedores en todas las puertas y ventanas<br \/>Oscurecedores dometic en cabina<br \/>Toldo fiama 45s<br \/>Porta bicis para 4 bicicletas<br \/>Cierre de seguridad fiama en 3 puertas<\/p>\n<p>GARANT\u00cdA 12 meses, lista para viajar.<\/p>\n<p><span style=\"text-decoration: underline;\"><strong>Precio: 49.000 \u20ac<\/strong><\/span><br \/><strong>Financiaci\u00f3n 100%<\/strong><\/p>\n<p>Puedes visitar la autocaravana en nuestras instalaciones, concertando una cita telef\u00f3nica.<br \/>\u00a1Estaremos encantados de atenderte y asesorarte<\/p>\t\t\t\t\t\t\t\t<\/div>\n\t\t\t\t<\/div>\n\t\t\t\t\t<\/div>\n\t\t<\/div>\n\t\t\t\t<div class=\"elementor-column elementor-col-50 elementor-top-column elementor-element elementor-element-3c223fa5\" data-id=\"3c223fa5\" data-element_type=\"column\" data-e-type=\"column\" data-settings=\"{&quot;background_background&quot;:&quot;classic&quot;}\">\n\t\t\t<div class=\"elementor-widget-wrap elementor-element-populated\">\n\t\t\t\t\t\t<div class=\"elementor-element elementor-element-45c2ce72 elementor-widget elementor-widget-spacer\" data-id=\"45c2ce72\" data-element_type=\"widget\" data-e-type=\"widget\" data-widget_type=\"spacer.default\">\n\t\t\t\t<div class=\"elementor-widget-container\">\n\t\t\t\t\t\t\t<div class=\"elementor-spacer\">\n\t\t\t<div class=\"elementor-spacer-inner\"><\/div>\n\t\t<\/div>\n\t\t\t\t\t\t<\/div>\n\t\t\t\t<\/div>\n\t\t\t\t<section class=\"elementor-section elementor-inner-section elementor-element elementor-element-6f06bc6 elementor-section-boxed elementor-section-height-default elementor-section-height-default\" data-id=\"6f06bc6\" data-element_type=\"section\" data-e-type=\"section\" data-settings=\"{&quot;background_background&quot;:&quot;classic&quot;}\">\n\t\t\t\t\t\t<div class=\"elementor-container elementor-column-gap-no\">\n\t\t\t\t\t<div class=\"elementor-column elementor-col-100 elementor-inner-column elementor-element elementor-element-60f1212b\" data-id=\"60f1212b\" data-element_type=\"column\" data-e-type=\"column\">\n\t\t\t<div class=\"elementor-widget-wrap elementor-element-populated\">\n\t\t\t\t\t\t<div class=\"elementor-element elementor-element-90fd966 elementor-widget elementor-widget-heading\" data-id=\"90fd966\" data-element_type=\"widget\" data-e-type=\"widget\" data-widget_type=\"heading.default\">\n\t\t\t\t<div class=\"elementor-widget-container\">\n\t\t\t\t\t<h3 class=\"elementor-heading-title elementor-size-default\">\u00bfTienes dudas?<\/h3>\t\t\t\t<\/div>\n\t\t\t\t<\/div>\n\t\t\t\t<div class=\"elementor-element elementor-element-7106bcff elementor-widget elementor-widget-text-editor\" data-id=\"7106bcff\" data-element_type=\"widget\" data-e-type=\"widget\" data-widget_type=\"text-editor.default\">\n\t\t\t\t<div class=\"elementor-widget-container\">\n\t\t\t\t\t\t\t\t\t<p><strong>Ll\u00e1mame<\/strong><\/p>\t\t\t\t\t\t\t\t<\/div>\n\t\t\t\t<\/div>\n\t\t\t\t<div class=\"elementor-element elementor-element-39e4f2b8 elementor-view-stacked elementor-position-inline-start elementor-shape-circle elementor-mobile-position-block-start elementor-widget elementor-widget-icon-box\" data-id=\"39e4f2b8\" data-element_type=\"widget\" data-e-type=\"widget\" data-widget_type=\"icon-box.default\">\n\t\t\t\t<div class=\"elementor-widget-container\">\n\t\t\t\t\t\t\t<div class=\"elementor-icon-box-wrapper\">\n\n\t\t\t\t\t\t<div class=\"elementor-icon-box-icon\">\n\t\t\t\t<a href=\"tel:%20656%20965%20732\" class=\"elementor-icon\" tabindex=\"-1\" aria-label=\"Alexei\">\n\t\t\t\t<svg aria-hidden=\"true\" class=\"e-font-icon-svg e-fas-phone\" viewbox=\"0 0 512 512\" xmlns=\"http:\/\/www.w3.org\/2000\/svg\"><path d=\"M493.4 24.6l-104-24c-11.3-2.6-22.9 3.3-27.5 13.9l-48 112c-4.2 9.8-1.4 21.3 6.9 28l60.6 49.6c-36 76.7-98.9 140.5-177.2 177.2l-49.6-60.6c-6.8-8.3-18.2-11.1-28-6.9l-112 48C3.9 366.5-2 378.1.6 389.4l24 104C27.1 504.2 36.7 512 48 512c256.1 0 464-207.5 464-464 0-11.2-7.7-20.9-18.6-23.4z\"><\/path><\/svg>\t\t\t\t<\/a>\n\t\t\t<\/div>\n\t\t\t\n\t\t\t\t\t\t<div class=\"elementor-icon-box-content\">\n\n\t\t\t\t\t\t\t\t\t<h4 class=\"elementor-icon-box-title\">\n\t\t\t\t\t\t<a href=\"tel:%20656%20965%20732\" >\n\t\t\t\t\t\t\tAlexei\t\t\t\t\t\t<\/a>\n\t\t\t\t\t<\/h4>\n\t\t\t\t\n\t\t\t\t\t\t\t\t\t<p class=\"elementor-icon-box-description\">\n\t\t\t\t\t\t656 965 732\t\t\t\t\t<\/p>\n\t\t\t\t\n\t\t\t<\/div>\n\t\t\t\n\t\t<\/div>\n\t\t\t\t\t\t<\/div>\n\t\t\t\t<\/div>\n\t\t\t\t\t<\/div>\n\t\t<\/div>\n\t\t\t\t\t<\/div>\n\t\t<\/section>\n\t\t\t\t\t<\/div>\n\t\t<\/div>\n\t\t\t\t\t<\/div>\n\t\t<\/section>\n\t\t\t\t<\/div>","protected":false},"excerpt":{"rendered":"<p>Autocaravana Citro\u00ebn Jumper 2.0 49.000 \u20ac Descripci\u00f3n del veh\u00edculo Autocaravana Citro\u00ebn Jumper 2.0 hdi 130 cv A\u00f1o 201992.848 km Perfilada HAPPY PLA 385Muy bien cuidada5 viajar \/ 5 dormirAire acondicionado en cabinaLongitud largo 6,95 metros, compacta.C\u00e1mara trasera, llantas 16\u201dCama vasculante el\u00e9ctricaCama trasera gemelar, unida 197 x 214 cmFaros antiniebla Techo panor\u00e1mico en cabina, techo recubierto [&hellip;]<\/p>\n","protected":false},"author":1,"featured_media":2768,"parent":24,"menu_order":0,"comment_status":"closed","ping_status":"closed","template":"elementor_canvas","meta":{"footnotes":""},"class_list":["post-2767","page","type-page","status-publish","has-post-thumbnail","hentry"],"yoast_head":"<!-- This site is optimized with the Yoast SEO plugin v27.5 - https:\/\/yoast.com\/product\/yoast-seo-wordpress\/ -->\n<title>Autocaravana Citro\u00ebn Jumper 2.0 - M.C. Autocaravanas Getxo S.L<\/title>\n<meta name=\"robots\" content=\"index, follow, max-snippet:-1, max-image-preview:large, max-video-preview:-1\" \/>\n<link rel=\"canonical\" href=\"https:\/\/mcautocaravanas.com\/eus\/venta\/autocaravanas-y-furgocamper-de-segunda-mano\/autocaravana-citroen-jumper-2-0\/\" \/>\n<meta property=\"og:locale\" content=\"en_US\" \/>\n<meta property=\"og:type\" content=\"article\" \/>\n<meta property=\"og:title\" content=\"Autocaravana Citro\u00ebn Jumper 2.0 - M.C. Autocaravanas Getxo S.L\" \/>\n<meta property=\"og:description\" content=\"Autocaravana Citro\u00ebn Jumper 2.0 49.000 \u20ac Descripci\u00f3n del veh\u00edculo Autocaravana Citro\u00ebn Jumper 2.0 hdi 130 cv A\u00f1o 201992.848 km Perfilada HAPPY PLA 385Muy bien cuidada5 viajar \/ 5 dormirAire acondicionado en cabinaLongitud largo 6,95 metros, compacta.C\u00e1mara trasera, llantas 16\u201dCama vasculante el\u00e9ctricaCama trasera gemelar, unida 197 x 214 cmFaros antiniebla Techo panor\u00e1mico en cabina, techo recubierto [&hellip;]\" \/>\n<meta property=\"og:url\" content=\"https:\/\/mcautocaravanas.com\/eus\/venta\/autocaravanas-y-furgocamper-de-segunda-mano\/autocaravana-citroen-jumper-2-0\/\" \/>\n<meta property=\"og:site_name\" content=\"M.C. Autocaravanas Getxo S.L\" \/>\n<meta property=\"article:modified_time\" content=\"2025-05-15T10:26:49+00:00\" \/>\n<meta property=\"og:image\" content=\"https:\/\/mcautocaravanas.com\/wp-content\/uploads\/2025\/04\/WhatsApp-Image-2025-04-08-at-12.44.17.jpeg\" \/>\n\t<meta property=\"og:image:width\" content=\"1560\" \/>\n\t<meta property=\"og:image:height\" content=\"1068\" \/>\n\t<meta property=\"og:image:type\" content=\"image\/jpeg\" \/>\n<meta name=\"twitter:card\" content=\"summary_large_image\" \/>\n<meta name=\"twitter:label1\" content=\"Est. reading time\" \/>\n\t<meta name=\"twitter:data1\" content=\"1 minutua\" \/>\n<script type=\"application\/ld+json\" class=\"yoast-schema-graph\">{\"@context\":\"https:\\\/\\\/schema.org\",\"@graph\":[{\"@type\":\"WebPage\",\"@id\":\"https:\\\/\\\/mcautocaravanas.com\\\/venta\\\/autocaravanas-y-furgocamper-de-segunda-mano\\\/autocaravana-citroen-jumper-2-0\\\/\",\"url\":\"https:\\\/\\\/mcautocaravanas.com\\\/venta\\\/autocaravanas-y-furgocamper-de-segunda-mano\\\/autocaravana-citroen-jumper-2-0\\\/\",\"name\":\"Autocaravana Citro\u00ebn Jumper 2.0 - M.C. Autocaravanas Getxo S.L\",\"isPartOf\":{\"@id\":\"https:\\\/\\\/mcautocaravanas.com\\\/#website\"},\"primaryImageOfPage\":{\"@id\":\"https:\\\/\\\/mcautocaravanas.com\\\/venta\\\/autocaravanas-y-furgocamper-de-segunda-mano\\\/autocaravana-citroen-jumper-2-0\\\/#primaryimage\"},\"image\":{\"@id\":\"https:\\\/\\\/mcautocaravanas.com\\\/venta\\\/autocaravanas-y-furgocamper-de-segunda-mano\\\/autocaravana-citroen-jumper-2-0\\\/#primaryimage\"},\"thumbnailUrl\":\"https:\\\/\\\/mcautocaravanas.com\\\/wp-content\\\/uploads\\\/2025\\\/04\\\/WhatsApp-Image-2025-04-08-at-12.44.17.jpeg\",\"datePublished\":\"2025-04-09T18:45:02+00:00\",\"dateModified\":\"2025-05-15T10:26:49+00:00\",\"breadcrumb\":{\"@id\":\"https:\\\/\\\/mcautocaravanas.com\\\/venta\\\/autocaravanas-y-furgocamper-de-segunda-mano\\\/autocaravana-citroen-jumper-2-0\\\/#breadcrumb\"},\"inLanguage\":\"eu\",\"potentialAction\":[{\"@type\":\"ReadAction\",\"target\":[\"https:\\\/\\\/mcautocaravanas.com\\\/venta\\\/autocaravanas-y-furgocamper-de-segunda-mano\\\/autocaravana-citroen-jumper-2-0\\\/\"]}]},{\"@type\":\"ImageObject\",\"inLanguage\":\"eu\",\"@id\":\"https:\\\/\\\/mcautocaravanas.com\\\/venta\\\/autocaravanas-y-furgocamper-de-segunda-mano\\\/autocaravana-citroen-jumper-2-0\\\/#primaryimage\",\"url\":\"https:\\\/\\\/mcautocaravanas.com\\\/wp-content\\\/uploads\\\/2025\\\/04\\\/WhatsApp-Image-2025-04-08-at-12.44.17.jpeg\",\"contentUrl\":\"https:\\\/\\\/mcautocaravanas.com\\\/wp-content\\\/uploads\\\/2025\\\/04\\\/WhatsApp-Image-2025-04-08-at-12.44.17.jpeg\",\"width\":1560,\"height\":1068,\"caption\":\"Citro\u00ebn Jumper 2.0\"},{\"@type\":\"BreadcrumbList\",\"@id\":\"https:\\\/\\\/mcautocaravanas.com\\\/venta\\\/autocaravanas-y-furgocamper-de-segunda-mano\\\/autocaravana-citroen-jumper-2-0\\\/#breadcrumb\",\"itemListElement\":[{\"@type\":\"ListItem\",\"position\":1,\"name\":\"Portada\",\"item\":\"https:\\\/\\\/mcautocaravanas.com\\\/\"},{\"@type\":\"ListItem\",\"position\":2,\"name\":\"Venta borrar\",\"item\":\"https:\\\/\\\/mcautocaravanas.com\\\/venta\\\/\"},{\"@type\":\"ListItem\",\"position\":3,\"name\":\"Autocaravanas y furgocamper de segunda mano\",\"item\":\"https:\\\/\\\/mcautocaravanas.com\\\/venta\\\/autocaravanas-y-furgocamper-de-segunda-mano\\\/\"},{\"@type\":\"ListItem\",\"position\":4,\"name\":\"Autocaravana Citro\u00ebn Jumper 2.0\"}]},{\"@type\":\"WebSite\",\"@id\":\"https:\\\/\\\/mcautocaravanas.com\\\/#website\",\"url\":\"https:\\\/\\\/mcautocaravanas.com\\\/\",\"name\":\"M.C. Autocaravanas Getxo S.L\",\"description\":\"\u00bfListo para una aventura inolvidable? En M.C Autocaravanas Getxo, te ofrecemos la oportunidad de explorar el mundo a tu ritmo con nuestras autocaravanas de \u00faltima generaci\u00f3n.\",\"publisher\":{\"@id\":\"https:\\\/\\\/mcautocaravanas.com\\\/#organization\"},\"potentialAction\":[{\"@type\":\"SearchAction\",\"target\":{\"@type\":\"EntryPoint\",\"urlTemplate\":\"https:\\\/\\\/mcautocaravanas.com\\\/?s={search_term_string}\"},\"query-input\":{\"@type\":\"PropertyValueSpecification\",\"valueRequired\":true,\"valueName\":\"search_term_string\"}}],\"inLanguage\":\"eu\"},{\"@type\":\"Organization\",\"@id\":\"https:\\\/\\\/mcautocaravanas.com\\\/#organization\",\"name\":\"M.C. Autocaravanas Getxo S.L\",\"url\":\"https:\\\/\\\/mcautocaravanas.com\\\/\",\"logo\":{\"@type\":\"ImageObject\",\"inLanguage\":\"eu\",\"@id\":\"https:\\\/\\\/mcautocaravanas.com\\\/#\\\/schema\\\/logo\\\/image\\\/\",\"url\":\"https:\\\/\\\/mcautocaravanas.com\\\/wp-content\\\/uploads\\\/2024\\\/06\\\/cropped-cropped-M.C-AUTOCARAVANAS-1-2.png\",\"contentUrl\":\"https:\\\/\\\/mcautocaravanas.com\\\/wp-content\\\/uploads\\\/2024\\\/06\\\/cropped-cropped-M.C-AUTOCARAVANAS-1-2.png\",\"width\":512,\"height\":484,\"caption\":\"M.C. Autocaravanas Getxo S.L\"},\"image\":{\"@id\":\"https:\\\/\\\/mcautocaravanas.com\\\/#\\\/schema\\\/logo\\\/image\\\/\"}}]}<\/script>\n<!-- \/ Yoast SEO plugin. -->","yoast_head_json":{"title":"Autocaravana Citro\u00ebn Jumper 2.0 - M.C. Autocaravanas Getxo S.L","robots":{"index":"index","follow":"follow","max-snippet":"max-snippet:-1","max-image-preview":"max-image-preview:large","max-video-preview":"max-video-preview:-1"},"canonical":"https:\/\/mcautocaravanas.com\/eus\/venta\/autocaravanas-y-furgocamper-de-segunda-mano\/autocaravana-citroen-jumper-2-0\/","og_locale":"en_US","og_type":"article","og_title":"Autocaravana Citro\u00ebn Jumper 2.0 - M.C. Autocaravanas Getxo S.L","og_description":"Autocaravana Citro\u00ebn Jumper 2.0 49.000 \u20ac Descripci\u00f3n del veh\u00edculo Autocaravana Citro\u00ebn Jumper 2.0 hdi 130 cv A\u00f1o 201992.848 km Perfilada HAPPY PLA 385Muy bien cuidada5 viajar \/ 5 dormirAire acondicionado en cabinaLongitud largo 6,95 metros, compacta.C\u00e1mara trasera, llantas 16\u201dCama vasculante el\u00e9ctricaCama trasera gemelar, unida 197 x 214 cmFaros antiniebla Techo panor\u00e1mico en cabina, techo recubierto [&hellip;]","og_url":"https:\/\/mcautocaravanas.com\/eus\/venta\/autocaravanas-y-furgocamper-de-segunda-mano\/autocaravana-citroen-jumper-2-0\/","og_site_name":"M.C. Autocaravanas Getxo S.L","article_modified_time":"2025-05-15T10:26:49+00:00","og_image":[{"width":1560,"height":1068,"url":"https:\/\/mcautocaravanas.com\/wp-content\/uploads\/2025\/04\/WhatsApp-Image-2025-04-08-at-12.44.17.jpeg","type":"image\/jpeg"}],"twitter_card":"summary_large_image","twitter_misc":{"Est. reading time":"1 minutua"},"schema":{"@context":"https:\/\/schema.org","@graph":[{"@type":"WebPage","@id":"https:\/\/mcautocaravanas.com\/venta\/autocaravanas-y-furgocamper-de-segunda-mano\/autocaravana-citroen-jumper-2-0\/","url":"https:\/\/mcautocaravanas.com\/venta\/autocaravanas-y-furgocamper-de-segunda-mano\/autocaravana-citroen-jumper-2-0\/","name":"Autocaravana Citro\u00ebn Jumper 2.0 - M.C. Autocaravanas Getxo S.L","isPartOf":{"@id":"https:\/\/mcautocaravanas.com\/#website"},"primaryImageOfPage":{"@id":"https:\/\/mcautocaravanas.com\/venta\/autocaravanas-y-furgocamper-de-segunda-mano\/autocaravana-citroen-jumper-2-0\/#primaryimage"},"image":{"@id":"https:\/\/mcautocaravanas.com\/venta\/autocaravanas-y-furgocamper-de-segunda-mano\/autocaravana-citroen-jumper-2-0\/#primaryimage"},"thumbnailUrl":"https:\/\/mcautocaravanas.com\/wp-content\/uploads\/2025\/04\/WhatsApp-Image-2025-04-08-at-12.44.17.jpeg","datePublished":"2025-04-09T18:45:02+00:00","dateModified":"2025-05-15T10:26:49+00:00","breadcrumb":{"@id":"https:\/\/mcautocaravanas.com\/venta\/autocaravanas-y-furgocamper-de-segunda-mano\/autocaravana-citroen-jumper-2-0\/#breadcrumb"},"inLanguage":"eu","potentialAction":[{"@type":"ReadAction","target":["https:\/\/mcautocaravanas.com\/venta\/autocaravanas-y-furgocamper-de-segunda-mano\/autocaravana-citroen-jumper-2-0\/"]}]},{"@type":"ImageObject","inLanguage":"eu","@id":"https:\/\/mcautocaravanas.com\/venta\/autocaravanas-y-furgocamper-de-segunda-mano\/autocaravana-citroen-jumper-2-0\/#primaryimage","url":"https:\/\/mcautocaravanas.com\/wp-content\/uploads\/2025\/04\/WhatsApp-Image-2025-04-08-at-12.44.17.jpeg","contentUrl":"https:\/\/mcautocaravanas.com\/wp-content\/uploads\/2025\/04\/WhatsApp-Image-2025-04-08-at-12.44.17.jpeg","width":1560,"height":1068,"caption":"Citro\u00ebn Jumper 2.0"},{"@type":"BreadcrumbList","@id":"https:\/\/mcautocaravanas.com\/venta\/autocaravanas-y-furgocamper-de-segunda-mano\/autocaravana-citroen-jumper-2-0\/#breadcrumb","itemListElement":[{"@type":"ListItem","position":1,"name":"Portada","item":"https:\/\/mcautocaravanas.com\/"},{"@type":"ListItem","position":2,"name":"Venta borrar","item":"https:\/\/mcautocaravanas.com\/venta\/"},{"@type":"ListItem","position":3,"name":"Autocaravanas y furgocamper de segunda mano","item":"https:\/\/mcautocaravanas.com\/venta\/autocaravanas-y-furgocamper-de-segunda-mano\/"},{"@type":"ListItem","position":4,"name":"Autocaravana Citro\u00ebn Jumper 2.0"}]},{"@type":"WebSite","@id":"https:\/\/mcautocaravanas.com\/#website","url":"https:\/\/mcautocaravanas.com\/","name":"M.C. Autocaravanas Getxo S.L","description":"Abentura ahaztezin baterako prest? M.C Autocaravanas Getxon, mundua zure erritmoan esploratzeko aukera eskaintzen dizugu gure azken belaunaldiko autokarabanekin.","publisher":{"@id":"https:\/\/mcautocaravanas.com\/#organization"},"potentialAction":[{"@type":"SearchAction","target":{"@type":"EntryPoint","urlTemplate":"https:\/\/mcautocaravanas.com\/?s={search_term_string}"},"query-input":{"@type":"PropertyValueSpecification","valueRequired":true,"valueName":"search_term_string"}}],"inLanguage":"eu"},{"@type":"Organization","@id":"https:\/\/mcautocaravanas.com\/#organization","name":"M.C. Autocaravanas Getxo S.L","url":"https:\/\/mcautocaravanas.com\/","logo":{"@type":"ImageObject","inLanguage":"eu","@id":"https:\/\/mcautocaravanas.com\/#\/schema\/logo\/image\/","url":"https:\/\/mcautocaravanas.com\/wp-content\/uploads\/2024\/06\/cropped-cropped-M.C-AUTOCARAVANAS-1-2.png","contentUrl":"https:\/\/mcautocaravanas.com\/wp-content\/uploads\/2024\/06\/cropped-cropped-M.C-AUTOCARAVANAS-1-2.png","width":512,"height":484,"caption":"M.C. Autocaravanas Getxo S.L"},"image":{"@id":"https:\/\/mcautocaravanas.com\/#\/schema\/logo\/image\/"}}]}},"_links":{"self":[{"href":"https:\/\/mcautocaravanas.com\/eus\/wp-json\/wp\/v2\/pages\/2767","targetHints":{"allow":["GET"]}}],"collection":[{"href":"https:\/\/mcautocaravanas.com\/eus\/wp-json\/wp\/v2\/pages"}],"about":[{"href":"https:\/\/mcautocaravanas.com\/eus\/wp-json\/wp\/v2\/types\/page"}],"author":[{"embeddable":true,"href":"https:\/\/mcautocaravanas.com\/eus\/wp-json\/wp\/v2\/users\/1"}],"replies":[{"embeddable":true,"href":"https:\/\/mcautocaravanas.com\/eus\/wp-json\/wp\/v2\/comments?post=2767"}],"version-history":[{"count":9,"href":"https:\/\/mcautocaravanas.com\/eus\/wp-json\/wp\/v2\/pages\/2767\/revisions"}],"predecessor-version":[{"id":3105,"href":"https:\/\/mcautocaravanas.com\/eus\/wp-json\/wp\/v2\/pages\/2767\/revisions\/3105"}],"up":[{"embeddable":true,"href":"https:\/\/mcautocaravanas.com\/eus\/wp-json\/wp\/v2\/pages\/24"}],"wp:featuredmedia":[{"embeddable":true,"href":"https:\/\/mcautocaravanas.com\/eus\/wp-json\/wp\/v2\/media\/2768"}],"wp:attachment":[{"href":"https:\/\/mcautocaravanas.com\/eus\/wp-json\/wp\/v2\/media?parent=2767"}],"curies":[{"name":"wp","href":"https:\/\/api.w.org\/{rel}","templated":true}]}}