{"id":2709,"date":"2025-04-06T19:21:54","date_gmt":"2025-04-06T19:21:54","guid":{"rendered":"https:\/\/mcautocaravanas.com\/?page_id=2709"},"modified":"2025-04-22T17:56:49","modified_gmt":"2025-04-22T17:56:49","slug":"autocaravana-citroen-jumper-bavaria","status":"publish","type":"page","link":"https:\/\/mcautocaravanas.com\/eus\/venta\/autocaravanas-y-furgocamper-de-segunda-mano\/autocaravana-citroen-jumper-bavaria\/","title":{"rendered":"Citro\u00ebn Jumper Bavaria"},"content":{"rendered":"<div data-elementor-type=\"wp-page\" data-elementor-id=\"2709\" class=\"elementor elementor-2709\" data-elementor-post-type=\"page\">\n\t\t\t\t\t\t<section class=\"elementor-section elementor-top-section elementor-element elementor-element-516c83e2 elementor-section-boxed elementor-section-height-default elementor-section-height-default\" data-id=\"516c83e2\" data-element_type=\"section\" data-e-type=\"section\">\n\t\t\t\t\t\t<div class=\"elementor-container elementor-column-gap-default\">\n\t\t\t\t\t<div class=\"elementor-column elementor-col-50 elementor-top-column elementor-element elementor-element-18e48cc5\" data-id=\"18e48cc5\" data-element_type=\"column\" data-e-type=\"column\">\n\t\t\t<div class=\"elementor-widget-wrap elementor-element-populated\">\n\t\t\t\t\t\t<section class=\"elementor-section elementor-inner-section elementor-element elementor-element-2b04f235 elementor-section-full_width elementor-section-height-default elementor-section-height-default\" data-id=\"2b04f235\" data-element_type=\"section\" data-e-type=\"section\">\n\t\t\t\t\t\t<div class=\"elementor-container elementor-column-gap-no\">\n\t\t\t\t\t<div class=\"elementor-column elementor-col-50 elementor-inner-column elementor-element elementor-element-35160016\" data-id=\"35160016\" data-element_type=\"column\" data-e-type=\"column\">\n\t\t\t<div class=\"elementor-widget-wrap elementor-element-populated\">\n\t\t\t\t\t\t<div class=\"elementor-element elementor-element-ab39ad0 elementor-widget__width-initial elementor-widget elementor-widget-heading\" data-id=\"ab39ad0\" data-element_type=\"widget\" data-e-type=\"widget\" data-widget_type=\"heading.default\">\n\t\t\t\t<div class=\"elementor-widget-container\">\n\t\t\t\t\t<h1 class=\"elementor-heading-title elementor-size-default\">VENDIDA<\/h1>\t\t\t\t<\/div>\n\t\t\t\t<\/div>\n\t\t\t\t<div class=\"elementor-element elementor-element-6dd5fe65 elementor-widget__width-initial elementor-widget elementor-widget-heading\" data-id=\"6dd5fe65\" data-element_type=\"widget\" data-e-type=\"widget\" data-widget_type=\"heading.default\">\n\t\t\t\t<div class=\"elementor-widget-container\">\n\t\t\t\t\t<h2 class=\"elementor-heading-title elementor-size-default\">Autocaravana Citro\u00ebn Jumper Bavaria<\/h2>\t\t\t\t<\/div>\n\t\t\t\t<\/div>\n\t\t\t\t\t<\/div>\n\t\t<\/div>\n\t\t\t\t<div class=\"elementor-column elementor-col-50 elementor-inner-column elementor-element elementor-element-2adb5a52\" data-id=\"2adb5a52\" data-element_type=\"column\" data-e-type=\"column\">\n\t\t\t<div class=\"elementor-widget-wrap elementor-element-populated\">\n\t\t\t\t\t\t<div class=\"elementor-element elementor-element-353a3315 elementor-widget__width-initial elementor-widget elementor-widget-heading\" data-id=\"353a3315\" data-element_type=\"widget\" data-e-type=\"widget\" data-widget_type=\"heading.default\">\n\t\t\t\t<div class=\"elementor-widget-container\">\n\t\t\t\t\t<h4 class=\"elementor-heading-title elementor-size-default\">27.000 \u20ac<\/h4>\t\t\t\t<\/div>\n\t\t\t\t<\/div>\n\t\t\t\t\t<\/div>\n\t\t<\/div>\n\t\t\t\t\t<\/div>\n\t\t<\/section>\n\t\t\t\t<div class=\"elementor-element elementor-element-40445a4d elementor-widget elementor-widget-image\" data-id=\"40445a4d\" data-element_type=\"widget\" data-e-type=\"widget\" data-widget_type=\"image.default\">\n\t\t\t\t<div class=\"elementor-widget-container\">\n\t\t\t\t\t\t\t\t\t\t\t\t\t\t\t<img fetchpriority=\"high\" decoding=\"async\" width=\"2048\" height=\"1536\" src=\"https:\/\/mcautocaravanas.com\/wp-content\/uploads\/2025\/04\/WhatsApp-Image-2025-04-03-at-19.49.09-1.jpeg\" class=\"attachment-full size-full wp-image-2710\" alt=\"Autocaravana Citro\u00ebn Jumper Bavaria\" srcset=\"https:\/\/mcautocaravanas.com\/wp-content\/uploads\/2025\/04\/WhatsApp-Image-2025-04-03-at-19.49.09-1.jpeg 2048w, https:\/\/mcautocaravanas.com\/wp-content\/uploads\/2025\/04\/WhatsApp-Image-2025-04-03-at-19.49.09-1-300x225.jpeg 300w, https:\/\/mcautocaravanas.com\/wp-content\/uploads\/2025\/04\/WhatsApp-Image-2025-04-03-at-19.49.09-1-1024x768.jpeg 1024w, https:\/\/mcautocaravanas.com\/wp-content\/uploads\/2025\/04\/WhatsApp-Image-2025-04-03-at-19.49.09-1-768x576.jpeg 768w, https:\/\/mcautocaravanas.com\/wp-content\/uploads\/2025\/04\/WhatsApp-Image-2025-04-03-at-19.49.09-1-1536x1152.jpeg 1536w, https:\/\/mcautocaravanas.com\/wp-content\/uploads\/2025\/04\/WhatsApp-Image-2025-04-03-at-19.49.09-1-16x12.jpeg 16w\" sizes=\"(max-width: 2048px) 100vw, 2048px\" \/>\t\t\t\t\t\t\t\t\t\t\t\t\t\t\t<\/div>\n\t\t\t\t<\/div>\n\t\t\t\t<section class=\"elementor-section elementor-inner-section elementor-element elementor-element-4f47cfbb elementor-section-boxed elementor-section-height-default elementor-section-height-default\" data-id=\"4f47cfbb\" data-element_type=\"section\" data-e-type=\"section\">\n\t\t\t\t\t\t<div class=\"elementor-container elementor-column-gap-no\">\n\t\t\t\t\t<div class=\"elementor-column elementor-col-100 elementor-inner-column elementor-element elementor-element-36847d44\" data-id=\"36847d44\" data-element_type=\"column\" data-e-type=\"column\">\n\t\t\t<div class=\"elementor-widget-wrap elementor-element-populated\">\n\t\t\t\t\t\t<div class=\"elementor-element elementor-element-6513075 elementor-widget elementor-widget-gallery\" data-id=\"6513075\" data-element_type=\"widget\" data-e-type=\"widget\" data-settings=\"{&quot;gallery_layout&quot;:&quot;grid&quot;,&quot;columns&quot;:4,&quot;columns_tablet&quot;:2,&quot;columns_mobile&quot;:1,&quot;gap&quot;:{&quot;unit&quot;:&quot;px&quot;,&quot;size&quot;:10,&quot;sizes&quot;:[]},&quot;gap_tablet&quot;:{&quot;unit&quot;:&quot;px&quot;,&quot;size&quot;:10,&quot;sizes&quot;:[]},&quot;gap_mobile&quot;:{&quot;unit&quot;:&quot;px&quot;,&quot;size&quot;:10,&quot;sizes&quot;:[]},&quot;link_to&quot;:&quot;file&quot;,&quot;aspect_ratio&quot;:&quot;3:2&quot;,&quot;overlay_background&quot;:&quot;yes&quot;,&quot;content_hover_animation&quot;:&quot;fade-in&quot;}\" data-widget_type=\"gallery.default\">\n\t\t\t\t<div class=\"elementor-widget-container\">\n\t\t\t\t\t\t\t<div class=\"elementor-gallery__container\">\n\t\t\t\t\t\t\t<a class=\"e-gallery-item elementor-gallery-item elementor-animated-content\" href=\"https:\/\/mcautocaravanas.com\/wp-content\/uploads\/2025\/04\/WhatsApp-Image-2025-04-03-at-19.49.04.jpeg\" data-elementor-open-lightbox=\"yes\" data-elementor-lightbox-slideshow=\"6513075\" data-elementor-lightbox-title=\"Autocaravana Citro\u00ebn Jumper Bavaria\" data-elementor-lightbox-description=\"Autocaravana Citro\u00ebn Jumper Bavaria\" data-e-action-hash=\"#elementor-action%3Aaction%3Dlightbox%26settings%3DeyJpZCI6MjcxMSwidXJsIjoiaHR0cHM6XC9cL21jYXV0b2NhcmF2YW5hcy5jb21cL3dwLWNvbnRlbnRcL3VwbG9hZHNcLzIwMjVcLzA0XC9XaGF0c0FwcC1JbWFnZS0yMDI1LTA0LTAzLWF0LTE5LjQ5LjA0LmpwZWciLCJzbGlkZXNob3ciOiI2NTEzMDc1In0%3D\">\n\t\t\t\t\t<div class=\"e-gallery-image elementor-gallery-item__image\" data-thumbnail=\"https:\/\/mcautocaravanas.com\/wp-content\/uploads\/2025\/04\/WhatsApp-Image-2025-04-03-at-19.49.04.jpeg\" data-width=\"1200\" data-height=\"1600\" aria-label=\"Autocaravana Citro\u00ebn Jumper Bavaria\" role=\"img\" ><\/div>\n\t\t\t\t\t\t\t\t\t\t\t<div class=\"elementor-gallery-item__overlay\"><\/div>\n\t\t\t\t\t\t\t\t\t\t\t\t\t\t<\/a>\n\t\t\t\t\t\t\t<a class=\"e-gallery-item elementor-gallery-item elementor-animated-content\" href=\"https:\/\/mcautocaravanas.com\/wp-content\/uploads\/2025\/04\/WhatsApp-Image-2025-04-03-at-19.49.05.jpeg\" data-elementor-open-lightbox=\"yes\" data-elementor-lightbox-slideshow=\"6513075\" data-elementor-lightbox-title=\"Autocaravana Citro\u00ebn Jumper Bavaria\" data-elementor-lightbox-description=\"Autocaravana Citro\u00ebn Jumper Bavaria\" data-e-action-hash=\"#elementor-action%3Aaction%3Dlightbox%26settings%3DeyJpZCI6MjcxMiwidXJsIjoiaHR0cHM6XC9cL21jYXV0b2NhcmF2YW5hcy5jb21cL3dwLWNvbnRlbnRcL3VwbG9hZHNcLzIwMjVcLzA0XC9XaGF0c0FwcC1JbWFnZS0yMDI1LTA0LTAzLWF0LTE5LjQ5LjA1LmpwZWciLCJzbGlkZXNob3ciOiI2NTEzMDc1In0%3D\">\n\t\t\t\t\t<div class=\"e-gallery-image elementor-gallery-item__image\" data-thumbnail=\"https:\/\/mcautocaravanas.com\/wp-content\/uploads\/2025\/04\/WhatsApp-Image-2025-04-03-at-19.49.05.jpeg\" data-width=\"1200\" data-height=\"1600\" aria-label=\"Autocaravana Citro\u00ebn Jumper Bavaria\" role=\"img\" ><\/div>\n\t\t\t\t\t\t\t\t\t\t\t<div class=\"elementor-gallery-item__overlay\"><\/div>\n\t\t\t\t\t\t\t\t\t\t\t\t\t\t<\/a>\n\t\t\t\t\t\t\t<a class=\"e-gallery-item elementor-gallery-item elementor-animated-content\" href=\"https:\/\/mcautocaravanas.com\/wp-content\/uploads\/2025\/04\/WhatsApp-Image-2025-04-03-at-19.49.06-1.jpeg\" data-elementor-open-lightbox=\"yes\" data-elementor-lightbox-slideshow=\"6513075\" data-elementor-lightbox-title=\"Autocaravana Citro\u00ebn Jumper Bavaria\" data-elementor-lightbox-description=\"Autocaravana Citro\u00ebn Jumper Bavaria\" data-e-action-hash=\"#elementor-action%3Aaction%3Dlightbox%26settings%3DeyJpZCI6MjcxMywidXJsIjoiaHR0cHM6XC9cL21jYXV0b2NhcmF2YW5hcy5jb21cL3dwLWNvbnRlbnRcL3VwbG9hZHNcLzIwMjVcLzA0XC9XaGF0c0FwcC1JbWFnZS0yMDI1LTA0LTAzLWF0LTE5LjQ5LjA2LTEuanBlZyIsInNsaWRlc2hvdyI6IjY1MTMwNzUifQ%3D%3D\">\n\t\t\t\t\t<div class=\"e-gallery-image elementor-gallery-item__image\" data-thumbnail=\"https:\/\/mcautocaravanas.com\/wp-content\/uploads\/2025\/04\/WhatsApp-Image-2025-04-03-at-19.49.06-1.jpeg\" data-width=\"1200\" data-height=\"1600\" aria-label=\"Autocaravana Citro\u00ebn Jumper Bavaria\" role=\"img\" ><\/div>\n\t\t\t\t\t\t\t\t\t\t\t<div class=\"elementor-gallery-item__overlay\"><\/div>\n\t\t\t\t\t\t\t\t\t\t\t\t\t\t<\/a>\n\t\t\t\t\t\t\t<a class=\"e-gallery-item elementor-gallery-item elementor-animated-content\" href=\"https:\/\/mcautocaravanas.com\/wp-content\/uploads\/2025\/04\/WhatsApp-Image-2025-04-03-at-19.49.06-2.jpeg\" data-elementor-open-lightbox=\"yes\" data-elementor-lightbox-slideshow=\"6513075\" data-elementor-lightbox-title=\"Autocaravana Citro\u00ebn Jumper Bavaria\" data-elementor-lightbox-description=\"Autocaravana Citro\u00ebn Jumper Bavaria\" data-e-action-hash=\"#elementor-action%3Aaction%3Dlightbox%26settings%3DeyJpZCI6MjcxNCwidXJsIjoiaHR0cHM6XC9cL21jYXV0b2NhcmF2YW5hcy5jb21cL3dwLWNvbnRlbnRcL3VwbG9hZHNcLzIwMjVcLzA0XC9XaGF0c0FwcC1JbWFnZS0yMDI1LTA0LTAzLWF0LTE5LjQ5LjA2LTIuanBlZyIsInNsaWRlc2hvdyI6IjY1MTMwNzUifQ%3D%3D\">\n\t\t\t\t\t<div class=\"e-gallery-image elementor-gallery-item__image\" data-thumbnail=\"https:\/\/mcautocaravanas.com\/wp-content\/uploads\/2025\/04\/WhatsApp-Image-2025-04-03-at-19.49.06-2.jpeg\" data-width=\"1200\" data-height=\"1600\" aria-label=\"Autocaravana Citro\u00ebn Jumper Bavaria\" role=\"img\" ><\/div>\n\t\t\t\t\t\t\t\t\t\t\t<div class=\"elementor-gallery-item__overlay\"><\/div>\n\t\t\t\t\t\t\t\t\t\t\t\t\t\t<\/a>\n\t\t\t\t\t\t\t<a class=\"e-gallery-item elementor-gallery-item elementor-animated-content\" href=\"https:\/\/mcautocaravanas.com\/wp-content\/uploads\/2025\/04\/WhatsApp-Image-2025-04-03-at-19.49.06-3.jpeg\" data-elementor-open-lightbox=\"yes\" data-elementor-lightbox-slideshow=\"6513075\" data-elementor-lightbox-title=\"Autocaravana Citro\u00ebn Jumper Bavaria\" data-elementor-lightbox-description=\"Autocaravana Citro\u00ebn Jumper Bavaria\" data-e-action-hash=\"#elementor-action%3Aaction%3Dlightbox%26settings%3DeyJpZCI6MjcxNSwidXJsIjoiaHR0cHM6XC9cL21jYXV0b2NhcmF2YW5hcy5jb21cL3dwLWNvbnRlbnRcL3VwbG9hZHNcLzIwMjVcLzA0XC9XaGF0c0FwcC1JbWFnZS0yMDI1LTA0LTAzLWF0LTE5LjQ5LjA2LTMuanBlZyIsInNsaWRlc2hvdyI6IjY1MTMwNzUifQ%3D%3D\">\n\t\t\t\t\t<div class=\"e-gallery-image elementor-gallery-item__image\" data-thumbnail=\"https:\/\/mcautocaravanas.com\/wp-content\/uploads\/2025\/04\/WhatsApp-Image-2025-04-03-at-19.49.06-3.jpeg\" data-width=\"1200\" data-height=\"1600\" aria-label=\"Autocaravana Citro\u00ebn Jumper Bavaria\" role=\"img\" ><\/div>\n\t\t\t\t\t\t\t\t\t\t\t<div class=\"elementor-gallery-item__overlay\"><\/div>\n\t\t\t\t\t\t\t\t\t\t\t\t\t\t<\/a>\n\t\t\t\t\t\t\t<a class=\"e-gallery-item elementor-gallery-item elementor-animated-content\" href=\"https:\/\/mcautocaravanas.com\/wp-content\/uploads\/2025\/04\/WhatsApp-Image-2025-04-03-at-19.49.06.jpeg\" data-elementor-open-lightbox=\"yes\" data-elementor-lightbox-slideshow=\"6513075\" data-elementor-lightbox-title=\"Autocaravana Citro\u00ebn Jumper Bavaria\" data-elementor-lightbox-description=\"Autocaravana Citro\u00ebn Jumper Bavaria\" data-e-action-hash=\"#elementor-action%3Aaction%3Dlightbox%26settings%3DeyJpZCI6MjcxNiwidXJsIjoiaHR0cHM6XC9cL21jYXV0b2NhcmF2YW5hcy5jb21cL3dwLWNvbnRlbnRcL3VwbG9hZHNcLzIwMjVcLzA0XC9XaGF0c0FwcC1JbWFnZS0yMDI1LTA0LTAzLWF0LTE5LjQ5LjA2LmpwZWciLCJzbGlkZXNob3ciOiI2NTEzMDc1In0%3D\">\n\t\t\t\t\t<div class=\"e-gallery-image elementor-gallery-item__image\" data-thumbnail=\"https:\/\/mcautocaravanas.com\/wp-content\/uploads\/2025\/04\/WhatsApp-Image-2025-04-03-at-19.49.06.jpeg\" data-width=\"1200\" data-height=\"1600\" aria-label=\"Autocaravana Citro\u00ebn Jumper Bavaria\" role=\"img\" ><\/div>\n\t\t\t\t\t\t\t\t\t\t\t<div class=\"elementor-gallery-item__overlay\"><\/div>\n\t\t\t\t\t\t\t\t\t\t\t\t\t\t<\/a>\n\t\t\t\t\t\t\t<a class=\"e-gallery-item elementor-gallery-item elementor-animated-content\" href=\"https:\/\/mcautocaravanas.com\/wp-content\/uploads\/2025\/04\/WhatsApp-Image-2025-04-03-at-19.49.07-2.jpeg\" data-elementor-open-lightbox=\"yes\" data-elementor-lightbox-slideshow=\"6513075\" data-elementor-lightbox-title=\"Autocaravana Citro\u00ebn Jumper Bavaria\" data-elementor-lightbox-description=\"Autocaravana Citro\u00ebn Jumper Bavaria\" data-e-action-hash=\"#elementor-action%3Aaction%3Dlightbox%26settings%3DeyJpZCI6MjcxNywidXJsIjoiaHR0cHM6XC9cL21jYXV0b2NhcmF2YW5hcy5jb21cL3dwLWNvbnRlbnRcL3VwbG9hZHNcLzIwMjVcLzA0XC9XaGF0c0FwcC1JbWFnZS0yMDI1LTA0LTAzLWF0LTE5LjQ5LjA3LTIuanBlZyIsInNsaWRlc2hvdyI6IjY1MTMwNzUifQ%3D%3D\">\n\t\t\t\t\t<div class=\"e-gallery-image elementor-gallery-item__image\" data-thumbnail=\"https:\/\/mcautocaravanas.com\/wp-content\/uploads\/2025\/04\/WhatsApp-Image-2025-04-03-at-19.49.07-2.jpeg\" data-width=\"1200\" data-height=\"1600\" aria-label=\"Autocaravana Citro\u00ebn Jumper Bavaria\" role=\"img\" ><\/div>\n\t\t\t\t\t\t\t\t\t\t\t<div class=\"elementor-gallery-item__overlay\"><\/div>\n\t\t\t\t\t\t\t\t\t\t\t\t\t\t<\/a>\n\t\t\t\t\t\t\t<a class=\"e-gallery-item elementor-gallery-item elementor-animated-content\" href=\"https:\/\/mcautocaravanas.com\/wp-content\/uploads\/2025\/04\/WhatsApp-Image-2025-04-03-at-19.49.07.jpeg\" data-elementor-open-lightbox=\"yes\" data-elementor-lightbox-slideshow=\"6513075\" data-elementor-lightbox-title=\"Autocaravana Citro\u00ebn Jumper Bavaria\" data-elementor-lightbox-description=\"Autocaravana Citro\u00ebn Jumper Bavaria\" data-e-action-hash=\"#elementor-action%3Aaction%3Dlightbox%26settings%3DeyJpZCI6MjcxOCwidXJsIjoiaHR0cHM6XC9cL21jYXV0b2NhcmF2YW5hcy5jb21cL3dwLWNvbnRlbnRcL3VwbG9hZHNcLzIwMjVcLzA0XC9XaGF0c0FwcC1JbWFnZS0yMDI1LTA0LTAzLWF0LTE5LjQ5LjA3LmpwZWciLCJzbGlkZXNob3ciOiI2NTEzMDc1In0%3D\">\n\t\t\t\t\t<div class=\"e-gallery-image elementor-gallery-item__image\" data-thumbnail=\"https:\/\/mcautocaravanas.com\/wp-content\/uploads\/2025\/04\/WhatsApp-Image-2025-04-03-at-19.49.07.jpeg\" data-width=\"1200\" data-height=\"1600\" aria-label=\"Autocaravana Citro\u00ebn Jumper Bavaria\" role=\"img\" ><\/div>\n\t\t\t\t\t\t\t\t\t\t\t<div class=\"elementor-gallery-item__overlay\"><\/div>\n\t\t\t\t\t\t\t\t\t\t\t\t\t\t<\/a>\n\t\t\t\t\t\t\t<a class=\"e-gallery-item elementor-gallery-item elementor-animated-content\" href=\"https:\/\/mcautocaravanas.com\/wp-content\/uploads\/2025\/04\/WhatsApp-Image-2025-04-03-at-19.49.08-2.jpeg\" data-elementor-open-lightbox=\"yes\" data-elementor-lightbox-slideshow=\"6513075\" data-elementor-lightbox-title=\"Autocaravana Citro\u00ebn Jumper Bavaria\" data-elementor-lightbox-description=\"Autocaravana Citro\u00ebn Jumper Bavaria\" data-e-action-hash=\"#elementor-action%3Aaction%3Dlightbox%26settings%3DeyJpZCI6MjcxOSwidXJsIjoiaHR0cHM6XC9cL21jYXV0b2NhcmF2YW5hcy5jb21cL3dwLWNvbnRlbnRcL3VwbG9hZHNcLzIwMjVcLzA0XC9XaGF0c0FwcC1JbWFnZS0yMDI1LTA0LTAzLWF0LTE5LjQ5LjA4LTIuanBlZyIsInNsaWRlc2hvdyI6IjY1MTMwNzUifQ%3D%3D\">\n\t\t\t\t\t<div class=\"e-gallery-image elementor-gallery-item__image\" data-thumbnail=\"https:\/\/mcautocaravanas.com\/wp-content\/uploads\/2025\/04\/WhatsApp-Image-2025-04-03-at-19.49.08-2.jpeg\" data-width=\"1536\" data-height=\"2048\" aria-label=\"Autocaravana Citro\u00ebn Jumper Bavaria\" role=\"img\" ><\/div>\n\t\t\t\t\t\t\t\t\t\t\t<div class=\"elementor-gallery-item__overlay\"><\/div>\n\t\t\t\t\t\t\t\t\t\t\t\t\t\t<\/a>\n\t\t\t\t\t\t\t<a class=\"e-gallery-item elementor-gallery-item elementor-animated-content\" href=\"https:\/\/mcautocaravanas.com\/wp-content\/uploads\/2025\/04\/WhatsApp-Image-2025-04-03-at-19.49.08-3.jpeg\" data-elementor-open-lightbox=\"yes\" data-elementor-lightbox-slideshow=\"6513075\" data-elementor-lightbox-title=\"Autocaravana Citro\u00ebn Jumper Bavaria\" data-elementor-lightbox-description=\"Autocaravana Citro\u00ebn Jumper Bavaria\" data-e-action-hash=\"#elementor-action%3Aaction%3Dlightbox%26settings%3DeyJpZCI6MjcyMCwidXJsIjoiaHR0cHM6XC9cL21jYXV0b2NhcmF2YW5hcy5jb21cL3dwLWNvbnRlbnRcL3VwbG9hZHNcLzIwMjVcLzA0XC9XaGF0c0FwcC1JbWFnZS0yMDI1LTA0LTAzLWF0LTE5LjQ5LjA4LTMuanBlZyIsInNsaWRlc2hvdyI6IjY1MTMwNzUifQ%3D%3D\">\n\t\t\t\t\t<div class=\"e-gallery-image elementor-gallery-item__image\" data-thumbnail=\"https:\/\/mcautocaravanas.com\/wp-content\/uploads\/2025\/04\/WhatsApp-Image-2025-04-03-at-19.49.08-3.jpeg\" data-width=\"1536\" data-height=\"2048\" aria-label=\"Autocaravana Citro\u00ebn Jumper Bavaria\" role=\"img\" ><\/div>\n\t\t\t\t\t\t\t\t\t\t\t<div class=\"elementor-gallery-item__overlay\"><\/div>\n\t\t\t\t\t\t\t\t\t\t\t\t\t\t<\/a>\n\t\t\t\t\t\t\t<a class=\"e-gallery-item elementor-gallery-item elementor-animated-content\" href=\"https:\/\/mcautocaravanas.com\/wp-content\/uploads\/2025\/04\/WhatsApp-Image-2025-04-03-at-19.49.08-4.jpeg\" data-elementor-open-lightbox=\"yes\" data-elementor-lightbox-slideshow=\"6513075\" data-elementor-lightbox-title=\"Autocaravana Citro\u00ebn Jumper Bavaria\" data-elementor-lightbox-description=\"Autocaravana Citro\u00ebn Jumper Bavaria\" data-e-action-hash=\"#elementor-action%3Aaction%3Dlightbox%26settings%3DeyJpZCI6MjcyMSwidXJsIjoiaHR0cHM6XC9cL21jYXV0b2NhcmF2YW5hcy5jb21cL3dwLWNvbnRlbnRcL3VwbG9hZHNcLzIwMjVcLzA0XC9XaGF0c0FwcC1JbWFnZS0yMDI1LTA0LTAzLWF0LTE5LjQ5LjA4LTQuanBlZyIsInNsaWRlc2hvdyI6IjY1MTMwNzUifQ%3D%3D\">\n\t\t\t\t\t<div class=\"e-gallery-image elementor-gallery-item__image\" data-thumbnail=\"https:\/\/mcautocaravanas.com\/wp-content\/uploads\/2025\/04\/WhatsApp-Image-2025-04-03-at-19.49.08-4.jpeg\" data-width=\"1536\" data-height=\"2048\" aria-label=\"Autocaravana Citro\u00ebn Jumper Bavaria\" role=\"img\" ><\/div>\n\t\t\t\t\t\t\t\t\t\t\t<div class=\"elementor-gallery-item__overlay\"><\/div>\n\t\t\t\t\t\t\t\t\t\t\t\t\t\t<\/a>\n\t\t\t\t\t\t\t<a class=\"e-gallery-item elementor-gallery-item elementor-animated-content\" href=\"https:\/\/mcautocaravanas.com\/wp-content\/uploads\/2025\/04\/WhatsApp-Image-2025-04-03-at-19.49.08-5.jpeg\" data-elementor-open-lightbox=\"yes\" data-elementor-lightbox-slideshow=\"6513075\" data-elementor-lightbox-title=\"Autocaravana Citro\u00ebn Jumper Bavaria\" data-elementor-lightbox-description=\"Autocaravana Citro\u00ebn Jumper Bavaria\" data-e-action-hash=\"#elementor-action%3Aaction%3Dlightbox%26settings%3DeyJpZCI6MjcyMiwidXJsIjoiaHR0cHM6XC9cL21jYXV0b2NhcmF2YW5hcy5jb21cL3dwLWNvbnRlbnRcL3VwbG9hZHNcLzIwMjVcLzA0XC9XaGF0c0FwcC1JbWFnZS0yMDI1LTA0LTAzLWF0LTE5LjQ5LjA4LTUuanBlZyIsInNsaWRlc2hvdyI6IjY1MTMwNzUifQ%3D%3D\">\n\t\t\t\t\t<div class=\"e-gallery-image elementor-gallery-item__image\" data-thumbnail=\"https:\/\/mcautocaravanas.com\/wp-content\/uploads\/2025\/04\/WhatsApp-Image-2025-04-03-at-19.49.08-5.jpeg\" data-width=\"1536\" data-height=\"2048\" aria-label=\"Autocaravana Citro\u00ebn Jumper Bavaria\" role=\"img\" ><\/div>\n\t\t\t\t\t\t\t\t\t\t\t<div class=\"elementor-gallery-item__overlay\"><\/div>\n\t\t\t\t\t\t\t\t\t\t\t\t\t\t<\/a>\n\t\t\t\t\t\t\t<a class=\"e-gallery-item elementor-gallery-item elementor-animated-content\" href=\"https:\/\/mcautocaravanas.com\/wp-content\/uploads\/2025\/04\/WhatsApp-Image-2025-04-03-at-19.49.08.jpeg\" data-elementor-open-lightbox=\"yes\" data-elementor-lightbox-slideshow=\"6513075\" data-elementor-lightbox-title=\"Autocaravana Citro\u00ebn Jumper Bavaria\" data-elementor-lightbox-description=\"Autocaravana Citro\u00ebn Jumper Bavaria\" data-e-action-hash=\"#elementor-action%3Aaction%3Dlightbox%26settings%3DeyJpZCI6MjcyMywidXJsIjoiaHR0cHM6XC9cL21jYXV0b2NhcmF2YW5hcy5jb21cL3dwLWNvbnRlbnRcL3VwbG9hZHNcLzIwMjVcLzA0XC9XaGF0c0FwcC1JbWFnZS0yMDI1LTA0LTAzLWF0LTE5LjQ5LjA4LmpwZWciLCJzbGlkZXNob3ciOiI2NTEzMDc1In0%3D\">\n\t\t\t\t\t<div class=\"e-gallery-image elementor-gallery-item__image\" data-thumbnail=\"https:\/\/mcautocaravanas.com\/wp-content\/uploads\/2025\/04\/WhatsApp-Image-2025-04-03-at-19.49.08.jpeg\" data-width=\"1536\" data-height=\"2048\" aria-label=\"Autocaravana Citro\u00ebn Jumper Bavaria\" role=\"img\" ><\/div>\n\t\t\t\t\t\t\t\t\t\t\t<div class=\"elementor-gallery-item__overlay\"><\/div>\n\t\t\t\t\t\t\t\t\t\t\t\t\t\t<\/a>\n\t\t\t\t\t\t\t<a class=\"e-gallery-item elementor-gallery-item elementor-animated-content\" href=\"https:\/\/mcautocaravanas.com\/wp-content\/uploads\/2025\/04\/WhatsApp-Image-2025-04-03-at-19.49.09-1-1.jpeg\" data-elementor-open-lightbox=\"yes\" data-elementor-lightbox-slideshow=\"6513075\" data-elementor-lightbox-title=\"Autocaravana Citro\u00ebn Jumper Bavaria\" data-elementor-lightbox-description=\"Autocaravana Citro\u00ebn Jumper Bavaria\" data-e-action-hash=\"#elementor-action%3Aaction%3Dlightbox%26settings%3DeyJpZCI6MjcyNCwidXJsIjoiaHR0cHM6XC9cL21jYXV0b2NhcmF2YW5hcy5jb21cL3dwLWNvbnRlbnRcL3VwbG9hZHNcLzIwMjVcLzA0XC9XaGF0c0FwcC1JbWFnZS0yMDI1LTA0LTAzLWF0LTE5LjQ5LjA5LTEtMS5qcGVnIiwic2xpZGVzaG93IjoiNjUxMzA3NSJ9\">\n\t\t\t\t\t<div class=\"e-gallery-image elementor-gallery-item__image\" data-thumbnail=\"https:\/\/mcautocaravanas.com\/wp-content\/uploads\/2025\/04\/WhatsApp-Image-2025-04-03-at-19.49.09-1-1.jpeg\" data-width=\"2048\" data-height=\"1536\" aria-label=\"Autocaravana Citro\u00ebn Jumper Bavaria\" role=\"img\" ><\/div>\n\t\t\t\t\t\t\t\t\t\t\t<div class=\"elementor-gallery-item__overlay\"><\/div>\n\t\t\t\t\t\t\t\t\t\t\t\t\t\t<\/a>\n\t\t\t\t\t\t\t<a class=\"e-gallery-item elementor-gallery-item elementor-animated-content\" href=\"https:\/\/mcautocaravanas.com\/wp-content\/uploads\/2025\/04\/WhatsApp-Image-2025-04-03-at-19.49.09-2.jpeg\" data-elementor-open-lightbox=\"yes\" data-elementor-lightbox-slideshow=\"6513075\" data-elementor-lightbox-title=\"Autocaravana Citro\u00ebn Jumper Bavaria\" data-elementor-lightbox-description=\"Autocaravana Citro\u00ebn Jumper Bavaria\" data-e-action-hash=\"#elementor-action%3Aaction%3Dlightbox%26settings%3DeyJpZCI6MjcyNSwidXJsIjoiaHR0cHM6XC9cL21jYXV0b2NhcmF2YW5hcy5jb21cL3dwLWNvbnRlbnRcL3VwbG9hZHNcLzIwMjVcLzA0XC9XaGF0c0FwcC1JbWFnZS0yMDI1LTA0LTAzLWF0LTE5LjQ5LjA5LTIuanBlZyIsInNsaWRlc2hvdyI6IjY1MTMwNzUifQ%3D%3D\">\n\t\t\t\t\t<div class=\"e-gallery-image elementor-gallery-item__image\" data-thumbnail=\"https:\/\/mcautocaravanas.com\/wp-content\/uploads\/2025\/04\/WhatsApp-Image-2025-04-03-at-19.49.09-2.jpeg\" data-width=\"1536\" data-height=\"2048\" aria-label=\"Autocaravana Citro\u00ebn Jumper Bavaria\" role=\"img\" ><\/div>\n\t\t\t\t\t\t\t\t\t\t\t<div class=\"elementor-gallery-item__overlay\"><\/div>\n\t\t\t\t\t\t\t\t\t\t\t\t\t\t<\/a>\n\t\t\t\t\t\t\t<a class=\"e-gallery-item elementor-gallery-item elementor-animated-content\" href=\"https:\/\/mcautocaravanas.com\/wp-content\/uploads\/2025\/04\/WhatsApp-Image-2025-04-03-at-19.49.09-3.jpeg\" data-elementor-open-lightbox=\"yes\" data-elementor-lightbox-slideshow=\"6513075\" data-elementor-lightbox-title=\"Autocaravana Citro\u00ebn Jumper Bavaria\" data-elementor-lightbox-description=\"Autocaravana Citro\u00ebn Jumper Bavaria\" data-e-action-hash=\"#elementor-action%3Aaction%3Dlightbox%26settings%3DeyJpZCI6MjcyNiwidXJsIjoiaHR0cHM6XC9cL21jYXV0b2NhcmF2YW5hcy5jb21cL3dwLWNvbnRlbnRcL3VwbG9hZHNcLzIwMjVcLzA0XC9XaGF0c0FwcC1JbWFnZS0yMDI1LTA0LTAzLWF0LTE5LjQ5LjA5LTMuanBlZyIsInNsaWRlc2hvdyI6IjY1MTMwNzUifQ%3D%3D\">\n\t\t\t\t\t<div class=\"e-gallery-image elementor-gallery-item__image\" data-thumbnail=\"https:\/\/mcautocaravanas.com\/wp-content\/uploads\/2025\/04\/WhatsApp-Image-2025-04-03-at-19.49.09-3.jpeg\" data-width=\"1536\" data-height=\"2048\" aria-label=\"Autocaravana Citro\u00ebn Jumper Bavaria\" role=\"img\" ><\/div>\n\t\t\t\t\t\t\t\t\t\t\t<div class=\"elementor-gallery-item__overlay\"><\/div>\n\t\t\t\t\t\t\t\t\t\t\t\t\t\t<\/a>\n\t\t\t\t\t\t\t<a class=\"e-gallery-item elementor-gallery-item elementor-animated-content\" href=\"https:\/\/mcautocaravanas.com\/wp-content\/uploads\/2025\/04\/WhatsApp-Image-2025-04-03-at-19.49.09.jpeg\" data-elementor-open-lightbox=\"yes\" data-elementor-lightbox-slideshow=\"6513075\" data-elementor-lightbox-title=\"Autocaravana Citro\u00ebn Jumper Bavaria\" data-elementor-lightbox-description=\"Autocaravana Citro\u00ebn Jumper Bavaria\" data-e-action-hash=\"#elementor-action%3Aaction%3Dlightbox%26settings%3DeyJpZCI6MjcyNywidXJsIjoiaHR0cHM6XC9cL21jYXV0b2NhcmF2YW5hcy5jb21cL3dwLWNvbnRlbnRcL3VwbG9hZHNcLzIwMjVcLzA0XC9XaGF0c0FwcC1JbWFnZS0yMDI1LTA0LTAzLWF0LTE5LjQ5LjA5LmpwZWciLCJzbGlkZXNob3ciOiI2NTEzMDc1In0%3D\">\n\t\t\t\t\t<div class=\"e-gallery-image elementor-gallery-item__image\" data-thumbnail=\"https:\/\/mcautocaravanas.com\/wp-content\/uploads\/2025\/04\/WhatsApp-Image-2025-04-03-at-19.49.09.jpeg\" data-width=\"1536\" data-height=\"2048\" aria-label=\"Autocaravana Citro\u00ebn Jumper Bavaria\" role=\"img\" ><\/div>\n\t\t\t\t\t\t\t\t\t\t\t<div class=\"elementor-gallery-item__overlay\"><\/div>\n\t\t\t\t\t\t\t\t\t\t\t\t\t\t<\/a>\n\t\t\t\t\t\t\t<a class=\"e-gallery-item elementor-gallery-item elementor-animated-content\" href=\"https:\/\/mcautocaravanas.com\/wp-content\/uploads\/2025\/04\/WhatsApp-Image-2025-04-03-at-19.49.10-1.jpeg\" data-elementor-open-lightbox=\"yes\" data-elementor-lightbox-slideshow=\"6513075\" data-elementor-lightbox-title=\"Autocaravana Citro\u00ebn Jumper Bavaria\" data-elementor-lightbox-description=\"Autocaravana Citro\u00ebn Jumper Bavaria\" data-e-action-hash=\"#elementor-action%3Aaction%3Dlightbox%26settings%3DeyJpZCI6MjcyOCwidXJsIjoiaHR0cHM6XC9cL21jYXV0b2NhcmF2YW5hcy5jb21cL3dwLWNvbnRlbnRcL3VwbG9hZHNcLzIwMjVcLzA0XC9XaGF0c0FwcC1JbWFnZS0yMDI1LTA0LTAzLWF0LTE5LjQ5LjEwLTEuanBlZyIsInNsaWRlc2hvdyI6IjY1MTMwNzUifQ%3D%3D\">\n\t\t\t\t\t<div class=\"e-gallery-image elementor-gallery-item__image\" data-thumbnail=\"https:\/\/mcautocaravanas.com\/wp-content\/uploads\/2025\/04\/WhatsApp-Image-2025-04-03-at-19.49.10-1.jpeg\" data-width=\"2048\" data-height=\"1536\" aria-label=\"Autocaravana Citro\u00ebn Jumper Bavaria\" role=\"img\" ><\/div>\n\t\t\t\t\t\t\t\t\t\t\t<div class=\"elementor-gallery-item__overlay\"><\/div>\n\t\t\t\t\t\t\t\t\t\t\t\t\t\t<\/a>\n\t\t\t\t\t\t\t<a class=\"e-gallery-item elementor-gallery-item elementor-animated-content\" href=\"https:\/\/mcautocaravanas.com\/wp-content\/uploads\/2025\/04\/WhatsApp-Image-2025-04-03-at-19.49.10.jpeg\" data-elementor-open-lightbox=\"yes\" data-elementor-lightbox-slideshow=\"6513075\" data-elementor-lightbox-title=\"Autocaravana Citro\u00ebn Jumper Bavaria\" data-elementor-lightbox-description=\"Autocaravana Citro\u00ebn Jumper Bavaria\" data-e-action-hash=\"#elementor-action%3Aaction%3Dlightbox%26settings%3DeyJpZCI6MjcyOSwidXJsIjoiaHR0cHM6XC9cL21jYXV0b2NhcmF2YW5hcy5jb21cL3dwLWNvbnRlbnRcL3VwbG9hZHNcLzIwMjVcLzA0XC9XaGF0c0FwcC1JbWFnZS0yMDI1LTA0LTAzLWF0LTE5LjQ5LjEwLmpwZWciLCJzbGlkZXNob3ciOiI2NTEzMDc1In0%3D\">\n\t\t\t\t\t<div class=\"e-gallery-image elementor-gallery-item__image\" data-thumbnail=\"https:\/\/mcautocaravanas.com\/wp-content\/uploads\/2025\/04\/WhatsApp-Image-2025-04-03-at-19.49.10.jpeg\" data-width=\"2048\" data-height=\"1536\" aria-label=\"Autocaravana Citro\u00ebn Jumper Bavaria\" role=\"img\" ><\/div>\n\t\t\t\t\t\t\t\t\t\t\t<div class=\"elementor-gallery-item__overlay\"><\/div>\n\t\t\t\t\t\t\t\t\t\t\t\t\t\t<\/a>\n\t\t\t\t\t\t\t<a class=\"e-gallery-item elementor-gallery-item elementor-animated-content\" href=\"https:\/\/mcautocaravanas.com\/wp-content\/uploads\/2025\/04\/WhatsApp-Image-2025-04-06-at-17.09.14-1.jpeg\" data-elementor-open-lightbox=\"yes\" data-elementor-lightbox-slideshow=\"6513075\" data-elementor-lightbox-title=\"Autocaravana Citro\u00ebn Jumper Bavaria\" data-e-action-hash=\"#elementor-action%3Aaction%3Dlightbox%26settings%3DeyJpZCI6MjczMCwidXJsIjoiaHR0cHM6XC9cL21jYXV0b2NhcmF2YW5hcy5jb21cL3dwLWNvbnRlbnRcL3VwbG9hZHNcLzIwMjVcLzA0XC9XaGF0c0FwcC1JbWFnZS0yMDI1LTA0LTA2LWF0LTE3LjA5LjE0LTEuanBlZyIsInNsaWRlc2hvdyI6IjY1MTMwNzUifQ%3D%3D\">\n\t\t\t\t\t<div class=\"e-gallery-image elementor-gallery-item__image\" data-thumbnail=\"https:\/\/mcautocaravanas.com\/wp-content\/uploads\/2025\/04\/WhatsApp-Image-2025-04-06-at-17.09.14-1.jpeg\" data-width=\"1200\" data-height=\"1600\" aria-label=\"Autocaravana Citro\u00ebn Jumper Bavaria\" role=\"img\" ><\/div>\n\t\t\t\t\t\t\t\t\t\t\t<div class=\"elementor-gallery-item__overlay\"><\/div>\n\t\t\t\t\t\t\t\t\t\t\t\t\t\t<\/a>\n\t\t\t\t\t<\/div>\n\t\t\t\t\t<\/div>\n\t\t\t\t<\/div>\n\t\t\t\t\t<\/div>\n\t\t<\/div>\n\t\t\t\t\t<\/div>\n\t\t<\/section>\n\t\t\t\t<div class=\"elementor-element elementor-element-1db4b45b elementor-widget-divider--view-line elementor-widget elementor-widget-divider\" data-id=\"1db4b45b\" data-element_type=\"widget\" data-e-type=\"widget\" data-widget_type=\"divider.default\">\n\t\t\t\t<div class=\"elementor-widget-container\">\n\t\t\t\t\t\t\t<div class=\"elementor-divider\">\n\t\t\t<span class=\"elementor-divider-separator\">\n\t\t\t\t\t\t<\/span>\n\t\t<\/div>\n\t\t\t\t\t\t<\/div>\n\t\t\t\t<\/div>\n\t\t\t\t<div class=\"elementor-element elementor-element-130662bb elementor-widget elementor-widget-heading\" data-id=\"130662bb\" data-element_type=\"widget\" data-e-type=\"widget\" data-widget_type=\"heading.default\">\n\t\t\t\t<div class=\"elementor-widget-container\">\n\t\t\t\t\t<h3 class=\"elementor-heading-title elementor-size-default\">Descripci\u00f3n del veh\u00edculo<\/h3>\t\t\t\t<\/div>\n\t\t\t\t<\/div>\n\t\t\t\t<div class=\"elementor-element elementor-element-6d8ec298 elementor-widget elementor-widget-text-editor\" data-id=\"6d8ec298\" data-element_type=\"widget\" data-e-type=\"widget\" data-widget_type=\"text-editor.default\">\n\t\t\t\t<div class=\"elementor-widget-container\">\n\t\t\t\t\t\t\t\t\t<p>Citro\u00ebn Jumper Bavaria<br \/>Mejor motor de Citro\u00ebn y Fiat. Bueno y fiable.<br \/>A\u00f1o 2006 <br \/>Motor 2.8cc 128cv <br \/>164.000 km<\/p><p>Todos los mantenimientos al d\u00eda. Correas cambiadas. Aceite filtros con 1.000 km. <br \/>Ruedas traseras nuevas. <br \/>Ruedas delanteras a medio uso.<\/p><p>6,5m largo \/ 2,3m ancho \/ 2,6m alto.<\/p><p>5 plazas para viajes y 4 para dormir.<\/p><p><strong>Mantenimiento reciente:<\/strong><\/p><ul><li>cama francesa + cama sal\u00f3n convertido.<\/li><li>nevera grande trivalente (12v 230v gas)<\/li><li>ba\u00f1o grande + ducha independiente<\/li><li>calefacci\u00f3n truma gas<\/li><li>agua caliente <br \/>cocina en ele (3 fuegos)<\/li><li>tv+ antena<\/li><li>dos bombonas de butano<\/li><li>garaje<\/li><li>toldo lateral fiamma.<\/li><li>much\u00edsima capacidad de almacenaje en interior + debajo de cama.<\/li><li>oscurecedores y mosquiteros en todas las ventanas y claraboyas.<\/li><li>cierres de seguridad fiamma en puerta y garaje.<\/li><li>muy poco consumo por su amplia perfilada y baja.<\/li><li>2,8m altura.<\/li><\/ul><p>\u00a0<\/p><p><span style=\"text-decoration: underline;\"><strong>Precio: 29.000 \u20ac<\/strong><\/span><br \/><strong>Financiaci\u00f3n 100%<\/strong><\/p><p>Puedes visitar la autocaravana en nuestras instalaciones, concertando una cita telef\u00f3nica.<br \/>\u00a1Estaremos encantados de atenderte y asesorarte<\/p>\t\t\t\t\t\t\t\t<\/div>\n\t\t\t\t<\/div>\n\t\t\t\t\t<\/div>\n\t\t<\/div>\n\t\t\t\t<div class=\"elementor-column elementor-col-50 elementor-top-column elementor-element elementor-element-3c223fa5\" data-id=\"3c223fa5\" data-element_type=\"column\" data-e-type=\"column\" data-settings=\"{&quot;background_background&quot;:&quot;classic&quot;}\">\n\t\t\t<div class=\"elementor-widget-wrap elementor-element-populated\">\n\t\t\t\t\t\t<div class=\"elementor-element elementor-element-45c2ce72 elementor-widget elementor-widget-spacer\" data-id=\"45c2ce72\" data-element_type=\"widget\" data-e-type=\"widget\" data-widget_type=\"spacer.default\">\n\t\t\t\t<div class=\"elementor-widget-container\">\n\t\t\t\t\t\t\t<div class=\"elementor-spacer\">\n\t\t\t<div class=\"elementor-spacer-inner\"><\/div>\n\t\t<\/div>\n\t\t\t\t\t\t<\/div>\n\t\t\t\t<\/div>\n\t\t\t\t<section class=\"elementor-section elementor-inner-section elementor-element elementor-element-6f06bc6 elementor-section-boxed elementor-section-height-default elementor-section-height-default\" data-id=\"6f06bc6\" data-element_type=\"section\" data-e-type=\"section\" data-settings=\"{&quot;background_background&quot;:&quot;classic&quot;}\">\n\t\t\t\t\t\t<div class=\"elementor-container elementor-column-gap-no\">\n\t\t\t\t\t<div class=\"elementor-column elementor-col-100 elementor-inner-column elementor-element elementor-element-60f1212b\" data-id=\"60f1212b\" data-element_type=\"column\" data-e-type=\"column\">\n\t\t\t<div class=\"elementor-widget-wrap elementor-element-populated\">\n\t\t\t\t\t\t<div class=\"elementor-element elementor-element-90fd966 elementor-widget elementor-widget-heading\" data-id=\"90fd966\" data-element_type=\"widget\" data-e-type=\"widget\" data-widget_type=\"heading.default\">\n\t\t\t\t<div class=\"elementor-widget-container\">\n\t\t\t\t\t<h3 class=\"elementor-heading-title elementor-size-default\">\u00bfTienes dudas?<\/h3>\t\t\t\t<\/div>\n\t\t\t\t<\/div>\n\t\t\t\t<div class=\"elementor-element elementor-element-7106bcff elementor-widget elementor-widget-text-editor\" data-id=\"7106bcff\" data-element_type=\"widget\" data-e-type=\"widget\" data-widget_type=\"text-editor.default\">\n\t\t\t\t<div class=\"elementor-widget-container\">\n\t\t\t\t\t\t\t\t\t<p><strong>Ll\u00e1mame<\/strong><\/p>\t\t\t\t\t\t\t\t<\/div>\n\t\t\t\t<\/div>\n\t\t\t\t<div class=\"elementor-element elementor-element-39e4f2b8 elementor-view-stacked elementor-position-inline-start elementor-shape-circle elementor-mobile-position-block-start elementor-widget elementor-widget-icon-box\" data-id=\"39e4f2b8\" data-element_type=\"widget\" data-e-type=\"widget\" data-widget_type=\"icon-box.default\">\n\t\t\t\t<div class=\"elementor-widget-container\">\n\t\t\t\t\t\t\t<div class=\"elementor-icon-box-wrapper\">\n\n\t\t\t\t\t\t<div class=\"elementor-icon-box-icon\">\n\t\t\t\t<a href=\"tel:%20656%20965%20732\" class=\"elementor-icon\" tabindex=\"-1\" aria-label=\"Alexei\">\n\t\t\t\t<svg aria-hidden=\"true\" class=\"e-font-icon-svg e-fas-phone\" viewbox=\"0 0 512 512\" xmlns=\"http:\/\/www.w3.org\/2000\/svg\"><path d=\"M493.4 24.6l-104-24c-11.3-2.6-22.9 3.3-27.5 13.9l-48 112c-4.2 9.8-1.4 21.3 6.9 28l60.6 49.6c-36 76.7-98.9 140.5-177.2 177.2l-49.6-60.6c-6.8-8.3-18.2-11.1-28-6.9l-112 48C3.9 366.5-2 378.1.6 389.4l24 104C27.1 504.2 36.7 512 48 512c256.1 0 464-207.5 464-464 0-11.2-7.7-20.9-18.6-23.4z\"><\/path><\/svg>\t\t\t\t<\/a>\n\t\t\t<\/div>\n\t\t\t\n\t\t\t\t\t\t<div class=\"elementor-icon-box-content\">\n\n\t\t\t\t\t\t\t\t\t<h4 class=\"elementor-icon-box-title\">\n\t\t\t\t\t\t<a href=\"tel:%20656%20965%20732\" >\n\t\t\t\t\t\t\tAlexei\t\t\t\t\t\t<\/a>\n\t\t\t\t\t<\/h4>\n\t\t\t\t\n\t\t\t\t\t\t\t\t\t<p class=\"elementor-icon-box-description\">\n\t\t\t\t\t\t656 965 732\t\t\t\t\t<\/p>\n\t\t\t\t\n\t\t\t<\/div>\n\t\t\t\n\t\t<\/div>\n\t\t\t\t\t\t<\/div>\n\t\t\t\t<\/div>\n\t\t\t\t\t<\/div>\n\t\t<\/div>\n\t\t\t\t\t<\/div>\n\t\t<\/section>\n\t\t\t\t\t<\/div>\n\t\t<\/div>\n\t\t\t\t\t<\/div>\n\t\t<\/section>\n\t\t\t\t<\/div>","protected":false},"excerpt":{"rendered":"<p>VENDIDA Autocaravana Citro\u00ebn Jumper Bavaria 27.000 \u20ac Descripci\u00f3n del veh\u00edculo Citro\u00ebn Jumper BavariaMejor motor de Citro\u00ebn y Fiat. Bueno y fiable.A\u00f1o 2006 Motor 2.8cc 128cv 164.000 km Todos los mantenimientos al d\u00eda. Correas cambiadas. Aceite filtros con 1.000 km. Ruedas traseras nuevas. Ruedas delanteras a medio uso. 6,5m largo \/ 2,3m ancho \/ 2,6m alto. [&hellip;]<\/p>\n","protected":false},"author":1,"featured_media":0,"parent":24,"menu_order":0,"comment_status":"closed","ping_status":"closed","template":"elementor_canvas","meta":{"footnotes":""},"class_list":["post-2709","page","type-page","status-publish","hentry"],"yoast_head":"<!-- This site is optimized with the Yoast SEO plugin v27.5 - https:\/\/yoast.com\/product\/yoast-seo-wordpress\/ -->\n<title>Citro\u00ebn Jumper Bavaria - M.C. Autocaravanas Getxo S.L<\/title>\n<meta name=\"robots\" content=\"index, follow, max-snippet:-1, max-image-preview:large, max-video-preview:-1\" \/>\n<link rel=\"canonical\" href=\"https:\/\/mcautocaravanas.com\/eus\/venta\/autocaravanas-y-furgocamper-de-segunda-mano\/autocaravana-citroen-jumper-bavaria\/\" \/>\n<meta property=\"og:locale\" content=\"en_US\" \/>\n<meta property=\"og:type\" content=\"article\" \/>\n<meta property=\"og:title\" content=\"Citro\u00ebn Jumper Bavaria - M.C. Autocaravanas Getxo S.L\" \/>\n<meta property=\"og:description\" content=\"VENDIDA Autocaravana Citro\u00ebn Jumper Bavaria 27.000 \u20ac Descripci\u00f3n del veh\u00edculo Citro\u00ebn Jumper BavariaMejor motor de Citro\u00ebn y Fiat. Bueno y fiable.A\u00f1o 2006 Motor 2.8cc 128cv 164.000 km Todos los mantenimientos al d\u00eda. Correas cambiadas. Aceite filtros con 1.000 km. Ruedas traseras nuevas. Ruedas delanteras a medio uso. 6,5m largo \/ 2,3m ancho \/ 2,6m alto. [&hellip;]\" \/>\n<meta property=\"og:url\" content=\"https:\/\/mcautocaravanas.com\/eus\/venta\/autocaravanas-y-furgocamper-de-segunda-mano\/autocaravana-citroen-jumper-bavaria\/\" \/>\n<meta property=\"og:site_name\" content=\"M.C. Autocaravanas Getxo S.L\" \/>\n<meta property=\"article:modified_time\" content=\"2025-04-22T17:56:49+00:00\" \/>\n<meta property=\"og:image\" content=\"https:\/\/mcautocaravanas.com\/wp-content\/uploads\/2025\/04\/WhatsApp-Image-2025-04-03-at-19.49.09-1.jpeg\" \/>\n\t<meta property=\"og:image:width\" content=\"2048\" \/>\n\t<meta property=\"og:image:height\" content=\"1536\" \/>\n\t<meta property=\"og:image:type\" content=\"image\/jpeg\" \/>\n<meta name=\"twitter:card\" content=\"summary_large_image\" \/>\n<meta name=\"twitter:label1\" content=\"Est. reading time\" \/>\n\t<meta name=\"twitter:data1\" content=\"1 minutua\" \/>\n<script type=\"application\/ld+json\" class=\"yoast-schema-graph\">{\"@context\":\"https:\\\/\\\/schema.org\",\"@graph\":[{\"@type\":\"WebPage\",\"@id\":\"https:\\\/\\\/mcautocaravanas.com\\\/venta\\\/autocaravanas-y-furgocamper-de-segunda-mano\\\/autocaravana-citroen-jumper-bavaria\\\/\",\"url\":\"https:\\\/\\\/mcautocaravanas.com\\\/venta\\\/autocaravanas-y-furgocamper-de-segunda-mano\\\/autocaravana-citroen-jumper-bavaria\\\/\",\"name\":\"Citro\u00ebn Jumper Bavaria - M.C. Autocaravanas Getxo S.L\",\"isPartOf\":{\"@id\":\"https:\\\/\\\/mcautocaravanas.com\\\/#website\"},\"primaryImageOfPage\":{\"@id\":\"https:\\\/\\\/mcautocaravanas.com\\\/venta\\\/autocaravanas-y-furgocamper-de-segunda-mano\\\/autocaravana-citroen-jumper-bavaria\\\/#primaryimage\"},\"image\":{\"@id\":\"https:\\\/\\\/mcautocaravanas.com\\\/venta\\\/autocaravanas-y-furgocamper-de-segunda-mano\\\/autocaravana-citroen-jumper-bavaria\\\/#primaryimage\"},\"thumbnailUrl\":\"https:\\\/\\\/mcautocaravanas.com\\\/wp-content\\\/uploads\\\/2025\\\/04\\\/WhatsApp-Image-2025-04-03-at-19.49.09-1.jpeg\",\"datePublished\":\"2025-04-06T19:21:54+00:00\",\"dateModified\":\"2025-04-22T17:56:49+00:00\",\"breadcrumb\":{\"@id\":\"https:\\\/\\\/mcautocaravanas.com\\\/venta\\\/autocaravanas-y-furgocamper-de-segunda-mano\\\/autocaravana-citroen-jumper-bavaria\\\/#breadcrumb\"},\"inLanguage\":\"eu\",\"potentialAction\":[{\"@type\":\"ReadAction\",\"target\":[\"https:\\\/\\\/mcautocaravanas.com\\\/venta\\\/autocaravanas-y-furgocamper-de-segunda-mano\\\/autocaravana-citroen-jumper-bavaria\\\/\"]}]},{\"@type\":\"ImageObject\",\"inLanguage\":\"eu\",\"@id\":\"https:\\\/\\\/mcautocaravanas.com\\\/venta\\\/autocaravanas-y-furgocamper-de-segunda-mano\\\/autocaravana-citroen-jumper-bavaria\\\/#primaryimage\",\"url\":\"https:\\\/\\\/mcautocaravanas.com\\\/wp-content\\\/uploads\\\/2025\\\/04\\\/WhatsApp-Image-2025-04-03-at-19.49.09-1.jpeg\",\"contentUrl\":\"https:\\\/\\\/mcautocaravanas.com\\\/wp-content\\\/uploads\\\/2025\\\/04\\\/WhatsApp-Image-2025-04-03-at-19.49.09-1.jpeg\"},{\"@type\":\"BreadcrumbList\",\"@id\":\"https:\\\/\\\/mcautocaravanas.com\\\/venta\\\/autocaravanas-y-furgocamper-de-segunda-mano\\\/autocaravana-citroen-jumper-bavaria\\\/#breadcrumb\",\"itemListElement\":[{\"@type\":\"ListItem\",\"position\":1,\"name\":\"Portada\",\"item\":\"https:\\\/\\\/mcautocaravanas.com\\\/\"},{\"@type\":\"ListItem\",\"position\":2,\"name\":\"Venta borrar\",\"item\":\"https:\\\/\\\/mcautocaravanas.com\\\/venta\\\/\"},{\"@type\":\"ListItem\",\"position\":3,\"name\":\"Autocaravanas y furgocamper de segunda mano\",\"item\":\"https:\\\/\\\/mcautocaravanas.com\\\/venta\\\/autocaravanas-y-furgocamper-de-segunda-mano\\\/\"},{\"@type\":\"ListItem\",\"position\":4,\"name\":\"Citro\u00ebn Jumper Bavaria\"}]},{\"@type\":\"WebSite\",\"@id\":\"https:\\\/\\\/mcautocaravanas.com\\\/#website\",\"url\":\"https:\\\/\\\/mcautocaravanas.com\\\/\",\"name\":\"M.C. Autocaravanas Getxo S.L\",\"description\":\"\u00bfListo para una aventura inolvidable? En M.C Autocaravanas Getxo, te ofrecemos la oportunidad de explorar el mundo a tu ritmo con nuestras autocaravanas de \u00faltima generaci\u00f3n.\",\"publisher\":{\"@id\":\"https:\\\/\\\/mcautocaravanas.com\\\/#organization\"},\"potentialAction\":[{\"@type\":\"SearchAction\",\"target\":{\"@type\":\"EntryPoint\",\"urlTemplate\":\"https:\\\/\\\/mcautocaravanas.com\\\/?s={search_term_string}\"},\"query-input\":{\"@type\":\"PropertyValueSpecification\",\"valueRequired\":true,\"valueName\":\"search_term_string\"}}],\"inLanguage\":\"eu\"},{\"@type\":\"Organization\",\"@id\":\"https:\\\/\\\/mcautocaravanas.com\\\/#organization\",\"name\":\"M.C. Autocaravanas Getxo S.L\",\"url\":\"https:\\\/\\\/mcautocaravanas.com\\\/\",\"logo\":{\"@type\":\"ImageObject\",\"inLanguage\":\"eu\",\"@id\":\"https:\\\/\\\/mcautocaravanas.com\\\/#\\\/schema\\\/logo\\\/image\\\/\",\"url\":\"https:\\\/\\\/mcautocaravanas.com\\\/wp-content\\\/uploads\\\/2024\\\/06\\\/cropped-cropped-M.C-AUTOCARAVANAS-1-2.png\",\"contentUrl\":\"https:\\\/\\\/mcautocaravanas.com\\\/wp-content\\\/uploads\\\/2024\\\/06\\\/cropped-cropped-M.C-AUTOCARAVANAS-1-2.png\",\"width\":512,\"height\":484,\"caption\":\"M.C. Autocaravanas Getxo S.L\"},\"image\":{\"@id\":\"https:\\\/\\\/mcautocaravanas.com\\\/#\\\/schema\\\/logo\\\/image\\\/\"}}]}<\/script>\n<!-- \/ Yoast SEO plugin. -->","yoast_head_json":{"title":"Citro\u00ebn Jumper Bavaria - M.C. Autocaravanas Getxo S.L","robots":{"index":"index","follow":"follow","max-snippet":"max-snippet:-1","max-image-preview":"max-image-preview:large","max-video-preview":"max-video-preview:-1"},"canonical":"https:\/\/mcautocaravanas.com\/eus\/venta\/autocaravanas-y-furgocamper-de-segunda-mano\/autocaravana-citroen-jumper-bavaria\/","og_locale":"en_US","og_type":"article","og_title":"Citro\u00ebn Jumper Bavaria - M.C. Autocaravanas Getxo S.L","og_description":"VENDIDA Autocaravana Citro\u00ebn Jumper Bavaria 27.000 \u20ac Descripci\u00f3n del veh\u00edculo Citro\u00ebn Jumper BavariaMejor motor de Citro\u00ebn y Fiat. Bueno y fiable.A\u00f1o 2006 Motor 2.8cc 128cv 164.000 km Todos los mantenimientos al d\u00eda. Correas cambiadas. Aceite filtros con 1.000 km. Ruedas traseras nuevas. Ruedas delanteras a medio uso. 6,5m largo \/ 2,3m ancho \/ 2,6m alto. [&hellip;]","og_url":"https:\/\/mcautocaravanas.com\/eus\/venta\/autocaravanas-y-furgocamper-de-segunda-mano\/autocaravana-citroen-jumper-bavaria\/","og_site_name":"M.C. Autocaravanas Getxo S.L","article_modified_time":"2025-04-22T17:56:49+00:00","og_image":[{"width":2048,"height":1536,"url":"https:\/\/mcautocaravanas.com\/wp-content\/uploads\/2025\/04\/WhatsApp-Image-2025-04-03-at-19.49.09-1.jpeg","type":"image\/jpeg"}],"twitter_card":"summary_large_image","twitter_misc":{"Est. reading time":"1 minutua"},"schema":{"@context":"https:\/\/schema.org","@graph":[{"@type":"WebPage","@id":"https:\/\/mcautocaravanas.com\/venta\/autocaravanas-y-furgocamper-de-segunda-mano\/autocaravana-citroen-jumper-bavaria\/","url":"https:\/\/mcautocaravanas.com\/venta\/autocaravanas-y-furgocamper-de-segunda-mano\/autocaravana-citroen-jumper-bavaria\/","name":"Citro\u00ebn Jumper Bavaria - M.C. Autocaravanas Getxo S.L","isPartOf":{"@id":"https:\/\/mcautocaravanas.com\/#website"},"primaryImageOfPage":{"@id":"https:\/\/mcautocaravanas.com\/venta\/autocaravanas-y-furgocamper-de-segunda-mano\/autocaravana-citroen-jumper-bavaria\/#primaryimage"},"image":{"@id":"https:\/\/mcautocaravanas.com\/venta\/autocaravanas-y-furgocamper-de-segunda-mano\/autocaravana-citroen-jumper-bavaria\/#primaryimage"},"thumbnailUrl":"https:\/\/mcautocaravanas.com\/wp-content\/uploads\/2025\/04\/WhatsApp-Image-2025-04-03-at-19.49.09-1.jpeg","datePublished":"2025-04-06T19:21:54+00:00","dateModified":"2025-04-22T17:56:49+00:00","breadcrumb":{"@id":"https:\/\/mcautocaravanas.com\/venta\/autocaravanas-y-furgocamper-de-segunda-mano\/autocaravana-citroen-jumper-bavaria\/#breadcrumb"},"inLanguage":"eu","potentialAction":[{"@type":"ReadAction","target":["https:\/\/mcautocaravanas.com\/venta\/autocaravanas-y-furgocamper-de-segunda-mano\/autocaravana-citroen-jumper-bavaria\/"]}]},{"@type":"ImageObject","inLanguage":"eu","@id":"https:\/\/mcautocaravanas.com\/venta\/autocaravanas-y-furgocamper-de-segunda-mano\/autocaravana-citroen-jumper-bavaria\/#primaryimage","url":"https:\/\/mcautocaravanas.com\/wp-content\/uploads\/2025\/04\/WhatsApp-Image-2025-04-03-at-19.49.09-1.jpeg","contentUrl":"https:\/\/mcautocaravanas.com\/wp-content\/uploads\/2025\/04\/WhatsApp-Image-2025-04-03-at-19.49.09-1.jpeg"},{"@type":"BreadcrumbList","@id":"https:\/\/mcautocaravanas.com\/venta\/autocaravanas-y-furgocamper-de-segunda-mano\/autocaravana-citroen-jumper-bavaria\/#breadcrumb","itemListElement":[{"@type":"ListItem","position":1,"name":"Portada","item":"https:\/\/mcautocaravanas.com\/"},{"@type":"ListItem","position":2,"name":"Venta borrar","item":"https:\/\/mcautocaravanas.com\/venta\/"},{"@type":"ListItem","position":3,"name":"Autocaravanas y furgocamper de segunda mano","item":"https:\/\/mcautocaravanas.com\/venta\/autocaravanas-y-furgocamper-de-segunda-mano\/"},{"@type":"ListItem","position":4,"name":"Citro\u00ebn Jumper Bavaria"}]},{"@type":"WebSite","@id":"https:\/\/mcautocaravanas.com\/#website","url":"https:\/\/mcautocaravanas.com\/","name":"M.C. Autocaravanas Getxo S.L","description":"Abentura ahaztezin baterako prest? M.C Autocaravanas Getxon, mundua zure erritmoan esploratzeko aukera eskaintzen dizugu gure azken belaunaldiko autokarabanekin.","publisher":{"@id":"https:\/\/mcautocaravanas.com\/#organization"},"potentialAction":[{"@type":"SearchAction","target":{"@type":"EntryPoint","urlTemplate":"https:\/\/mcautocaravanas.com\/?s={search_term_string}"},"query-input":{"@type":"PropertyValueSpecification","valueRequired":true,"valueName":"search_term_string"}}],"inLanguage":"eu"},{"@type":"Organization","@id":"https:\/\/mcautocaravanas.com\/#organization","name":"M.C. Autocaravanas Getxo S.L","url":"https:\/\/mcautocaravanas.com\/","logo":{"@type":"ImageObject","inLanguage":"eu","@id":"https:\/\/mcautocaravanas.com\/#\/schema\/logo\/image\/","url":"https:\/\/mcautocaravanas.com\/wp-content\/uploads\/2024\/06\/cropped-cropped-M.C-AUTOCARAVANAS-1-2.png","contentUrl":"https:\/\/mcautocaravanas.com\/wp-content\/uploads\/2024\/06\/cropped-cropped-M.C-AUTOCARAVANAS-1-2.png","width":512,"height":484,"caption":"M.C. Autocaravanas Getxo S.L"},"image":{"@id":"https:\/\/mcautocaravanas.com\/#\/schema\/logo\/image\/"}}]}},"_links":{"self":[{"href":"https:\/\/mcautocaravanas.com\/eus\/wp-json\/wp\/v2\/pages\/2709","targetHints":{"allow":["GET"]}}],"collection":[{"href":"https:\/\/mcautocaravanas.com\/eus\/wp-json\/wp\/v2\/pages"}],"about":[{"href":"https:\/\/mcautocaravanas.com\/eus\/wp-json\/wp\/v2\/types\/page"}],"author":[{"embeddable":true,"href":"https:\/\/mcautocaravanas.com\/eus\/wp-json\/wp\/v2\/users\/1"}],"replies":[{"embeddable":true,"href":"https:\/\/mcautocaravanas.com\/eus\/wp-json\/wp\/v2\/comments?post=2709"}],"version-history":[{"count":13,"href":"https:\/\/mcautocaravanas.com\/eus\/wp-json\/wp\/v2\/pages\/2709\/revisions"}],"predecessor-version":[{"id":2909,"href":"https:\/\/mcautocaravanas.com\/eus\/wp-json\/wp\/v2\/pages\/2709\/revisions\/2909"}],"up":[{"embeddable":true,"href":"https:\/\/mcautocaravanas.com\/eus\/wp-json\/wp\/v2\/pages\/24"}],"wp:attachment":[{"href":"https:\/\/mcautocaravanas.com\/eus\/wp-json\/wp\/v2\/media?parent=2709"}],"curies":[{"name":"wp","href":"https:\/\/api.w.org\/{rel}","templated":true}]}}