{"id":1673,"date":"2024-08-15T13:14:24","date_gmt":"2024-08-15T13:14:24","guid":{"rendered":"https:\/\/mcautocaravanas.com\/?page_id=1673"},"modified":"2025-03-23T08:31:26","modified_gmt":"2025-03-23T08:31:26","slug":"mercedes-benz-viano","status":"publish","type":"page","link":"https:\/\/mcautocaravanas.com\/eus\/venta\/autocaravanas-y-furgocamper-de-segunda-mano\/mercedes-benz-viano\/","title":{"rendered":"Mercedes Benz Viano"},"content":{"rendered":"<div data-elementor-type=\"wp-page\" data-elementor-id=\"1673\" class=\"elementor elementor-1673\" data-elementor-post-type=\"page\">\n\t\t\t\t\t\t<section class=\"elementor-section elementor-top-section elementor-element elementor-element-516c83e2 elementor-section-boxed elementor-section-height-default elementor-section-height-default\" data-id=\"516c83e2\" data-element_type=\"section\" data-e-type=\"section\">\n\t\t\t\t\t\t<div class=\"elementor-container elementor-column-gap-default\">\n\t\t\t\t\t<div class=\"elementor-column elementor-col-50 elementor-top-column elementor-element elementor-element-18e48cc5\" data-id=\"18e48cc5\" data-element_type=\"column\" data-e-type=\"column\">\n\t\t\t<div class=\"elementor-widget-wrap elementor-element-populated\">\n\t\t\t\t\t\t<section class=\"elementor-section elementor-inner-section elementor-element elementor-element-2b04f235 elementor-section-boxed elementor-section-height-default elementor-section-height-default\" data-id=\"2b04f235\" data-element_type=\"section\" data-e-type=\"section\">\n\t\t\t\t\t\t<div class=\"elementor-container elementor-column-gap-no\">\n\t\t\t\t\t<div class=\"elementor-column elementor-col-50 elementor-inner-column elementor-element elementor-element-35160016\" data-id=\"35160016\" data-element_type=\"column\" data-e-type=\"column\">\n\t\t\t<div class=\"elementor-widget-wrap elementor-element-populated\">\n\t\t\t\t\t\t<div class=\"elementor-element elementor-element-6dd5fe65 elementor-widget__width-initial elementor-widget elementor-widget-heading\" data-id=\"6dd5fe65\" data-element_type=\"widget\" data-e-type=\"widget\" data-widget_type=\"heading.default\">\n\t\t\t\t<div class=\"elementor-widget-container\">\n\t\t\t\t\t<h2 class=\"elementor-heading-title elementor-size-default\">Mercedes Benz Viano CDI 2.2 150cv Autom\u00e1tica<\/h2>\t\t\t\t<\/div>\n\t\t\t\t<\/div>\n\t\t\t\t\t<\/div>\n\t\t<\/div>\n\t\t\t\t<div class=\"elementor-column elementor-col-50 elementor-inner-column elementor-element elementor-element-2adb5a52\" data-id=\"2adb5a52\" data-element_type=\"column\" data-e-type=\"column\">\n\t\t\t<div class=\"elementor-widget-wrap elementor-element-populated\">\n\t\t\t\t\t\t<div class=\"elementor-element elementor-element-353a3315 elementor-widget elementor-widget-heading\" data-id=\"353a3315\" data-element_type=\"widget\" data-e-type=\"widget\" data-widget_type=\"heading.default\">\n\t\t\t\t<div class=\"elementor-widget-container\">\n\t\t\t\t\t<h4 class=\"elementor-heading-title elementor-size-default\">12.000 \u20ac<\/h4>\t\t\t\t<\/div>\n\t\t\t\t<\/div>\n\t\t\t\t\t<\/div>\n\t\t<\/div>\n\t\t\t\t\t<\/div>\n\t\t<\/section>\n\t\t\t\t<div class=\"elementor-element elementor-element-40445a4d elementor-widget elementor-widget-image\" data-id=\"40445a4d\" data-element_type=\"widget\" data-e-type=\"widget\" data-widget_type=\"image.default\">\n\t\t\t\t<div class=\"elementor-widget-container\">\n\t\t\t\t\t\t\t\t\t\t\t\t\t\t\t<img fetchpriority=\"high\" decoding=\"async\" width=\"1536\" height=\"2048\" src=\"https:\/\/mcautocaravanas.com\/wp-content\/uploads\/2024\/08\/WhatsApp-Image-2024-08-13-at-11.21.31-1.jpeg\" class=\"attachment-full size-full wp-image-1726\" alt=\"En Venta: Mercedes Benz Viano CDI 2.2 150cv Autom\u00e1tica\" srcset=\"https:\/\/mcautocaravanas.com\/wp-content\/uploads\/2024\/08\/WhatsApp-Image-2024-08-13-at-11.21.31-1.jpeg 1536w, https:\/\/mcautocaravanas.com\/wp-content\/uploads\/2024\/08\/WhatsApp-Image-2024-08-13-at-11.21.31-1-225x300.jpeg 225w, https:\/\/mcautocaravanas.com\/wp-content\/uploads\/2024\/08\/WhatsApp-Image-2024-08-13-at-11.21.31-1-768x1024.jpeg 768w, https:\/\/mcautocaravanas.com\/wp-content\/uploads\/2024\/08\/WhatsApp-Image-2024-08-13-at-11.21.31-1-1152x1536.jpeg 1152w, https:\/\/mcautocaravanas.com\/wp-content\/uploads\/2024\/08\/WhatsApp-Image-2024-08-13-at-11.21.31-1-9x12.jpeg 9w\" sizes=\"(max-width: 1536px) 100vw, 1536px\" \/>\t\t\t\t\t\t\t\t\t\t\t\t\t\t\t<\/div>\n\t\t\t\t<\/div>\n\t\t\t\t<section class=\"elementor-section elementor-inner-section elementor-element elementor-element-4f47cfbb elementor-section-boxed elementor-section-height-default elementor-section-height-default\" data-id=\"4f47cfbb\" data-element_type=\"section\" data-e-type=\"section\">\n\t\t\t\t\t\t<div class=\"elementor-container elementor-column-gap-no\">\n\t\t\t\t\t<div class=\"elementor-column elementor-col-100 elementor-inner-column elementor-element elementor-element-36847d44\" data-id=\"36847d44\" data-element_type=\"column\" data-e-type=\"column\">\n\t\t\t<div class=\"elementor-widget-wrap elementor-element-populated\">\n\t\t\t\t\t\t<div class=\"elementor-element elementor-element-6513075 elementor-widget elementor-widget-gallery\" data-id=\"6513075\" data-element_type=\"widget\" data-e-type=\"widget\" data-settings=\"{&quot;gallery_layout&quot;:&quot;grid&quot;,&quot;columns&quot;:4,&quot;columns_tablet&quot;:2,&quot;columns_mobile&quot;:1,&quot;gap&quot;:{&quot;unit&quot;:&quot;px&quot;,&quot;size&quot;:10,&quot;sizes&quot;:[]},&quot;gap_tablet&quot;:{&quot;unit&quot;:&quot;px&quot;,&quot;size&quot;:10,&quot;sizes&quot;:[]},&quot;gap_mobile&quot;:{&quot;unit&quot;:&quot;px&quot;,&quot;size&quot;:10,&quot;sizes&quot;:[]},&quot;link_to&quot;:&quot;file&quot;,&quot;aspect_ratio&quot;:&quot;3:2&quot;,&quot;overlay_background&quot;:&quot;yes&quot;,&quot;content_hover_animation&quot;:&quot;fade-in&quot;}\" data-widget_type=\"gallery.default\">\n\t\t\t\t<div class=\"elementor-widget-container\">\n\t\t\t\t\t\t\t<div class=\"elementor-gallery__container\">\n\t\t\t\t\t\t\t<a class=\"e-gallery-item elementor-gallery-item elementor-animated-content\" href=\"https:\/\/mcautocaravanas.com\/wp-content\/uploads\/2024\/08\/WhatsApp-Image-2024-08-13-at-11.21.31-2.jpeg\" data-elementor-open-lightbox=\"yes\" data-elementor-lightbox-slideshow=\"6513075\" data-elementor-lightbox-title=\"Mercedes Benz Viano CDI 2.2 150cv Autom\u00e1tica\" data-elementor-lightbox-description=\"En Venta: Mercedes Benz Viano CDI 2.2 150cv Autom\u00e1tica\" data-e-action-hash=\"#elementor-action%3Aaction%3Dlightbox%26settings%3DeyJpZCI6MTcyOSwidXJsIjoiaHR0cHM6XC9cL21jYXV0b2NhcmF2YW5hcy5jb21cL3dwLWNvbnRlbnRcL3VwbG9hZHNcLzIwMjRcLzA4XC9XaGF0c0FwcC1JbWFnZS0yMDI0LTA4LTEzLWF0LTExLjIxLjMxLTIuanBlZyIsInNsaWRlc2hvdyI6IjY1MTMwNzUifQ%3D%3D\">\n\t\t\t\t\t<div class=\"e-gallery-image elementor-gallery-item__image\" data-thumbnail=\"https:\/\/mcautocaravanas.com\/wp-content\/uploads\/2024\/08\/WhatsApp-Image-2024-08-13-at-11.21.31-2.jpeg\" data-width=\"1536\" data-height=\"2048\" aria-label=\"En Venta: Mercedes Benz Viano CDI 2.2 150cv Autom\u00e1tica\" role=\"img\" ><\/div>\n\t\t\t\t\t\t\t\t\t\t\t<div class=\"elementor-gallery-item__overlay\"><\/div>\n\t\t\t\t\t\t\t\t\t\t\t\t\t\t<\/a>\n\t\t\t\t\t\t\t<a class=\"e-gallery-item elementor-gallery-item elementor-animated-content\" href=\"https:\/\/mcautocaravanas.com\/wp-content\/uploads\/2024\/08\/WhatsApp-Image-2024-08-13-at-11.22.37-1-1.jpeg\" data-elementor-open-lightbox=\"yes\" data-elementor-lightbox-slideshow=\"6513075\" data-elementor-lightbox-title=\"WhatsApp Image 2024-08-13 at 11.22.37 (1)\" data-e-action-hash=\"#elementor-action%3Aaction%3Dlightbox%26settings%3DeyJpZCI6MTcyOCwidXJsIjoiaHR0cHM6XC9cL21jYXV0b2NhcmF2YW5hcy5jb21cL3dwLWNvbnRlbnRcL3VwbG9hZHNcLzIwMjRcLzA4XC9XaGF0c0FwcC1JbWFnZS0yMDI0LTA4LTEzLWF0LTExLjIyLjM3LTEtMS5qcGVnIiwic2xpZGVzaG93IjoiNjUxMzA3NSJ9\">\n\t\t\t\t\t<div class=\"e-gallery-image elementor-gallery-item__image\" data-thumbnail=\"https:\/\/mcautocaravanas.com\/wp-content\/uploads\/2024\/08\/WhatsApp-Image-2024-08-13-at-11.22.37-1-1.jpeg\" data-width=\"1536\" data-height=\"2048\" aria-label=\"\" role=\"img\" ><\/div>\n\t\t\t\t\t\t\t\t\t\t\t<div class=\"elementor-gallery-item__overlay\"><\/div>\n\t\t\t\t\t\t\t\t\t\t\t\t\t\t<\/a>\n\t\t\t\t\t\t\t<a class=\"e-gallery-item elementor-gallery-item elementor-animated-content\" href=\"https:\/\/mcautocaravanas.com\/wp-content\/uploads\/2024\/08\/WhatsApp-Image-2024-08-13-at-11.22.37-3.jpeg\" data-elementor-open-lightbox=\"yes\" data-elementor-lightbox-slideshow=\"6513075\" data-elementor-lightbox-title=\"WhatsApp Image 2024-08-13 at 11.22.37\" data-e-action-hash=\"#elementor-action%3Aaction%3Dlightbox%26settings%3DeyJpZCI6MTcyNywidXJsIjoiaHR0cHM6XC9cL21jYXV0b2NhcmF2YW5hcy5jb21cL3dwLWNvbnRlbnRcL3VwbG9hZHNcLzIwMjRcLzA4XC9XaGF0c0FwcC1JbWFnZS0yMDI0LTA4LTEzLWF0LTExLjIyLjM3LTMuanBlZyIsInNsaWRlc2hvdyI6IjY1MTMwNzUifQ%3D%3D\">\n\t\t\t\t\t<div class=\"e-gallery-image elementor-gallery-item__image\" data-thumbnail=\"https:\/\/mcautocaravanas.com\/wp-content\/uploads\/2024\/08\/WhatsApp-Image-2024-08-13-at-11.22.37-3.jpeg\" data-width=\"1536\" data-height=\"2048\" aria-label=\"\" role=\"img\" ><\/div>\n\t\t\t\t\t\t\t\t\t\t\t<div class=\"elementor-gallery-item__overlay\"><\/div>\n\t\t\t\t\t\t\t\t\t\t\t\t\t\t<\/a>\n\t\t\t\t\t\t\t<a class=\"e-gallery-item elementor-gallery-item elementor-animated-content\" href=\"https:\/\/mcautocaravanas.com\/wp-content\/uploads\/2024\/08\/WhatsApp-Image-2024-08-13-at-11.22.38-1.jpeg\" data-elementor-open-lightbox=\"yes\" data-elementor-lightbox-slideshow=\"6513075\" data-elementor-lightbox-title=\"Mercedes Benz Viano CDI 2.2 150cv Autom\u00e1tica\" data-elementor-lightbox-description=\"En Venta: Mercedes Benz Viano CDI 2.2 150cv Autom\u00e1tica\" data-e-action-hash=\"#elementor-action%3Aaction%3Dlightbox%26settings%3DeyJpZCI6MTY4MCwidXJsIjoiaHR0cHM6XC9cL21jYXV0b2NhcmF2YW5hcy5jb21cL3dwLWNvbnRlbnRcL3VwbG9hZHNcLzIwMjRcLzA4XC9XaGF0c0FwcC1JbWFnZS0yMDI0LTA4LTEzLWF0LTExLjIyLjM4LTEuanBlZyIsInNsaWRlc2hvdyI6IjY1MTMwNzUifQ%3D%3D\">\n\t\t\t\t\t<div class=\"e-gallery-image elementor-gallery-item__image\" data-thumbnail=\"https:\/\/mcautocaravanas.com\/wp-content\/uploads\/2024\/08\/WhatsApp-Image-2024-08-13-at-11.22.38-1.jpeg\" data-width=\"1536\" data-height=\"2048\" aria-label=\"En Venta: Mercedes Benz Viano CDI 2.2 150cv Autom\u00e1tica\" role=\"img\" ><\/div>\n\t\t\t\t\t\t\t\t\t\t\t<div class=\"elementor-gallery-item__overlay\"><\/div>\n\t\t\t\t\t\t\t\t\t\t\t\t\t\t<\/a>\n\t\t\t\t\t\t\t<a class=\"e-gallery-item elementor-gallery-item elementor-animated-content\" href=\"https:\/\/mcautocaravanas.com\/wp-content\/uploads\/2024\/08\/WhatsApp-Image-2024-08-13-at-11.22.38.jpeg\" data-elementor-open-lightbox=\"yes\" data-elementor-lightbox-slideshow=\"6513075\" data-elementor-lightbox-title=\"Mercedes Benz Viano CDI 2.2 150cv Autom\u00e1tica\" data-elementor-lightbox-description=\"En Venta: Mercedes Benz Viano CDI 2.2 150cv Autom\u00e1tica\" data-e-action-hash=\"#elementor-action%3Aaction%3Dlightbox%26settings%3DeyJpZCI6MTY4MSwidXJsIjoiaHR0cHM6XC9cL21jYXV0b2NhcmF2YW5hcy5jb21cL3dwLWNvbnRlbnRcL3VwbG9hZHNcLzIwMjRcLzA4XC9XaGF0c0FwcC1JbWFnZS0yMDI0LTA4LTEzLWF0LTExLjIyLjM4LmpwZWciLCJzbGlkZXNob3ciOiI2NTEzMDc1In0%3D\">\n\t\t\t\t\t<div class=\"e-gallery-image elementor-gallery-item__image\" data-thumbnail=\"https:\/\/mcautocaravanas.com\/wp-content\/uploads\/2024\/08\/WhatsApp-Image-2024-08-13-at-11.22.38.jpeg\" data-width=\"1536\" data-height=\"2048\" aria-label=\"En Venta: Mercedes Benz Viano CDI 2.2 150cv Autom\u00e1tica\" role=\"img\" ><\/div>\n\t\t\t\t\t\t\t\t\t\t\t<div class=\"elementor-gallery-item__overlay\"><\/div>\n\t\t\t\t\t\t\t\t\t\t\t\t\t\t<\/a>\n\t\t\t\t\t\t\t<a class=\"e-gallery-item elementor-gallery-item elementor-animated-content\" href=\"https:\/\/mcautocaravanas.com\/wp-content\/uploads\/2024\/08\/WhatsApp-Image-2024-08-13-at-11.22.39-1.jpeg\" data-elementor-open-lightbox=\"yes\" data-elementor-lightbox-slideshow=\"6513075\" data-elementor-lightbox-title=\"Mercedes Benz Viano CDI 2.2 150cv Autom\u00e1tica\" data-elementor-lightbox-description=\"En Venta: Mercedes Benz Viano CDI 2.2 150cv Autom\u00e1tica\" data-e-action-hash=\"#elementor-action%3Aaction%3Dlightbox%26settings%3DeyJpZCI6MTY4MiwidXJsIjoiaHR0cHM6XC9cL21jYXV0b2NhcmF2YW5hcy5jb21cL3dwLWNvbnRlbnRcL3VwbG9hZHNcLzIwMjRcLzA4XC9XaGF0c0FwcC1JbWFnZS0yMDI0LTA4LTEzLWF0LTExLjIyLjM5LTEuanBlZyIsInNsaWRlc2hvdyI6IjY1MTMwNzUifQ%3D%3D\">\n\t\t\t\t\t<div class=\"e-gallery-image elementor-gallery-item__image\" data-thumbnail=\"https:\/\/mcautocaravanas.com\/wp-content\/uploads\/2024\/08\/WhatsApp-Image-2024-08-13-at-11.22.39-1.jpeg\" data-width=\"1536\" data-height=\"2048\" aria-label=\"En Venta: Mercedes Benz Viano CDI 2.2 150cv Autom\u00e1tica\" role=\"img\" ><\/div>\n\t\t\t\t\t\t\t\t\t\t\t<div class=\"elementor-gallery-item__overlay\"><\/div>\n\t\t\t\t\t\t\t\t\t\t\t\t\t\t<\/a>\n\t\t\t\t\t\t\t<a class=\"e-gallery-item elementor-gallery-item elementor-animated-content\" href=\"https:\/\/mcautocaravanas.com\/wp-content\/uploads\/2024\/08\/WhatsApp-Image-2024-08-13-at-11.22.39.jpeg\" data-elementor-open-lightbox=\"yes\" data-elementor-lightbox-slideshow=\"6513075\" data-elementor-lightbox-title=\"Mercedes Benz Viano CDI 2.2 150cv Autom\u00e1tica\" data-elementor-lightbox-description=\"En Venta: Mercedes Benz Viano CDI 2.2 150cv Autom\u00e1tica\" data-e-action-hash=\"#elementor-action%3Aaction%3Dlightbox%26settings%3DeyJpZCI6MTY4MywidXJsIjoiaHR0cHM6XC9cL21jYXV0b2NhcmF2YW5hcy5jb21cL3dwLWNvbnRlbnRcL3VwbG9hZHNcLzIwMjRcLzA4XC9XaGF0c0FwcC1JbWFnZS0yMDI0LTA4LTEzLWF0LTExLjIyLjM5LmpwZWciLCJzbGlkZXNob3ciOiI2NTEzMDc1In0%3D\">\n\t\t\t\t\t<div class=\"e-gallery-image elementor-gallery-item__image\" data-thumbnail=\"https:\/\/mcautocaravanas.com\/wp-content\/uploads\/2024\/08\/WhatsApp-Image-2024-08-13-at-11.22.39.jpeg\" data-width=\"1536\" data-height=\"2048\" aria-label=\"En Venta: Mercedes Benz Viano CDI 2.2 150cv Autom\u00e1tica\" role=\"img\" ><\/div>\n\t\t\t\t\t\t\t\t\t\t\t<div class=\"elementor-gallery-item__overlay\"><\/div>\n\t\t\t\t\t\t\t\t\t\t\t\t\t\t<\/a>\n\t\t\t\t\t\t\t<a class=\"e-gallery-item elementor-gallery-item elementor-animated-content\" href=\"https:\/\/mcautocaravanas.com\/wp-content\/uploads\/2024\/08\/WhatsApp-Image-2024-08-13-at-11.22.40.jpeg\" data-elementor-open-lightbox=\"yes\" data-elementor-lightbox-slideshow=\"6513075\" data-elementor-lightbox-title=\"Mercedes Benz Viano CDI 2.2 150cv Autom\u00e1tica\" data-elementor-lightbox-description=\"En Venta: Mercedes Benz Viano CDI 2.2 150cv Autom\u00e1tica\" data-e-action-hash=\"#elementor-action%3Aaction%3Dlightbox%26settings%3DeyJpZCI6MTY4NCwidXJsIjoiaHR0cHM6XC9cL21jYXV0b2NhcmF2YW5hcy5jb21cL3dwLWNvbnRlbnRcL3VwbG9hZHNcLzIwMjRcLzA4XC9XaGF0c0FwcC1JbWFnZS0yMDI0LTA4LTEzLWF0LTExLjIyLjQwLmpwZWciLCJzbGlkZXNob3ciOiI2NTEzMDc1In0%3D\">\n\t\t\t\t\t<div class=\"e-gallery-image elementor-gallery-item__image\" data-thumbnail=\"https:\/\/mcautocaravanas.com\/wp-content\/uploads\/2024\/08\/WhatsApp-Image-2024-08-13-at-11.22.40.jpeg\" data-width=\"1536\" data-height=\"2048\" aria-label=\"En Venta: Mercedes Benz Viano CDI 2.2 150cv Autom\u00e1tica\" role=\"img\" ><\/div>\n\t\t\t\t\t\t\t\t\t\t\t<div class=\"elementor-gallery-item__overlay\"><\/div>\n\t\t\t\t\t\t\t\t\t\t\t\t\t\t<\/a>\n\t\t\t\t\t\t\t<a class=\"e-gallery-item elementor-gallery-item elementor-animated-content\" href=\"https:\/\/mcautocaravanas.com\/wp-content\/uploads\/2024\/08\/WhatsApp-Image-2024-08-13-at-11.22.41-1.jpeg\" data-elementor-open-lightbox=\"yes\" data-elementor-lightbox-slideshow=\"6513075\" data-elementor-lightbox-title=\"Mercedes Benz Viano CDI 2.2 150cv Autom\u00e1tica\" data-elementor-lightbox-description=\"En Venta: Mercedes Benz Viano CDI 2.2 150cv Autom\u00e1tica\" data-e-action-hash=\"#elementor-action%3Aaction%3Dlightbox%26settings%3DeyJpZCI6MTY4NSwidXJsIjoiaHR0cHM6XC9cL21jYXV0b2NhcmF2YW5hcy5jb21cL3dwLWNvbnRlbnRcL3VwbG9hZHNcLzIwMjRcLzA4XC9XaGF0c0FwcC1JbWFnZS0yMDI0LTA4LTEzLWF0LTExLjIyLjQxLTEuanBlZyIsInNsaWRlc2hvdyI6IjY1MTMwNzUifQ%3D%3D\">\n\t\t\t\t\t<div class=\"e-gallery-image elementor-gallery-item__image\" data-thumbnail=\"https:\/\/mcautocaravanas.com\/wp-content\/uploads\/2024\/08\/WhatsApp-Image-2024-08-13-at-11.22.41-1.jpeg\" data-width=\"2048\" data-height=\"1536\" aria-label=\"En Venta: Mercedes Benz Viano CDI 2.2 150cv Autom\u00e1tica\" role=\"img\" ><\/div>\n\t\t\t\t\t\t\t\t\t\t\t<div class=\"elementor-gallery-item__overlay\"><\/div>\n\t\t\t\t\t\t\t\t\t\t\t\t\t\t<\/a>\n\t\t\t\t\t\t\t<a class=\"e-gallery-item elementor-gallery-item elementor-animated-content\" href=\"https:\/\/mcautocaravanas.com\/wp-content\/uploads\/2024\/08\/WhatsApp-Image-2024-08-13-at-11.22.41-2-e1723727851787.jpeg\" data-elementor-open-lightbox=\"yes\" data-elementor-lightbox-slideshow=\"6513075\" data-elementor-lightbox-title=\"Mercedes Benz Viano CDI 2.2 150cv Autom\u00e1tica\" data-elementor-lightbox-description=\"En Venta: Mercedes Benz Viano CDI 2.2 150cv Autom\u00e1tica\" data-e-action-hash=\"#elementor-action%3Aaction%3Dlightbox%26settings%3DeyJpZCI6MTY4NiwidXJsIjoiaHR0cHM6XC9cL21jYXV0b2NhcmF2YW5hcy5jb21cL3dwLWNvbnRlbnRcL3VwbG9hZHNcLzIwMjRcLzA4XC9XaGF0c0FwcC1JbWFnZS0yMDI0LTA4LTEzLWF0LTExLjIyLjQxLTItZTE3MjM3Mjc4NTE3ODcuanBlZyIsInNsaWRlc2hvdyI6IjY1MTMwNzUifQ%3D%3D\">\n\t\t\t\t\t<div class=\"e-gallery-image elementor-gallery-item__image\" data-thumbnail=\"https:\/\/mcautocaravanas.com\/wp-content\/uploads\/2024\/08\/WhatsApp-Image-2024-08-13-at-11.22.41-2-e1723727851787.jpeg\" data-width=\"2048\" data-height=\"1536\" aria-label=\"En Venta: Mercedes Benz Viano CDI 2.2 150cv Autom\u00e1tica\" role=\"img\" ><\/div>\n\t\t\t\t\t\t\t\t\t\t\t<div class=\"elementor-gallery-item__overlay\"><\/div>\n\t\t\t\t\t\t\t\t\t\t\t\t\t\t<\/a>\n\t\t\t\t\t\t\t<a class=\"e-gallery-item elementor-gallery-item elementor-animated-content\" href=\"https:\/\/mcautocaravanas.com\/wp-content\/uploads\/2024\/08\/WhatsApp-Image-2024-08-13-at-11.22.41.jpeg\" data-elementor-open-lightbox=\"yes\" data-elementor-lightbox-slideshow=\"6513075\" data-elementor-lightbox-title=\"Mercedes Benz Viano CDI 2.2 150cv Autom\u00e1tica\" data-elementor-lightbox-description=\"En Venta: Mercedes Benz Viano CDI 2.2 150cv Autom\u00e1tica\" data-e-action-hash=\"#elementor-action%3Aaction%3Dlightbox%26settings%3DeyJpZCI6MTY4NywidXJsIjoiaHR0cHM6XC9cL21jYXV0b2NhcmF2YW5hcy5jb21cL3dwLWNvbnRlbnRcL3VwbG9hZHNcLzIwMjRcLzA4XC9XaGF0c0FwcC1JbWFnZS0yMDI0LTA4LTEzLWF0LTExLjIyLjQxLmpwZWciLCJzbGlkZXNob3ciOiI2NTEzMDc1In0%3D\">\n\t\t\t\t\t<div class=\"e-gallery-image elementor-gallery-item__image\" data-thumbnail=\"https:\/\/mcautocaravanas.com\/wp-content\/uploads\/2024\/08\/WhatsApp-Image-2024-08-13-at-11.22.41.jpeg\" data-width=\"1536\" data-height=\"2048\" aria-label=\"En Venta: Mercedes Benz Viano CDI 2.2 150cv Autom\u00e1tica\" role=\"img\" ><\/div>\n\t\t\t\t\t\t\t\t\t\t\t<div class=\"elementor-gallery-item__overlay\"><\/div>\n\t\t\t\t\t\t\t\t\t\t\t\t\t\t<\/a>\n\t\t\t\t\t\t\t<a class=\"e-gallery-item elementor-gallery-item elementor-animated-content\" href=\"https:\/\/mcautocaravanas.com\/wp-content\/uploads\/2024\/08\/WhatsApp-Image-2024-08-13-at-11.22.42-1.jpeg\" data-elementor-open-lightbox=\"yes\" data-elementor-lightbox-slideshow=\"6513075\" data-elementor-lightbox-title=\"Mercedes Benz Viano CDI 2.2 150cv Autom\u00e1tica\" data-elementor-lightbox-description=\"En Venta: Mercedes Benz Viano CDI 2.2 150cv Autom\u00e1tica\" data-e-action-hash=\"#elementor-action%3Aaction%3Dlightbox%26settings%3DeyJpZCI6MTY4OCwidXJsIjoiaHR0cHM6XC9cL21jYXV0b2NhcmF2YW5hcy5jb21cL3dwLWNvbnRlbnRcL3VwbG9hZHNcLzIwMjRcLzA4XC9XaGF0c0FwcC1JbWFnZS0yMDI0LTA4LTEzLWF0LTExLjIyLjQyLTEuanBlZyIsInNsaWRlc2hvdyI6IjY1MTMwNzUifQ%3D%3D\">\n\t\t\t\t\t<div class=\"e-gallery-image elementor-gallery-item__image\" data-thumbnail=\"https:\/\/mcautocaravanas.com\/wp-content\/uploads\/2024\/08\/WhatsApp-Image-2024-08-13-at-11.22.42-1.jpeg\" data-width=\"1536\" data-height=\"2048\" aria-label=\"En Venta: Mercedes Benz Viano CDI 2.2 150cv Autom\u00e1tica\" role=\"img\" ><\/div>\n\t\t\t\t\t\t\t\t\t\t\t<div class=\"elementor-gallery-item__overlay\"><\/div>\n\t\t\t\t\t\t\t\t\t\t\t\t\t\t<\/a>\n\t\t\t\t\t\t\t<a class=\"e-gallery-item elementor-gallery-item elementor-animated-content\" href=\"https:\/\/mcautocaravanas.com\/wp-content\/uploads\/2024\/08\/WhatsApp-Image-2024-08-13-at-11.22.42.jpeg\" data-elementor-open-lightbox=\"yes\" data-elementor-lightbox-slideshow=\"6513075\" data-elementor-lightbox-title=\"Mercedes Benz Viano CDI 2.2 150cv Autom\u00e1tica\" data-elementor-lightbox-description=\"En Venta: Mercedes Benz Viano CDI 2.2 150cv Autom\u00e1tica\" data-e-action-hash=\"#elementor-action%3Aaction%3Dlightbox%26settings%3DeyJpZCI6MTY4OSwidXJsIjoiaHR0cHM6XC9cL21jYXV0b2NhcmF2YW5hcy5jb21cL3dwLWNvbnRlbnRcL3VwbG9hZHNcLzIwMjRcLzA4XC9XaGF0c0FwcC1JbWFnZS0yMDI0LTA4LTEzLWF0LTExLjIyLjQyLmpwZWciLCJzbGlkZXNob3ciOiI2NTEzMDc1In0%3D\">\n\t\t\t\t\t<div class=\"e-gallery-image elementor-gallery-item__image\" data-thumbnail=\"https:\/\/mcautocaravanas.com\/wp-content\/uploads\/2024\/08\/WhatsApp-Image-2024-08-13-at-11.22.42.jpeg\" data-width=\"2048\" data-height=\"1536\" aria-label=\"En Venta: Mercedes Benz Viano CDI 2.2 150cv Autom\u00e1tica\" role=\"img\" ><\/div>\n\t\t\t\t\t\t\t\t\t\t\t<div class=\"elementor-gallery-item__overlay\"><\/div>\n\t\t\t\t\t\t\t\t\t\t\t\t\t\t<\/a>\n\t\t\t\t\t\t\t<a class=\"e-gallery-item elementor-gallery-item elementor-animated-content\" href=\"https:\/\/mcautocaravanas.com\/wp-content\/uploads\/2024\/08\/WhatsApp-Image-2024-08-13-at-11.22.43.jpeg\" data-elementor-open-lightbox=\"yes\" data-elementor-lightbox-slideshow=\"6513075\" data-elementor-lightbox-title=\"Mercedes Benz Viano CDI 2.2 150cv Autom\u00e1tica\" data-elementor-lightbox-description=\"En Venta: Mercedes Benz Viano CDI 2.2 150cv Autom\u00e1tica\" data-e-action-hash=\"#elementor-action%3Aaction%3Dlightbox%26settings%3DeyJpZCI6MTY5MCwidXJsIjoiaHR0cHM6XC9cL21jYXV0b2NhcmF2YW5hcy5jb21cL3dwLWNvbnRlbnRcL3VwbG9hZHNcLzIwMjRcLzA4XC9XaGF0c0FwcC1JbWFnZS0yMDI0LTA4LTEzLWF0LTExLjIyLjQzLmpwZWciLCJzbGlkZXNob3ciOiI2NTEzMDc1In0%3D\">\n\t\t\t\t\t<div class=\"e-gallery-image elementor-gallery-item__image\" data-thumbnail=\"https:\/\/mcautocaravanas.com\/wp-content\/uploads\/2024\/08\/WhatsApp-Image-2024-08-13-at-11.22.43.jpeg\" data-width=\"1536\" data-height=\"2048\" aria-label=\"En Venta: Mercedes Benz Viano CDI 2.2 150cv Autom\u00e1tica\" role=\"img\" ><\/div>\n\t\t\t\t\t\t\t\t\t\t\t<div class=\"elementor-gallery-item__overlay\"><\/div>\n\t\t\t\t\t\t\t\t\t\t\t\t\t\t<\/a>\n\t\t\t\t\t<\/div>\n\t\t\t\t\t<\/div>\n\t\t\t\t<\/div>\n\t\t\t\t<div class=\"elementor-element elementor-element-c0af129 elementor-widget elementor-widget-heading\" data-id=\"c0af129\" data-element_type=\"widget\" data-e-type=\"widget\" data-widget_type=\"heading.default\">\n\t\t\t\t<div class=\"elementor-widget-container\">\n\t\t\t\t\t<h3 class=\"elementor-heading-title elementor-size-default\">Caracter\u00edsticas<\/h3>\t\t\t\t<\/div>\n\t\t\t\t<\/div>\n\t\t\t\t<div class=\"elementor-element elementor-element-498d4b3 elementor-align-start elementor-mobile-align-center elementor-icon-list--layout-traditional elementor-list-item-link-full_width elementor-widget elementor-widget-icon-list\" data-id=\"498d4b3\" data-element_type=\"widget\" data-e-type=\"widget\" data-widget_type=\"icon-list.default\">\n\t\t\t\t<div class=\"elementor-widget-container\">\n\t\t\t\t\t\t\t<ul class=\"elementor-icon-list-items\">\n\t\t\t\t\t\t\t<li class=\"elementor-icon-list-item\">\n\t\t\t\t\t\t\t\t\t\t\t<span class=\"elementor-icon-list-icon\">\n\t\t\t\t\t\t\t<svg aria-hidden=\"true\" class=\"e-font-icon-svg e-far-check-circle\" viewbox=\"0 0 512 512\" xmlns=\"http:\/\/www.w3.org\/2000\/svg\"><path d=\"M256 8C119.033 8 8 119.033 8 256s111.033 248 248 248 248-111.033 248-248S392.967 8 256 8zm0 48c110.532 0 200 89.451 200 200 0 110.532-89.451 200-200 200-110.532 0-200-89.451-200-200 0-110.532 89.451-200 200-200m140.204 130.267l-22.536-22.718c-4.667-4.705-12.265-4.736-16.97-.068L215.346 303.697l-59.792-60.277c-4.667-4.705-12.265-4.736-16.97-.069l-22.719 22.536c-4.705 4.667-4.736 12.265-.068 16.971l90.781 91.516c4.667 4.705 12.265 4.736 16.97.068l172.589-171.204c4.704-4.668 4.734-12.266.067-16.971z\"><\/path><\/svg>\t\t\t\t\t\t<\/span>\n\t\t\t\t\t\t\t\t\t\t<span class=\"elementor-icon-list-text\">256,578 KM<\/span>\n\t\t\t\t\t\t\t\t\t<\/li>\n\t\t\t\t\t\t\t\t<li class=\"elementor-icon-list-item\">\n\t\t\t\t\t\t\t\t\t\t\t<span class=\"elementor-icon-list-icon\">\n\t\t\t\t\t\t\t<svg aria-hidden=\"true\" class=\"e-font-icon-svg e-far-check-circle\" viewbox=\"0 0 512 512\" xmlns=\"http:\/\/www.w3.org\/2000\/svg\"><path d=\"M256 8C119.033 8 8 119.033 8 256s111.033 248 248 248 248-111.033 248-248S392.967 8 256 8zm0 48c110.532 0 200 89.451 200 200 0 110.532-89.451 200-200 200-110.532 0-200-89.451-200-200 0-110.532 89.451-200 200-200m140.204 130.267l-22.536-22.718c-4.667-4.705-12.265-4.736-16.97-.068L215.346 303.697l-59.792-60.277c-4.667-4.705-12.265-4.736-16.97-.069l-22.719 22.536c-4.705 4.667-4.736 12.265-.068 16.971l90.781 91.516c4.667 4.705 12.265 4.736 16.97.068l172.589-171.204c4.704-4.668 4.734-12.266.067-16.971z\"><\/path><\/svg>\t\t\t\t\t\t<\/span>\n\t\t\t\t\t\t\t\t\t\t<span class=\"elementor-icon-list-text\">A\u00f1o 2008<\/span>\n\t\t\t\t\t\t\t\t\t<\/li>\n\t\t\t\t\t\t\t\t<li class=\"elementor-icon-list-item\">\n\t\t\t\t\t\t\t\t\t\t\t<span class=\"elementor-icon-list-icon\">\n\t\t\t\t\t\t\t<svg aria-hidden=\"true\" class=\"e-font-icon-svg e-far-check-circle\" viewbox=\"0 0 512 512\" xmlns=\"http:\/\/www.w3.org\/2000\/svg\"><path d=\"M256 8C119.033 8 8 119.033 8 256s111.033 248 248 248 248-111.033 248-248S392.967 8 256 8zm0 48c110.532 0 200 89.451 200 200 0 110.532-89.451 200-200 200-110.532 0-200-89.451-200-200 0-110.532 89.451-200 200-200m140.204 130.267l-22.536-22.718c-4.667-4.705-12.265-4.736-16.97-.068L215.346 303.697l-59.792-60.277c-4.667-4.705-12.265-4.736-16.97-.069l-22.719 22.536c-4.705 4.667-4.736 12.265-.068 16.971l90.781 91.516c4.667 4.705 12.265 4.736 16.97.068l172.589-171.204c4.704-4.668 4.734-12.266.067-16.971z\"><\/path><\/svg>\t\t\t\t\t\t<\/span>\n\t\t\t\t\t\t\t\t\t\t<span class=\"elementor-icon-list-text\">Capacidad para viajar 6 personas, se entrega con todos los asientos<\/span>\n\t\t\t\t\t\t\t\t\t<\/li>\n\t\t\t\t\t\t\t\t<li class=\"elementor-icon-list-item\">\n\t\t\t\t\t\t\t\t\t\t\t<span class=\"elementor-icon-list-icon\">\n\t\t\t\t\t\t\t<svg aria-hidden=\"true\" class=\"e-font-icon-svg e-far-check-circle\" viewbox=\"0 0 512 512\" xmlns=\"http:\/\/www.w3.org\/2000\/svg\"><path d=\"M256 8C119.033 8 8 119.033 8 256s111.033 248 248 248 248-111.033 248-248S392.967 8 256 8zm0 48c110.532 0 200 89.451 200 200 0 110.532-89.451 200-200 200-110.532 0-200-89.451-200-200 0-110.532 89.451-200 200-200m140.204 130.267l-22.536-22.718c-4.667-4.705-12.265-4.736-16.97-.068L215.346 303.697l-59.792-60.277c-4.667-4.705-12.265-4.736-16.97-.069l-22.719 22.536c-4.705 4.667-4.736 12.265-.068 16.971l90.781 91.516c4.667 4.705 12.265 4.736 16.97.068l172.589-171.204c4.704-4.668 4.734-12.266.067-16.971z\"><\/path><\/svg>\t\t\t\t\t\t<\/span>\n\t\t\t\t\t\t\t\t\t\t<span class=\"elementor-icon-list-text\">Financiaci\u00f3n 100%<\/span>\n\t\t\t\t\t\t\t\t\t<\/li>\n\t\t\t\t\t\t<\/ul>\n\t\t\t\t\t\t<\/div>\n\t\t\t\t<\/div>\n\t\t\t\t\t<\/div>\n\t\t<\/div>\n\t\t\t\t\t<\/div>\n\t\t<\/section>\n\t\t\t\t<div class=\"elementor-element elementor-element-1db4b45b elementor-widget-divider--view-line elementor-widget elementor-widget-divider\" data-id=\"1db4b45b\" data-element_type=\"widget\" data-e-type=\"widget\" data-widget_type=\"divider.default\">\n\t\t\t\t<div class=\"elementor-widget-container\">\n\t\t\t\t\t\t\t<div class=\"elementor-divider\">\n\t\t\t<span class=\"elementor-divider-separator\">\n\t\t\t\t\t\t<\/span>\n\t\t<\/div>\n\t\t\t\t\t\t<\/div>\n\t\t\t\t<\/div>\n\t\t\t\t<div class=\"elementor-element elementor-element-130662bb elementor-widget elementor-widget-heading\" data-id=\"130662bb\" data-element_type=\"widget\" data-e-type=\"widget\" data-widget_type=\"heading.default\">\n\t\t\t\t<div class=\"elementor-widget-container\">\n\t\t\t\t\t<h3 class=\"elementor-heading-title elementor-size-default\">Descripci\u00f3n del veh\u00edculo<\/h3>\t\t\t\t<\/div>\n\t\t\t\t<\/div>\n\t\t\t\t<div class=\"elementor-element elementor-element-6d8ec298 elementor-widget elementor-widget-text-editor\" data-id=\"6d8ec298\" data-element_type=\"widget\" data-e-type=\"widget\" data-widget_type=\"text-editor.default\">\n\t\t\t\t<div class=\"elementor-widget-container\">\n\t\t\t\t\t\t\t\t\t<p><strong>Revisiones y Mantenimiento:<\/strong><br \/>\u2022\u2060 \u2060Recientemente revisada<br \/>\u2022\u2060 \u2060Cambio de aceite y todos los filtros<br \/>\u2022\u2060 \u2060Turbo nuevo<\/p><p><strong>Extras Incluidos:<\/strong><br \/>\u2022\u2060 \u2060Estructura convertible en cama<br \/>\u2022\u2060 \u2060Nevera de alta calidad<br \/>\u2022\u2060 \u2060Mesa interior + asientos para comer dentro<\/p><p><strong>Caracter\u00edsticas Adicionales:<\/strong><br \/>\u2022\u2060 \u2060Todos los extras de camperizaci\u00f3n se extraen f\u00e1cilmente y c\u00f3modamente<br \/>\u2022\u2060 \u2060Dise\u00f1ada para pasar la ITV sin problemas anualmente<br \/>\u2022\u2060 \u2060Utilizable como veh\u00edculo de diario para hasta 6 pasajeros<\/p><p><span style=\"text-decoration: underline;\"><strong>Precio: 12.000 \u20ac<\/strong><\/span><br \/><strong>Financiaci\u00f3n 100%<\/strong><\/p><p>Puedes visitar la Mercedes Benz Viano en nuestras instalaciones, concertando una cita telef\u00f3nica.<br \/>\u00a1Estaremos encantados de atenderte y asesorarte<\/p>\t\t\t\t\t\t\t\t<\/div>\n\t\t\t\t<\/div>\n\t\t\t\t\t<\/div>\n\t\t<\/div>\n\t\t\t\t<div class=\"elementor-column elementor-col-50 elementor-top-column elementor-element elementor-element-3c223fa5\" data-id=\"3c223fa5\" data-element_type=\"column\" data-e-type=\"column\" data-settings=\"{&quot;background_background&quot;:&quot;classic&quot;}\">\n\t\t\t<div class=\"elementor-widget-wrap elementor-element-populated\">\n\t\t\t\t\t\t<div class=\"elementor-element elementor-element-45c2ce72 elementor-widget elementor-widget-spacer\" data-id=\"45c2ce72\" data-element_type=\"widget\" data-e-type=\"widget\" data-widget_type=\"spacer.default\">\n\t\t\t\t<div class=\"elementor-widget-container\">\n\t\t\t\t\t\t\t<div class=\"elementor-spacer\">\n\t\t\t<div class=\"elementor-spacer-inner\"><\/div>\n\t\t<\/div>\n\t\t\t\t\t\t<\/div>\n\t\t\t\t<\/div>\n\t\t\t\t<section class=\"elementor-section elementor-inner-section elementor-element elementor-element-6f06bc6 elementor-section-boxed elementor-section-height-default elementor-section-height-default\" data-id=\"6f06bc6\" data-element_type=\"section\" data-e-type=\"section\" data-settings=\"{&quot;background_background&quot;:&quot;classic&quot;}\">\n\t\t\t\t\t\t<div class=\"elementor-container elementor-column-gap-no\">\n\t\t\t\t\t<div class=\"elementor-column elementor-col-100 elementor-inner-column elementor-element elementor-element-60f1212b\" data-id=\"60f1212b\" data-element_type=\"column\" data-e-type=\"column\">\n\t\t\t<div class=\"elementor-widget-wrap elementor-element-populated\">\n\t\t\t\t\t\t<div class=\"elementor-element elementor-element-90fd966 elementor-widget elementor-widget-heading\" data-id=\"90fd966\" data-element_type=\"widget\" data-e-type=\"widget\" data-widget_type=\"heading.default\">\n\t\t\t\t<div class=\"elementor-widget-container\">\n\t\t\t\t\t<h3 class=\"elementor-heading-title elementor-size-default\">\u00bfTienes dudas?<\/h3>\t\t\t\t<\/div>\n\t\t\t\t<\/div>\n\t\t\t\t<div class=\"elementor-element elementor-element-7106bcff elementor-widget elementor-widget-text-editor\" data-id=\"7106bcff\" data-element_type=\"widget\" data-e-type=\"widget\" data-widget_type=\"text-editor.default\">\n\t\t\t\t<div class=\"elementor-widget-container\">\n\t\t\t\t\t\t\t\t\t<p><strong>Ll\u00e1mame<\/strong><\/p>\t\t\t\t\t\t\t\t<\/div>\n\t\t\t\t<\/div>\n\t\t\t\t<div class=\"elementor-element elementor-element-39e4f2b8 elementor-view-stacked elementor-position-inline-start elementor-shape-circle elementor-mobile-position-block-start elementor-widget elementor-widget-icon-box\" data-id=\"39e4f2b8\" data-element_type=\"widget\" data-e-type=\"widget\" data-widget_type=\"icon-box.default\">\n\t\t\t\t<div class=\"elementor-widget-container\">\n\t\t\t\t\t\t\t<div class=\"elementor-icon-box-wrapper\">\n\n\t\t\t\t\t\t<div class=\"elementor-icon-box-icon\">\n\t\t\t\t<a href=\"tel:%20656%20965%20732\" class=\"elementor-icon\" tabindex=\"-1\" aria-label=\"Alexei\">\n\t\t\t\t<svg aria-hidden=\"true\" class=\"e-font-icon-svg e-fas-phone\" viewbox=\"0 0 512 512\" xmlns=\"http:\/\/www.w3.org\/2000\/svg\"><path d=\"M493.4 24.6l-104-24c-11.3-2.6-22.9 3.3-27.5 13.9l-48 112c-4.2 9.8-1.4 21.3 6.9 28l60.6 49.6c-36 76.7-98.9 140.5-177.2 177.2l-49.6-60.6c-6.8-8.3-18.2-11.1-28-6.9l-112 48C3.9 366.5-2 378.1.6 389.4l24 104C27.1 504.2 36.7 512 48 512c256.1 0 464-207.5 464-464 0-11.2-7.7-20.9-18.6-23.4z\"><\/path><\/svg>\t\t\t\t<\/a>\n\t\t\t<\/div>\n\t\t\t\n\t\t\t\t\t\t<div class=\"elementor-icon-box-content\">\n\n\t\t\t\t\t\t\t\t\t<h4 class=\"elementor-icon-box-title\">\n\t\t\t\t\t\t<a href=\"tel:%20656%20965%20732\" >\n\t\t\t\t\t\t\tAlexei\t\t\t\t\t\t<\/a>\n\t\t\t\t\t<\/h4>\n\t\t\t\t\n\t\t\t\t\t\t\t\t\t<p class=\"elementor-icon-box-description\">\n\t\t\t\t\t\t656 965 732\t\t\t\t\t<\/p>\n\t\t\t\t\n\t\t\t<\/div>\n\t\t\t\n\t\t<\/div>\n\t\t\t\t\t\t<\/div>\n\t\t\t\t<\/div>\n\t\t\t\t\t<\/div>\n\t\t<\/div>\n\t\t\t\t\t<\/div>\n\t\t<\/section>\n\t\t\t\t\t<\/div>\n\t\t<\/div>\n\t\t\t\t\t<\/div>\n\t\t<\/section>\n\t\t\t\t<\/div>","protected":false},"excerpt":{"rendered":"<p>Mercedes Benz Viano CDI 2.2 150cv Autom\u00e1tica 12.000 \u20ac Caracter\u00edsticas 256,578 KM A\u00f1o 2008 Capacidad para viajar 6 personas, se entrega con todos los asientos Financiaci\u00f3n 100% Descripci\u00f3n del veh\u00edculo Revisiones y Mantenimiento:\u2022\u2060 \u2060Recientemente revisada\u2022\u2060 \u2060Cambio de aceite y todos los filtros\u2022\u2060 \u2060Turbo nuevo Extras Incluidos:\u2022\u2060 \u2060Estructura convertible en cama\u2022\u2060 \u2060Nevera de alta calidad\u2022\u2060 \u2060Mesa [&hellip;]<\/p>\n","protected":false},"author":1,"featured_media":0,"parent":24,"menu_order":0,"comment_status":"closed","ping_status":"closed","template":"elementor_canvas","meta":{"footnotes":""},"class_list":["post-1673","page","type-page","status-publish","hentry"],"yoast_head":"<!-- This site is optimized with the Yoast SEO plugin v27.5 - https:\/\/yoast.com\/product\/yoast-seo-wordpress\/ -->\n<title>Mercedes Benz Viano - M.C. Autocaravanas Getxo S.L<\/title>\n<meta name=\"robots\" content=\"index, follow, max-snippet:-1, max-image-preview:large, max-video-preview:-1\" \/>\n<link rel=\"canonical\" href=\"https:\/\/mcautocaravanas.com\/eus\/venta\/autocaravanas-y-furgocamper-de-segunda-mano\/mercedes-benz-viano\/\" \/>\n<meta property=\"og:locale\" content=\"en_US\" \/>\n<meta property=\"og:type\" content=\"article\" \/>\n<meta property=\"og:title\" content=\"Mercedes Benz Viano - M.C. Autocaravanas Getxo S.L\" \/>\n<meta property=\"og:description\" content=\"Mercedes Benz Viano CDI 2.2 150cv Autom\u00e1tica 12.000 \u20ac Caracter\u00edsticas 256,578 KM A\u00f1o 2008 Capacidad para viajar 6 personas, se entrega con todos los asientos Financiaci\u00f3n 100% Descripci\u00f3n del veh\u00edculo Revisiones y Mantenimiento:\u2022\u2060 \u2060Recientemente revisada\u2022\u2060 \u2060Cambio de aceite y todos los filtros\u2022\u2060 \u2060Turbo nuevo Extras Incluidos:\u2022\u2060 \u2060Estructura convertible en cama\u2022\u2060 \u2060Nevera de alta calidad\u2022\u2060 \u2060Mesa [&hellip;]\" \/>\n<meta property=\"og:url\" content=\"https:\/\/mcautocaravanas.com\/eus\/venta\/autocaravanas-y-furgocamper-de-segunda-mano\/mercedes-benz-viano\/\" \/>\n<meta property=\"og:site_name\" content=\"M.C. Autocaravanas Getxo S.L\" \/>\n<meta property=\"article:modified_time\" content=\"2025-03-23T08:31:26+00:00\" \/>\n<meta property=\"og:image\" content=\"https:\/\/mcautocaravanas.com\/wp-content\/uploads\/2024\/08\/WhatsApp-Image-2024-08-13-at-11.21.31-1.jpeg\" \/>\n\t<meta property=\"og:image:width\" content=\"1536\" \/>\n\t<meta property=\"og:image:height\" content=\"2048\" \/>\n\t<meta property=\"og:image:type\" content=\"image\/jpeg\" \/>\n<meta name=\"twitter:card\" content=\"summary_large_image\" \/>\n<meta name=\"twitter:label1\" content=\"Est. reading time\" \/>\n\t<meta name=\"twitter:data1\" content=\"1 minutua\" \/>\n<script type=\"application\/ld+json\" class=\"yoast-schema-graph\">{\"@context\":\"https:\\\/\\\/schema.org\",\"@graph\":[{\"@type\":\"WebPage\",\"@id\":\"https:\\\/\\\/mcautocaravanas.com\\\/venta\\\/autocaravanas-y-furgocamper-de-segunda-mano\\\/mercedes-benz-viano\\\/\",\"url\":\"https:\\\/\\\/mcautocaravanas.com\\\/venta\\\/autocaravanas-y-furgocamper-de-segunda-mano\\\/mercedes-benz-viano\\\/\",\"name\":\"Mercedes Benz Viano - M.C. Autocaravanas Getxo S.L\",\"isPartOf\":{\"@id\":\"https:\\\/\\\/mcautocaravanas.com\\\/#website\"},\"primaryImageOfPage\":{\"@id\":\"https:\\\/\\\/mcautocaravanas.com\\\/venta\\\/autocaravanas-y-furgocamper-de-segunda-mano\\\/mercedes-benz-viano\\\/#primaryimage\"},\"image\":{\"@id\":\"https:\\\/\\\/mcautocaravanas.com\\\/venta\\\/autocaravanas-y-furgocamper-de-segunda-mano\\\/mercedes-benz-viano\\\/#primaryimage\"},\"thumbnailUrl\":\"https:\\\/\\\/mcautocaravanas.com\\\/wp-content\\\/uploads\\\/2024\\\/08\\\/WhatsApp-Image-2024-08-13-at-11.21.31-1.jpeg\",\"datePublished\":\"2024-08-15T13:14:24+00:00\",\"dateModified\":\"2025-03-23T08:31:26+00:00\",\"breadcrumb\":{\"@id\":\"https:\\\/\\\/mcautocaravanas.com\\\/venta\\\/autocaravanas-y-furgocamper-de-segunda-mano\\\/mercedes-benz-viano\\\/#breadcrumb\"},\"inLanguage\":\"eu\",\"potentialAction\":[{\"@type\":\"ReadAction\",\"target\":[\"https:\\\/\\\/mcautocaravanas.com\\\/venta\\\/autocaravanas-y-furgocamper-de-segunda-mano\\\/mercedes-benz-viano\\\/\"]}]},{\"@type\":\"ImageObject\",\"inLanguage\":\"eu\",\"@id\":\"https:\\\/\\\/mcautocaravanas.com\\\/venta\\\/autocaravanas-y-furgocamper-de-segunda-mano\\\/mercedes-benz-viano\\\/#primaryimage\",\"url\":\"https:\\\/\\\/mcautocaravanas.com\\\/wp-content\\\/uploads\\\/2024\\\/08\\\/WhatsApp-Image-2024-08-13-at-11.21.31-1.jpeg\",\"contentUrl\":\"https:\\\/\\\/mcautocaravanas.com\\\/wp-content\\\/uploads\\\/2024\\\/08\\\/WhatsApp-Image-2024-08-13-at-11.21.31-1.jpeg\"},{\"@type\":\"BreadcrumbList\",\"@id\":\"https:\\\/\\\/mcautocaravanas.com\\\/venta\\\/autocaravanas-y-furgocamper-de-segunda-mano\\\/mercedes-benz-viano\\\/#breadcrumb\",\"itemListElement\":[{\"@type\":\"ListItem\",\"position\":1,\"name\":\"Portada\",\"item\":\"https:\\\/\\\/mcautocaravanas.com\\\/\"},{\"@type\":\"ListItem\",\"position\":2,\"name\":\"Venta borrar\",\"item\":\"https:\\\/\\\/mcautocaravanas.com\\\/venta\\\/\"},{\"@type\":\"ListItem\",\"position\":3,\"name\":\"Autocaravanas y furgocamper de segunda mano\",\"item\":\"https:\\\/\\\/mcautocaravanas.com\\\/venta\\\/autocaravanas-y-furgocamper-de-segunda-mano\\\/\"},{\"@type\":\"ListItem\",\"position\":4,\"name\":\"Mercedes Benz Viano\"}]},{\"@type\":\"WebSite\",\"@id\":\"https:\\\/\\\/mcautocaravanas.com\\\/#website\",\"url\":\"https:\\\/\\\/mcautocaravanas.com\\\/\",\"name\":\"M.C. Autocaravanas Getxo S.L\",\"description\":\"\u00bfListo para una aventura inolvidable? En M.C Autocaravanas Getxo, te ofrecemos la oportunidad de explorar el mundo a tu ritmo con nuestras autocaravanas de \u00faltima generaci\u00f3n.\",\"publisher\":{\"@id\":\"https:\\\/\\\/mcautocaravanas.com\\\/#organization\"},\"potentialAction\":[{\"@type\":\"SearchAction\",\"target\":{\"@type\":\"EntryPoint\",\"urlTemplate\":\"https:\\\/\\\/mcautocaravanas.com\\\/?s={search_term_string}\"},\"query-input\":{\"@type\":\"PropertyValueSpecification\",\"valueRequired\":true,\"valueName\":\"search_term_string\"}}],\"inLanguage\":\"eu\"},{\"@type\":\"Organization\",\"@id\":\"https:\\\/\\\/mcautocaravanas.com\\\/#organization\",\"name\":\"M.C. Autocaravanas Getxo S.L\",\"url\":\"https:\\\/\\\/mcautocaravanas.com\\\/\",\"logo\":{\"@type\":\"ImageObject\",\"inLanguage\":\"eu\",\"@id\":\"https:\\\/\\\/mcautocaravanas.com\\\/#\\\/schema\\\/logo\\\/image\\\/\",\"url\":\"https:\\\/\\\/mcautocaravanas.com\\\/wp-content\\\/uploads\\\/2024\\\/06\\\/cropped-cropped-M.C-AUTOCARAVANAS-1-2.png\",\"contentUrl\":\"https:\\\/\\\/mcautocaravanas.com\\\/wp-content\\\/uploads\\\/2024\\\/06\\\/cropped-cropped-M.C-AUTOCARAVANAS-1-2.png\",\"width\":512,\"height\":484,\"caption\":\"M.C. Autocaravanas Getxo S.L\"},\"image\":{\"@id\":\"https:\\\/\\\/mcautocaravanas.com\\\/#\\\/schema\\\/logo\\\/image\\\/\"}}]}<\/script>\n<!-- \/ Yoast SEO plugin. -->","yoast_head_json":{"title":"Mercedes Benz Viano - M.C. Autocaravanas Getxo S.L","robots":{"index":"index","follow":"follow","max-snippet":"max-snippet:-1","max-image-preview":"max-image-preview:large","max-video-preview":"max-video-preview:-1"},"canonical":"https:\/\/mcautocaravanas.com\/eus\/venta\/autocaravanas-y-furgocamper-de-segunda-mano\/mercedes-benz-viano\/","og_locale":"en_US","og_type":"article","og_title":"Mercedes Benz Viano - M.C. Autocaravanas Getxo S.L","og_description":"Mercedes Benz Viano CDI 2.2 150cv Autom\u00e1tica 12.000 \u20ac Caracter\u00edsticas 256,578 KM A\u00f1o 2008 Capacidad para viajar 6 personas, se entrega con todos los asientos Financiaci\u00f3n 100% Descripci\u00f3n del veh\u00edculo Revisiones y Mantenimiento:\u2022\u2060 \u2060Recientemente revisada\u2022\u2060 \u2060Cambio de aceite y todos los filtros\u2022\u2060 \u2060Turbo nuevo Extras Incluidos:\u2022\u2060 \u2060Estructura convertible en cama\u2022\u2060 \u2060Nevera de alta calidad\u2022\u2060 \u2060Mesa [&hellip;]","og_url":"https:\/\/mcautocaravanas.com\/eus\/venta\/autocaravanas-y-furgocamper-de-segunda-mano\/mercedes-benz-viano\/","og_site_name":"M.C. Autocaravanas Getxo S.L","article_modified_time":"2025-03-23T08:31:26+00:00","og_image":[{"width":1536,"height":2048,"url":"https:\/\/mcautocaravanas.com\/wp-content\/uploads\/2024\/08\/WhatsApp-Image-2024-08-13-at-11.21.31-1.jpeg","type":"image\/jpeg"}],"twitter_card":"summary_large_image","twitter_misc":{"Est. reading time":"1 minutua"},"schema":{"@context":"https:\/\/schema.org","@graph":[{"@type":"WebPage","@id":"https:\/\/mcautocaravanas.com\/venta\/autocaravanas-y-furgocamper-de-segunda-mano\/mercedes-benz-viano\/","url":"https:\/\/mcautocaravanas.com\/venta\/autocaravanas-y-furgocamper-de-segunda-mano\/mercedes-benz-viano\/","name":"Mercedes Benz Viano - M.C. Autocaravanas Getxo S.L","isPartOf":{"@id":"https:\/\/mcautocaravanas.com\/#website"},"primaryImageOfPage":{"@id":"https:\/\/mcautocaravanas.com\/venta\/autocaravanas-y-furgocamper-de-segunda-mano\/mercedes-benz-viano\/#primaryimage"},"image":{"@id":"https:\/\/mcautocaravanas.com\/venta\/autocaravanas-y-furgocamper-de-segunda-mano\/mercedes-benz-viano\/#primaryimage"},"thumbnailUrl":"https:\/\/mcautocaravanas.com\/wp-content\/uploads\/2024\/08\/WhatsApp-Image-2024-08-13-at-11.21.31-1.jpeg","datePublished":"2024-08-15T13:14:24+00:00","dateModified":"2025-03-23T08:31:26+00:00","breadcrumb":{"@id":"https:\/\/mcautocaravanas.com\/venta\/autocaravanas-y-furgocamper-de-segunda-mano\/mercedes-benz-viano\/#breadcrumb"},"inLanguage":"eu","potentialAction":[{"@type":"ReadAction","target":["https:\/\/mcautocaravanas.com\/venta\/autocaravanas-y-furgocamper-de-segunda-mano\/mercedes-benz-viano\/"]}]},{"@type":"ImageObject","inLanguage":"eu","@id":"https:\/\/mcautocaravanas.com\/venta\/autocaravanas-y-furgocamper-de-segunda-mano\/mercedes-benz-viano\/#primaryimage","url":"https:\/\/mcautocaravanas.com\/wp-content\/uploads\/2024\/08\/WhatsApp-Image-2024-08-13-at-11.21.31-1.jpeg","contentUrl":"https:\/\/mcautocaravanas.com\/wp-content\/uploads\/2024\/08\/WhatsApp-Image-2024-08-13-at-11.21.31-1.jpeg"},{"@type":"BreadcrumbList","@id":"https:\/\/mcautocaravanas.com\/venta\/autocaravanas-y-furgocamper-de-segunda-mano\/mercedes-benz-viano\/#breadcrumb","itemListElement":[{"@type":"ListItem","position":1,"name":"Portada","item":"https:\/\/mcautocaravanas.com\/"},{"@type":"ListItem","position":2,"name":"Venta borrar","item":"https:\/\/mcautocaravanas.com\/venta\/"},{"@type":"ListItem","position":3,"name":"Autocaravanas y furgocamper de segunda mano","item":"https:\/\/mcautocaravanas.com\/venta\/autocaravanas-y-furgocamper-de-segunda-mano\/"},{"@type":"ListItem","position":4,"name":"Mercedes Benz Viano"}]},{"@type":"WebSite","@id":"https:\/\/mcautocaravanas.com\/#website","url":"https:\/\/mcautocaravanas.com\/","name":"M.C. Autocaravanas Getxo S.L","description":"Abentura ahaztezin baterako prest? M.C Autocaravanas Getxon, mundua zure erritmoan esploratzeko aukera eskaintzen dizugu gure azken belaunaldiko autokarabanekin.","publisher":{"@id":"https:\/\/mcautocaravanas.com\/#organization"},"potentialAction":[{"@type":"SearchAction","target":{"@type":"EntryPoint","urlTemplate":"https:\/\/mcautocaravanas.com\/?s={search_term_string}"},"query-input":{"@type":"PropertyValueSpecification","valueRequired":true,"valueName":"search_term_string"}}],"inLanguage":"eu"},{"@type":"Organization","@id":"https:\/\/mcautocaravanas.com\/#organization","name":"M.C. Autocaravanas Getxo S.L","url":"https:\/\/mcautocaravanas.com\/","logo":{"@type":"ImageObject","inLanguage":"eu","@id":"https:\/\/mcautocaravanas.com\/#\/schema\/logo\/image\/","url":"https:\/\/mcautocaravanas.com\/wp-content\/uploads\/2024\/06\/cropped-cropped-M.C-AUTOCARAVANAS-1-2.png","contentUrl":"https:\/\/mcautocaravanas.com\/wp-content\/uploads\/2024\/06\/cropped-cropped-M.C-AUTOCARAVANAS-1-2.png","width":512,"height":484,"caption":"M.C. Autocaravanas Getxo S.L"},"image":{"@id":"https:\/\/mcautocaravanas.com\/#\/schema\/logo\/image\/"}}]}},"_links":{"self":[{"href":"https:\/\/mcautocaravanas.com\/eus\/wp-json\/wp\/v2\/pages\/1673","targetHints":{"allow":["GET"]}}],"collection":[{"href":"https:\/\/mcautocaravanas.com\/eus\/wp-json\/wp\/v2\/pages"}],"about":[{"href":"https:\/\/mcautocaravanas.com\/eus\/wp-json\/wp\/v2\/types\/page"}],"author":[{"embeddable":true,"href":"https:\/\/mcautocaravanas.com\/eus\/wp-json\/wp\/v2\/users\/1"}],"replies":[{"embeddable":true,"href":"https:\/\/mcautocaravanas.com\/eus\/wp-json\/wp\/v2\/comments?post=1673"}],"version-history":[{"count":20,"href":"https:\/\/mcautocaravanas.com\/eus\/wp-json\/wp\/v2\/pages\/1673\/revisions"}],"predecessor-version":[{"id":1974,"href":"https:\/\/mcautocaravanas.com\/eus\/wp-json\/wp\/v2\/pages\/1673\/revisions\/1974"}],"up":[{"embeddable":true,"href":"https:\/\/mcautocaravanas.com\/eus\/wp-json\/wp\/v2\/pages\/24"}],"wp:attachment":[{"href":"https:\/\/mcautocaravanas.com\/eus\/wp-json\/wp\/v2\/media?parent=1673"}],"curies":[{"name":"wp","href":"https:\/\/api.w.org\/{rel}","templated":true}]}}