{"id":14,"date":"2024-06-07T13:56:04","date_gmt":"2024-06-07T13:56:04","guid":{"rendered":"https:\/\/mcautocaravanas.rkinformatika.online\/?page_id=14"},"modified":"2025-10-20T19:02:45","modified_gmt":"2025-10-20T19:02:45","slug":"parking","status":"publish","type":"page","link":"https:\/\/mcautocaravanas.com\/en\/parking\/","title":{"rendered":"Parking"},"content":{"rendered":"\t\t<div data-elementor-type=\"wp-page\" data-elementor-id=\"14\" class=\"elementor elementor-14\" data-elementor-post-type=\"page\">\n\t\t\t\t\t\t<section class=\"elementor-section elementor-top-section elementor-element elementor-element-6417cea elementor-section-content-middle elementor-section-boxed elementor-section-height-default elementor-section-height-default\" data-id=\"6417cea\" data-element_type=\"section\" data-e-type=\"section\" data-settings=\"{&quot;background_background&quot;:&quot;classic&quot;}\">\n\t\t\t\t\t\t\t<div class=\"elementor-background-overlay\"><\/div>\n\t\t\t\t\t\t\t<div class=\"elementor-container elementor-column-gap-default\">\n\t\t\t\t\t<div class=\"elementor-column elementor-col-100 elementor-top-column elementor-element elementor-element-97f8853\" data-id=\"97f8853\" data-element_type=\"column\" data-e-type=\"column\">\n\t\t\t<div class=\"elementor-widget-wrap elementor-element-populated\">\n\t\t\t\t\t\t<div class=\"elementor-element elementor-element-13b801c elementor-widget elementor-widget-heading\" data-id=\"13b801c\" data-element_type=\"widget\" data-e-type=\"widget\" data-widget_type=\"heading.default\">\n\t\t\t\t<div class=\"elementor-widget-container\">\n\t\t\t\t\t<h2 class=\"elementor-heading-title elementor-size-default\">Parking &amp; Cuotas<\/h2>\t\t\t\t<\/div>\n\t\t\t\t<\/div>\n\t\t\t\t\t<\/div>\n\t\t<\/div>\n\t\t\t\t\t<\/div>\n\t\t<\/section>\n\t\t<div class=\"elementor-element elementor-element-f4b29a1 e-flex e-con-boxed e-con e-parent\" data-id=\"f4b29a1\" data-element_type=\"container\" data-e-type=\"container\">\n\t\t\t\t\t<div class=\"e-con-inner\">\n\t\t<div class=\"elementor-element elementor-element-b1b6459 e-con-full e-flex e-con e-child\" data-id=\"b1b6459\" data-element_type=\"container\" data-e-type=\"container\">\n\t\t\t\t<div class=\"elementor-element elementor-element-e48a487 elementor-widget elementor-widget-image\" data-id=\"e48a487\" data-element_type=\"widget\" data-e-type=\"widget\" data-widget_type=\"image.default\">\n\t\t\t\t<div class=\"elementor-widget-container\">\n\t\t\t\t\t\t\t\t\t\t\t\t\t\t\t<img fetchpriority=\"high\" decoding=\"async\" width=\"600\" height=\"600\" src=\"https:\/\/mcautocaravanas.com\/wp-content\/uploads\/2024\/06\/senal-economica-de-parking.jpg\" class=\"attachment-full size-full wp-image-1235\" alt=\"\" srcset=\"https:\/\/mcautocaravanas.com\/wp-content\/uploads\/2024\/06\/senal-economica-de-parking.jpg 600w, https:\/\/mcautocaravanas.com\/wp-content\/uploads\/2024\/06\/senal-economica-de-parking-300x300.jpg 300w, https:\/\/mcautocaravanas.com\/wp-content\/uploads\/2024\/06\/senal-economica-de-parking-150x150.jpg 150w, https:\/\/mcautocaravanas.com\/wp-content\/uploads\/2024\/06\/senal-economica-de-parking-12x12.jpg 12w\" sizes=\"(max-width: 600px) 100vw, 600px\" \/>\t\t\t\t\t\t\t\t\t\t\t\t\t\t\t<\/div>\n\t\t\t\t<\/div>\n\t\t\t\t<div class=\"elementor-element elementor-element-045e7b7 elementor-widget elementor-widget-heading\" data-id=\"045e7b7\" data-element_type=\"widget\" data-e-type=\"widget\" data-widget_type=\"heading.default\">\n\t\t\t\t<div class=\"elementor-widget-container\">\n\t\t\t\t\t<h2 class=\"elementor-heading-title elementor-size-default\">Parking<\/h2>\t\t\t\t<\/div>\n\t\t\t\t<\/div>\n\t\t\t\t<\/div>\n\t\t<div class=\"elementor-element elementor-element-cc1d131 e-con-full e-flex e-con e-child\" data-id=\"cc1d131\" data-element_type=\"container\" data-e-type=\"container\">\n\t\t\t\t<div class=\"elementor-element elementor-element-790ec8b elementor-widget elementor-widget-image\" data-id=\"790ec8b\" data-element_type=\"widget\" data-e-type=\"widget\" data-widget_type=\"image.default\">\n\t\t\t\t<div class=\"elementor-widget-container\">\n\t\t\t\t\t\t\t\t\t\t\t\t\t\t\t<img decoding=\"async\" width=\"452\" height=\"452\" src=\"https:\/\/mcautocaravanas.com\/wp-content\/uploads\/2024\/06\/senal-metalica-caravanas-punto-de-vaciado-de-aguas-negras.jpg\" class=\"attachment-full size-full wp-image-1198\" alt=\"\" srcset=\"https:\/\/mcautocaravanas.com\/wp-content\/uploads\/2024\/06\/senal-metalica-caravanas-punto-de-vaciado-de-aguas-negras.jpg 452w, https:\/\/mcautocaravanas.com\/wp-content\/uploads\/2024\/06\/senal-metalica-caravanas-punto-de-vaciado-de-aguas-negras-300x300.jpg 300w, https:\/\/mcautocaravanas.com\/wp-content\/uploads\/2024\/06\/senal-metalica-caravanas-punto-de-vaciado-de-aguas-negras-150x150.jpg 150w, https:\/\/mcautocaravanas.com\/wp-content\/uploads\/2024\/06\/senal-metalica-caravanas-punto-de-vaciado-de-aguas-negras-12x12.jpg 12w\" sizes=\"(max-width: 452px) 100vw, 452px\" \/>\t\t\t\t\t\t\t\t\t\t\t\t\t\t\t<\/div>\n\t\t\t\t<\/div>\n\t\t\t\t<div class=\"elementor-element elementor-element-506ba1f elementor-widget elementor-widget-heading\" data-id=\"506ba1f\" data-element_type=\"widget\" data-e-type=\"widget\" data-widget_type=\"heading.default\">\n\t\t\t\t<div class=\"elementor-widget-container\">\n\t\t\t\t\t<h2 class=\"elementor-heading-title elementor-size-default\">Vaciado de aguas negras<\/h2>\t\t\t\t<\/div>\n\t\t\t\t<\/div>\n\t\t\t\t<\/div>\n\t\t<div class=\"elementor-element elementor-element-373e16f e-con-full e-flex e-con e-child\" data-id=\"373e16f\" data-element_type=\"container\" data-e-type=\"container\">\n\t\t\t\t<div class=\"elementor-element elementor-element-bdb409b elementor-widget elementor-widget-image\" data-id=\"bdb409b\" data-element_type=\"widget\" data-e-type=\"widget\" data-widget_type=\"image.default\">\n\t\t\t\t<div class=\"elementor-widget-container\">\n\t\t\t\t\t\t\t\t\t\t\t\t\t\t\t<img decoding=\"async\" width=\"297\" height=\"252\" src=\"https:\/\/mcautocaravanas.com\/wp-content\/uploads\/2024\/06\/Public-stopover.jpg\" class=\"attachment-full size-full wp-image-1239\" alt=\"\" srcset=\"https:\/\/mcautocaravanas.com\/wp-content\/uploads\/2024\/06\/Public-stopover.jpg 297w, https:\/\/mcautocaravanas.com\/wp-content\/uploads\/2024\/06\/Public-stopover-14x12.jpg 14w\" sizes=\"(max-width: 297px) 100vw, 297px\" \/>\t\t\t\t\t\t\t\t\t\t\t\t\t\t\t<\/div>\n\t\t\t\t<\/div>\n\t\t\t\t<div class=\"elementor-element elementor-element-84a249b elementor-widget elementor-widget-heading\" data-id=\"84a249b\" data-element_type=\"widget\" data-e-type=\"widget\" data-widget_type=\"heading.default\">\n\t\t\t\t<div class=\"elementor-widget-container\">\n\t\t\t\t\t<h2 class=\"elementor-heading-title elementor-size-default\">Vaciado de aguas grises<\/h2>\t\t\t\t<\/div>\n\t\t\t\t<\/div>\n\t\t\t\t<\/div>\n\t\t<div class=\"elementor-element elementor-element-9d4671c e-con-full e-flex e-con e-child\" data-id=\"9d4671c\" data-element_type=\"container\" data-e-type=\"container\">\n\t\t\t\t<div class=\"elementor-element elementor-element-4c60e00 elementor-widget elementor-widget-image\" data-id=\"4c60e00\" data-element_type=\"widget\" data-e-type=\"widget\" data-widget_type=\"image.default\">\n\t\t\t\t<div class=\"elementor-widget-container\">\n\t\t\t\t\t\t\t\t\t\t\t\t\t\t\t<img loading=\"lazy\" decoding=\"async\" width=\"800\" height=\"800\" src=\"https:\/\/mcautocaravanas.com\/wp-content\/uploads\/2024\/06\/senal-metalica-caravanas-punto-de-conexion-electrica-.png\" class=\"attachment-full size-full wp-image-1196\" alt=\"\" srcset=\"https:\/\/mcautocaravanas.com\/wp-content\/uploads\/2024\/06\/senal-metalica-caravanas-punto-de-conexion-electrica-.png 800w, https:\/\/mcautocaravanas.com\/wp-content\/uploads\/2024\/06\/senal-metalica-caravanas-punto-de-conexion-electrica--300x300.png 300w, https:\/\/mcautocaravanas.com\/wp-content\/uploads\/2024\/06\/senal-metalica-caravanas-punto-de-conexion-electrica--150x150.png 150w, https:\/\/mcautocaravanas.com\/wp-content\/uploads\/2024\/06\/senal-metalica-caravanas-punto-de-conexion-electrica--768x768.png 768w, https:\/\/mcautocaravanas.com\/wp-content\/uploads\/2024\/06\/senal-metalica-caravanas-punto-de-conexion-electrica--12x12.png 12w\" sizes=\"(max-width: 800px) 100vw, 800px\" \/>\t\t\t\t\t\t\t\t\t\t\t\t\t\t\t<\/div>\n\t\t\t\t<\/div>\n\t\t\t\t<div class=\"elementor-element elementor-element-d623265 elementor-widget elementor-widget-heading\" data-id=\"d623265\" data-element_type=\"widget\" data-e-type=\"widget\" data-widget_type=\"heading.default\">\n\t\t\t\t<div class=\"elementor-widget-container\">\n\t\t\t\t\t<h2 class=\"elementor-heading-title elementor-size-default\">Tomas de luz<\/h2>\t\t\t\t<\/div>\n\t\t\t\t<\/div>\n\t\t\t\t<\/div>\n\t\t<div class=\"elementor-element elementor-element-3077877 e-con-full e-flex e-con e-child\" data-id=\"3077877\" data-element_type=\"container\" data-e-type=\"container\">\n\t\t\t\t<div class=\"elementor-element elementor-element-41e2a19 elementor-widget elementor-widget-image\" data-id=\"41e2a19\" data-element_type=\"widget\" data-e-type=\"widget\" data-widget_type=\"image.default\">\n\t\t\t\t<div class=\"elementor-widget-container\">\n\t\t\t\t\t\t\t\t\t\t\t\t\t\t\t<img loading=\"lazy\" decoding=\"async\" width=\"800\" height=\"800\" src=\"https:\/\/mcautocaravanas.com\/wp-content\/uploads\/2024\/06\/senal-metalica-caravanas-punto-de-carga-agua-potable-.png\" class=\"attachment-full size-full wp-image-1197\" alt=\"\" srcset=\"https:\/\/mcautocaravanas.com\/wp-content\/uploads\/2024\/06\/senal-metalica-caravanas-punto-de-carga-agua-potable-.png 800w, https:\/\/mcautocaravanas.com\/wp-content\/uploads\/2024\/06\/senal-metalica-caravanas-punto-de-carga-agua-potable--300x300.png 300w, https:\/\/mcautocaravanas.com\/wp-content\/uploads\/2024\/06\/senal-metalica-caravanas-punto-de-carga-agua-potable--150x150.png 150w, https:\/\/mcautocaravanas.com\/wp-content\/uploads\/2024\/06\/senal-metalica-caravanas-punto-de-carga-agua-potable--768x768.png 768w, https:\/\/mcautocaravanas.com\/wp-content\/uploads\/2024\/06\/senal-metalica-caravanas-punto-de-carga-agua-potable--12x12.png 12w\" sizes=\"(max-width: 800px) 100vw, 800px\" \/>\t\t\t\t\t\t\t\t\t\t\t\t\t\t\t<\/div>\n\t\t\t\t<\/div>\n\t\t\t\t<div class=\"elementor-element elementor-element-efc87a9 elementor-widget elementor-widget-heading\" data-id=\"efc87a9\" data-element_type=\"widget\" data-e-type=\"widget\" data-widget_type=\"heading.default\">\n\t\t\t\t<div class=\"elementor-widget-container\">\n\t\t\t\t\t<h2 class=\"elementor-heading-title elementor-size-default\">Llenado de aguas limpias<\/h2>\t\t\t\t<\/div>\n\t\t\t\t<\/div>\n\t\t\t\t<\/div>\n\t\t<div class=\"elementor-element elementor-element-2599adb e-con-full e-flex e-con e-child\" data-id=\"2599adb\" data-element_type=\"container\" data-e-type=\"container\">\n\t\t\t\t<div class=\"elementor-element elementor-element-50b67b5 elementor-widget elementor-widget-image\" data-id=\"50b67b5\" data-element_type=\"widget\" data-e-type=\"widget\" data-widget_type=\"image.default\">\n\t\t\t\t<div class=\"elementor-widget-container\">\n\t\t\t\t\t\t\t\t\t\t\t\t\t\t\t<img loading=\"lazy\" decoding=\"async\" width=\"460\" height=\"535\" src=\"https:\/\/mcautocaravanas.com\/wp-content\/uploads\/2024\/06\/icono-accesos-24horas-365dias-espaciogeo-vigo.png\" class=\"attachment-full size-full wp-image-1202\" alt=\"\" srcset=\"https:\/\/mcautocaravanas.com\/wp-content\/uploads\/2024\/06\/icono-accesos-24horas-365dias-espaciogeo-vigo.png 460w, https:\/\/mcautocaravanas.com\/wp-content\/uploads\/2024\/06\/icono-accesos-24horas-365dias-espaciogeo-vigo-258x300.png 258w, https:\/\/mcautocaravanas.com\/wp-content\/uploads\/2024\/06\/icono-accesos-24horas-365dias-espaciogeo-vigo-10x12.png 10w\" sizes=\"(max-width: 460px) 100vw, 460px\" \/>\t\t\t\t\t\t\t\t\t\t\t\t\t\t\t<\/div>\n\t\t\t\t<\/div>\n\t\t\t\t<div class=\"elementor-element elementor-element-996dd31 elementor-widget elementor-widget-heading\" data-id=\"996dd31\" data-element_type=\"widget\" data-e-type=\"widget\" data-widget_type=\"heading.default\">\n\t\t\t\t<div class=\"elementor-widget-container\">\n\t\t\t\t\t<h2 class=\"elementor-heading-title elementor-size-default\">Mediante puerta motorizada<\/h2>\t\t\t\t<\/div>\n\t\t\t\t<\/div>\n\t\t\t\t<\/div>\n\t\t<div class=\"elementor-element elementor-element-eece5b3 e-con-full e-flex e-con e-child\" data-id=\"eece5b3\" data-element_type=\"container\" data-e-type=\"container\">\n\t\t\t\t<div class=\"elementor-element elementor-element-289e312 elementor-widget elementor-widget-image\" data-id=\"289e312\" data-element_type=\"widget\" data-e-type=\"widget\" data-widget_type=\"image.default\">\n\t\t\t\t<div class=\"elementor-widget-container\">\n\t\t\t\t\t\t\t\t\t\t\t\t\t\t\t<img loading=\"lazy\" decoding=\"async\" width=\"700\" height=\"400\" src=\"https:\/\/mcautocaravanas.com\/wp-content\/uploads\/2024\/06\/para_que_sirven.jpg\" class=\"attachment-full size-full wp-image-1203\" alt=\"\" srcset=\"https:\/\/mcautocaravanas.com\/wp-content\/uploads\/2024\/06\/para_que_sirven.jpg 700w, https:\/\/mcautocaravanas.com\/wp-content\/uploads\/2024\/06\/para_que_sirven-300x171.jpg 300w, https:\/\/mcautocaravanas.com\/wp-content\/uploads\/2024\/06\/para_que_sirven-18x10.jpg 18w\" sizes=\"(max-width: 700px) 100vw, 700px\" \/>\t\t\t\t\t\t\t\t\t\t\t\t\t\t\t<\/div>\n\t\t\t\t<\/div>\n\t\t\t\t<div class=\"elementor-element elementor-element-ead33e2 elementor-widget elementor-widget-heading\" data-id=\"ead33e2\" data-element_type=\"widget\" data-e-type=\"widget\" data-widget_type=\"heading.default\">\n\t\t\t\t<div class=\"elementor-widget-container\">\n\t\t\t\t\t<h2 class=\"elementor-heading-title elementor-size-default\">P\u00f3liza de seguro<\/h2>\t\t\t\t<\/div>\n\t\t\t\t<\/div>\n\t\t\t\t<\/div>\n\t\t<div class=\"elementor-element elementor-element-7cf3c8c e-con-full e-flex e-con e-child\" data-id=\"7cf3c8c\" data-element_type=\"container\" data-e-type=\"container\">\n\t\t\t\t<div class=\"elementor-element elementor-element-c8e664b elementor-widget elementor-widget-image\" data-id=\"c8e664b\" data-element_type=\"widget\" data-e-type=\"widget\" data-widget_type=\"image.default\">\n\t\t\t\t<div class=\"elementor-widget-container\">\n\t\t\t\t\t\t\t\t\t\t\t\t\t\t\t<img loading=\"lazy\" decoding=\"async\" width=\"452\" height=\"348\" src=\"https:\/\/mcautocaravanas.com\/wp-content\/uploads\/2024\/06\/senal-aluminio-atencion-alarma-conectada-24h-videovigilancia-grabacion-de-imagenes-aviso-inmediato-a-la-policia-e1718623195243.png\" class=\"attachment-full size-full wp-image-1201\" alt=\"\" srcset=\"https:\/\/mcautocaravanas.com\/wp-content\/uploads\/2024\/06\/senal-aluminio-atencion-alarma-conectada-24h-videovigilancia-grabacion-de-imagenes-aviso-inmediato-a-la-policia-e1718623195243.png 452w, https:\/\/mcautocaravanas.com\/wp-content\/uploads\/2024\/06\/senal-aluminio-atencion-alarma-conectada-24h-videovigilancia-grabacion-de-imagenes-aviso-inmediato-a-la-policia-e1718623195243-300x231.png 300w, https:\/\/mcautocaravanas.com\/wp-content\/uploads\/2024\/06\/senal-aluminio-atencion-alarma-conectada-24h-videovigilancia-grabacion-de-imagenes-aviso-inmediato-a-la-policia-e1718623195243-16x12.png 16w\" sizes=\"(max-width: 452px) 100vw, 452px\" \/>\t\t\t\t\t\t\t\t\t\t\t\t\t\t\t<\/div>\n\t\t\t\t<\/div>\n\t\t\t\t<div class=\"elementor-element elementor-element-fbbf9a0 elementor-widget elementor-widget-heading\" data-id=\"fbbf9a0\" data-element_type=\"widget\" data-e-type=\"widget\" data-widget_type=\"heading.default\">\n\t\t\t\t<div class=\"elementor-widget-container\">\n\t\t\t\t\t<h2 class=\"elementor-heading-title elementor-size-default\">V\u00eddeo vigilancia 24h con aviso a central y polic\u00eda<\/h2>\t\t\t\t<\/div>\n\t\t\t\t<\/div>\n\t\t\t\t<\/div>\n\t\t\t\t\t<\/div>\n\t\t\t\t<\/div>\n\t\t<div class=\"elementor-element elementor-element-bc3a0d9 e-con-full e-flex e-con e-parent\" data-id=\"bc3a0d9\" data-element_type=\"container\" data-e-type=\"container\">\n\t\t\t\t<div class=\"elementor-element elementor-element-e6b31aa elementor-widget elementor-widget-image\" data-id=\"e6b31aa\" data-element_type=\"widget\" data-e-type=\"widget\" data-widget_type=\"image.default\">\n\t\t\t\t<div class=\"elementor-widget-container\">\n\t\t\t\t\t\t\t\t\t\t\t\t\t\t\t<img loading=\"lazy\" decoding=\"async\" width=\"2048\" height=\"1152\" src=\"https:\/\/mcautocaravanas.com\/wp-content\/uploads\/2024\/06\/WhatsApp-Image-2024-06-17-at-13.51.15.jpeg\" class=\"attachment-full size-full wp-image-1231\" alt=\"\" srcset=\"https:\/\/mcautocaravanas.com\/wp-content\/uploads\/2024\/06\/WhatsApp-Image-2024-06-17-at-13.51.15.jpeg 2048w, https:\/\/mcautocaravanas.com\/wp-content\/uploads\/2024\/06\/WhatsApp-Image-2024-06-17-at-13.51.15-300x169.jpeg 300w, https:\/\/mcautocaravanas.com\/wp-content\/uploads\/2024\/06\/WhatsApp-Image-2024-06-17-at-13.51.15-1024x576.jpeg 1024w, https:\/\/mcautocaravanas.com\/wp-content\/uploads\/2024\/06\/WhatsApp-Image-2024-06-17-at-13.51.15-768x432.jpeg 768w, https:\/\/mcautocaravanas.com\/wp-content\/uploads\/2024\/06\/WhatsApp-Image-2024-06-17-at-13.51.15-1536x864.jpeg 1536w, https:\/\/mcautocaravanas.com\/wp-content\/uploads\/2024\/06\/WhatsApp-Image-2024-06-17-at-13.51.15-18x10.jpeg 18w\" sizes=\"(max-width: 2048px) 100vw, 2048px\" \/>\t\t\t\t\t\t\t\t\t\t\t\t\t\t\t<\/div>\n\t\t\t\t<\/div>\n\t\t\t\t<\/div>\n\t\t<div class=\"elementor-element elementor-element-bd8580d e-flex e-con-boxed e-con e-parent\" data-id=\"bd8580d\" data-element_type=\"container\" data-e-type=\"container\">\n\t\t\t\t\t<div class=\"e-con-inner\">\n\t\t\t\t<div class=\"elementor-element elementor-element-1a7fc33 elementor-headline--style-highlight elementor-widget elementor-widget-animated-headline\" data-id=\"1a7fc33\" data-element_type=\"widget\" data-e-type=\"widget\" data-settings=\"{&quot;highlighted_text&quot;:&quot;75\\u20ac al mes&quot;,&quot;headline_style&quot;:&quot;highlight&quot;,&quot;marker&quot;:&quot;circle&quot;,&quot;loop&quot;:&quot;yes&quot;,&quot;highlight_animation_duration&quot;:1200,&quot;highlight_iteration_delay&quot;:8000}\" data-widget_type=\"animated-headline.default\">\n\t\t\t\t<div class=\"elementor-widget-container\">\n\t\t\t\t\t\t\t<h3 class=\"elementor-headline\">\n\t\t\t\t\t<span class=\"elementor-headline-plain-text elementor-headline-text-wrapper\">Por s\u00f3lo<\/span>\n\t\t\t\t<span class=\"elementor-headline-dynamic-wrapper elementor-headline-text-wrapper\">\n\t\t\t\t\t<span class=\"elementor-headline-dynamic-text elementor-headline-text-active\">75\u20ac al mes<\/span>\n\t\t\t\t<\/span>\n\t\t\t\t<\/h3>\n\t\t\t\t\t\t<\/div>\n\t\t\t\t<\/div>\n\t\t\t\t\t<\/div>\n\t\t\t\t<\/div>\n\t\t<div class=\"elementor-element elementor-element-61a3eee e-flex e-con-boxed e-con e-parent\" data-id=\"61a3eee\" data-element_type=\"container\" data-e-type=\"container\">\n\t\t\t\t\t<div class=\"e-con-inner\">\n\t\t\t\t<div class=\"elementor-element elementor-element-988e006 elementor-button-info elementor-align-center elementor-widget elementor-widget-button\" data-id=\"988e006\" data-element_type=\"widget\" data-e-type=\"widget\" data-settings=\"{&quot;motion_fx_motion_fx_scrolling&quot;:&quot;yes&quot;,&quot;motion_fx_devices&quot;:[&quot;desktop&quot;,&quot;tablet&quot;,&quot;mobile&quot;]}\" data-widget_type=\"button.default\">\n\t\t\t\t<div class=\"elementor-widget-container\">\n\t\t\t\t\t\t\t\t\t<div class=\"elementor-button-wrapper\">\n\t\t\t\t\t<a class=\"elementor-button elementor-button-link elementor-size-sm elementor-animation-pop\" href=\"https:\/\/mcautocaravanas.com\/contacto\/\">\n\t\t\t\t\t\t<span class=\"elementor-button-content-wrapper\">\n\t\t\t\t\t\t<span class=\"elementor-button-icon\">\n\t\t\t\t<svg aria-hidden=\"true\" class=\"e-font-icon-svg e-far-calendar-check\" viewBox=\"0 0 448 512\" xmlns=\"http:\/\/www.w3.org\/2000\/svg\"><path d=\"M400 64h-48V12c0-6.627-5.373-12-12-12h-40c-6.627 0-12 5.373-12 12v52H160V12c0-6.627-5.373-12-12-12h-40c-6.627 0-12 5.373-12 12v52H48C21.49 64 0 85.49 0 112v352c0 26.51 21.49 48 48 48h352c26.51 0 48-21.49 48-48V112c0-26.51-21.49-48-48-48zm-6 400H54a6 6 0 0 1-6-6V160h352v298a6 6 0 0 1-6 6zm-52.849-200.65L198.842 404.519c-4.705 4.667-12.303 4.637-16.971-.068l-75.091-75.699c-4.667-4.705-4.637-12.303.068-16.971l22.719-22.536c4.705-4.667 12.303-4.637 16.97.069l44.104 44.461 111.072-110.181c4.705-4.667 12.303-4.637 16.971.068l22.536 22.718c4.667 4.705 4.636 12.303-.069 16.97z\"><\/path><\/svg>\t\t\t<\/span>\n\t\t\t\t\t\t\t\t\t<span class=\"elementor-button-text\">RESERVA YA<\/span>\n\t\t\t\t\t<\/span>\n\t\t\t\t\t<\/a>\n\t\t\t\t<\/div>\n\t\t\t\t\t\t\t\t<\/div>\n\t\t\t\t<\/div>\n\t\t\t\t\t<\/div>\n\t\t\t\t<\/div>\n\t\t\t\t<\/div>\n\t\t","protected":false},"excerpt":{"rendered":"<p>Parking &amp; Cuotas Parking Vaciado de aguas negras Vaciado de aguas grises Tomas de luz Llenado de aguas limpias Mediante puerta motorizada P\u00f3liza de seguro V\u00eddeo vigilancia 24h con aviso a central y polic\u00eda Por s\u00f3lo 75\u20ac al mes RESERVA YA<\/p>","protected":false},"author":1,"featured_media":0,"parent":0,"menu_order":4,"comment_status":"closed","ping_status":"closed","template":"elementor_canvas","meta":{"footnotes":""},"class_list":["post-14","page","type-page","status-publish","hentry"],"yoast_head":"<!-- This site is optimized with the Yoast SEO plugin v27.5 - https:\/\/yoast.com\/product\/yoast-seo-wordpress\/ -->\n<title>Parking - M.C. Autocaravanas Getxo S.L<\/title>\n<meta name=\"description\" content=\"\u00bfNo sabes donde poder dejar tu autocaravana en la provincia de Vizcaya? Ponte en contacto con nosotros. Parking con videovigilancia, vaciado de aguas, luz... Reserva ya tu plaza con nosotros.\" \/>\n<meta name=\"robots\" content=\"index, follow, max-snippet:-1, max-image-preview:large, max-video-preview:-1\" \/>\n<link rel=\"canonical\" href=\"https:\/\/mcautocaravanas.com\/en\/parking\/\" \/>\n<meta property=\"og:locale\" content=\"en_US\" \/>\n<meta property=\"og:type\" content=\"article\" \/>\n<meta property=\"og:title\" content=\"Parking - M.C. Autocaravanas Getxo S.L\" \/>\n<meta property=\"og:description\" content=\"\u00bfNo sabes donde poder dejar tu autocaravana en la provincia de Vizcaya? Ponte en contacto con nosotros. Parking con videovigilancia, vaciado de aguas, luz... Reserva ya tu plaza con nosotros.\" \/>\n<meta property=\"og:url\" content=\"https:\/\/mcautocaravanas.com\/en\/parking\/\" \/>\n<meta property=\"og:site_name\" content=\"M.C. Autocaravanas Getxo S.L\" \/>\n<meta property=\"article:modified_time\" content=\"2025-10-20T19:02:45+00:00\" \/>\n<meta property=\"og:image\" content=\"https:\/\/mcautocaravanas.com\/wp-content\/uploads\/2024\/06\/senal-economica-de-parking.jpg\" \/>\n\t<meta property=\"og:image:width\" content=\"600\" \/>\n\t<meta property=\"og:image:height\" content=\"600\" \/>\n\t<meta property=\"og:image:type\" content=\"image\/jpeg\" \/>\n<meta name=\"twitter:card\" content=\"summary_large_image\" \/>\n<meta name=\"twitter:label1\" content=\"Est. reading time\" \/>\n\t<meta name=\"twitter:data1\" content=\"2 minutes\" \/>\n<script type=\"application\/ld+json\" class=\"yoast-schema-graph\">{\"@context\":\"https:\\\/\\\/schema.org\",\"@graph\":[{\"@type\":\"WebPage\",\"@id\":\"https:\\\/\\\/mcautocaravanas.com\\\/parking\\\/\",\"url\":\"https:\\\/\\\/mcautocaravanas.com\\\/parking\\\/\",\"name\":\"Parking - M.C. Autocaravanas Getxo S.L\",\"isPartOf\":{\"@id\":\"https:\\\/\\\/mcautocaravanas.com\\\/#website\"},\"primaryImageOfPage\":{\"@id\":\"https:\\\/\\\/mcautocaravanas.com\\\/parking\\\/#primaryimage\"},\"image\":{\"@id\":\"https:\\\/\\\/mcautocaravanas.com\\\/parking\\\/#primaryimage\"},\"thumbnailUrl\":\"https:\\\/\\\/mcautocaravanas.com\\\/wp-content\\\/uploads\\\/2024\\\/06\\\/senal-economica-de-parking.jpg\",\"datePublished\":\"2024-06-07T13:56:04+00:00\",\"dateModified\":\"2025-10-20T19:02:45+00:00\",\"description\":\"\u00bfNo sabes donde poder dejar tu autocaravana en la provincia de Vizcaya? Ponte en contacto con nosotros. Parking con videovigilancia, vaciado de aguas, luz... Reserva ya tu plaza con nosotros.\",\"breadcrumb\":{\"@id\":\"https:\\\/\\\/mcautocaravanas.com\\\/parking\\\/#breadcrumb\"},\"inLanguage\":\"en-US\",\"potentialAction\":[{\"@type\":\"ReadAction\",\"target\":[\"https:\\\/\\\/mcautocaravanas.com\\\/parking\\\/\"]}]},{\"@type\":\"ImageObject\",\"inLanguage\":\"en-US\",\"@id\":\"https:\\\/\\\/mcautocaravanas.com\\\/parking\\\/#primaryimage\",\"url\":\"https:\\\/\\\/mcautocaravanas.com\\\/wp-content\\\/uploads\\\/2024\\\/06\\\/senal-economica-de-parking.jpg\",\"contentUrl\":\"https:\\\/\\\/mcautocaravanas.com\\\/wp-content\\\/uploads\\\/2024\\\/06\\\/senal-economica-de-parking.jpg\"},{\"@type\":\"BreadcrumbList\",\"@id\":\"https:\\\/\\\/mcautocaravanas.com\\\/parking\\\/#breadcrumb\",\"itemListElement\":[{\"@type\":\"ListItem\",\"position\":1,\"name\":\"Portada\",\"item\":\"https:\\\/\\\/mcautocaravanas.com\\\/\"},{\"@type\":\"ListItem\",\"position\":2,\"name\":\"Parking\"}]},{\"@type\":\"WebSite\",\"@id\":\"https:\\\/\\\/mcautocaravanas.com\\\/#website\",\"url\":\"https:\\\/\\\/mcautocaravanas.com\\\/\",\"name\":\"M.C. Autocaravanas Getxo S.L\",\"description\":\"\u00bfListo para una aventura inolvidable? En M.C Autocaravanas Getxo, te ofrecemos la oportunidad de explorar el mundo a tu ritmo con nuestras autocaravanas de \u00faltima generaci\u00f3n.\",\"publisher\":{\"@id\":\"https:\\\/\\\/mcautocaravanas.com\\\/#organization\"},\"potentialAction\":[{\"@type\":\"SearchAction\",\"target\":{\"@type\":\"EntryPoint\",\"urlTemplate\":\"https:\\\/\\\/mcautocaravanas.com\\\/?s={search_term_string}\"},\"query-input\":{\"@type\":\"PropertyValueSpecification\",\"valueRequired\":true,\"valueName\":\"search_term_string\"}}],\"inLanguage\":\"en-US\"},{\"@type\":\"Organization\",\"@id\":\"https:\\\/\\\/mcautocaravanas.com\\\/#organization\",\"name\":\"M.C. Autocaravanas Getxo S.L\",\"url\":\"https:\\\/\\\/mcautocaravanas.com\\\/\",\"logo\":{\"@type\":\"ImageObject\",\"inLanguage\":\"en-US\",\"@id\":\"https:\\\/\\\/mcautocaravanas.com\\\/#\\\/schema\\\/logo\\\/image\\\/\",\"url\":\"https:\\\/\\\/mcautocaravanas.com\\\/wp-content\\\/uploads\\\/2024\\\/06\\\/cropped-cropped-M.C-AUTOCARAVANAS-1-2.png\",\"contentUrl\":\"https:\\\/\\\/mcautocaravanas.com\\\/wp-content\\\/uploads\\\/2024\\\/06\\\/cropped-cropped-M.C-AUTOCARAVANAS-1-2.png\",\"width\":512,\"height\":484,\"caption\":\"M.C. Autocaravanas Getxo S.L\"},\"image\":{\"@id\":\"https:\\\/\\\/mcautocaravanas.com\\\/#\\\/schema\\\/logo\\\/image\\\/\"}}]}<\/script>\n<!-- \/ Yoast SEO plugin. -->","yoast_head_json":{"title":"Parking - M.C. Autocaravanas Getxo S.L","description":"\u00bfNo sabes donde poder dejar tu autocaravana en la provincia de Vizcaya? Ponte en contacto con nosotros. Parking con videovigilancia, vaciado de aguas, luz... Reserva ya tu plaza con nosotros.","robots":{"index":"index","follow":"follow","max-snippet":"max-snippet:-1","max-image-preview":"max-image-preview:large","max-video-preview":"max-video-preview:-1"},"canonical":"https:\/\/mcautocaravanas.com\/en\/parking\/","og_locale":"en_US","og_type":"article","og_title":"Parking - M.C. Autocaravanas Getxo S.L","og_description":"\u00bfNo sabes donde poder dejar tu autocaravana en la provincia de Vizcaya? Ponte en contacto con nosotros. Parking con videovigilancia, vaciado de aguas, luz... Reserva ya tu plaza con nosotros.","og_url":"https:\/\/mcautocaravanas.com\/en\/parking\/","og_site_name":"M.C. Autocaravanas Getxo S.L","article_modified_time":"2025-10-20T19:02:45+00:00","og_image":[{"width":600,"height":600,"url":"https:\/\/mcautocaravanas.com\/wp-content\/uploads\/2024\/06\/senal-economica-de-parking.jpg","type":"image\/jpeg"}],"twitter_card":"summary_large_image","twitter_misc":{"Est. reading time":"2 minutes"},"schema":{"@context":"https:\/\/schema.org","@graph":[{"@type":"WebPage","@id":"https:\/\/mcautocaravanas.com\/parking\/","url":"https:\/\/mcautocaravanas.com\/parking\/","name":"Parking - M.C. Autocaravanas Getxo S.L","isPartOf":{"@id":"https:\/\/mcautocaravanas.com\/#website"},"primaryImageOfPage":{"@id":"https:\/\/mcautocaravanas.com\/parking\/#primaryimage"},"image":{"@id":"https:\/\/mcautocaravanas.com\/parking\/#primaryimage"},"thumbnailUrl":"https:\/\/mcautocaravanas.com\/wp-content\/uploads\/2024\/06\/senal-economica-de-parking.jpg","datePublished":"2024-06-07T13:56:04+00:00","dateModified":"2025-10-20T19:02:45+00:00","description":"\u00bfNo sabes donde poder dejar tu autocaravana en la provincia de Vizcaya? Ponte en contacto con nosotros. Parking con videovigilancia, vaciado de aguas, luz... Reserva ya tu plaza con nosotros.","breadcrumb":{"@id":"https:\/\/mcautocaravanas.com\/parking\/#breadcrumb"},"inLanguage":"en-US","potentialAction":[{"@type":"ReadAction","target":["https:\/\/mcautocaravanas.com\/parking\/"]}]},{"@type":"ImageObject","inLanguage":"en-US","@id":"https:\/\/mcautocaravanas.com\/parking\/#primaryimage","url":"https:\/\/mcautocaravanas.com\/wp-content\/uploads\/2024\/06\/senal-economica-de-parking.jpg","contentUrl":"https:\/\/mcautocaravanas.com\/wp-content\/uploads\/2024\/06\/senal-economica-de-parking.jpg"},{"@type":"BreadcrumbList","@id":"https:\/\/mcautocaravanas.com\/parking\/#breadcrumb","itemListElement":[{"@type":"ListItem","position":1,"name":"Portada","item":"https:\/\/mcautocaravanas.com\/"},{"@type":"ListItem","position":2,"name":"Parking"}]},{"@type":"WebSite","@id":"https:\/\/mcautocaravanas.com\/#website","url":"https:\/\/mcautocaravanas.com\/","name":"M.C. Autocaravanas Getxo S.L","description":"\u00bfListo para una aventura inolvidable? En M.C Autocaravanas Getxo, te ofrecemos la oportunidad de explorar el mundo a tu ritmo con nuestras autocaravanas de \u00faltima generaci\u00f3n.","publisher":{"@id":"https:\/\/mcautocaravanas.com\/#organization"},"potentialAction":[{"@type":"SearchAction","target":{"@type":"EntryPoint","urlTemplate":"https:\/\/mcautocaravanas.com\/?s={search_term_string}"},"query-input":{"@type":"PropertyValueSpecification","valueRequired":true,"valueName":"search_term_string"}}],"inLanguage":"en-US"},{"@type":"Organization","@id":"https:\/\/mcautocaravanas.com\/#organization","name":"M.C. Autocaravanas Getxo S.L","url":"https:\/\/mcautocaravanas.com\/","logo":{"@type":"ImageObject","inLanguage":"en-US","@id":"https:\/\/mcautocaravanas.com\/#\/schema\/logo\/image\/","url":"https:\/\/mcautocaravanas.com\/wp-content\/uploads\/2024\/06\/cropped-cropped-M.C-AUTOCARAVANAS-1-2.png","contentUrl":"https:\/\/mcautocaravanas.com\/wp-content\/uploads\/2024\/06\/cropped-cropped-M.C-AUTOCARAVANAS-1-2.png","width":512,"height":484,"caption":"M.C. Autocaravanas Getxo S.L"},"image":{"@id":"https:\/\/mcautocaravanas.com\/#\/schema\/logo\/image\/"}}]}},"_links":{"self":[{"href":"https:\/\/mcautocaravanas.com\/en\/wp-json\/wp\/v2\/pages\/14","targetHints":{"allow":["GET"]}}],"collection":[{"href":"https:\/\/mcautocaravanas.com\/en\/wp-json\/wp\/v2\/pages"}],"about":[{"href":"https:\/\/mcautocaravanas.com\/en\/wp-json\/wp\/v2\/types\/page"}],"author":[{"embeddable":true,"href":"https:\/\/mcautocaravanas.com\/en\/wp-json\/wp\/v2\/users\/1"}],"replies":[{"embeddable":true,"href":"https:\/\/mcautocaravanas.com\/en\/wp-json\/wp\/v2\/comments?post=14"}],"version-history":[{"count":73,"href":"https:\/\/mcautocaravanas.com\/en\/wp-json\/wp\/v2\/pages\/14\/revisions"}],"predecessor-version":[{"id":3913,"href":"https:\/\/mcautocaravanas.com\/en\/wp-json\/wp\/v2\/pages\/14\/revisions\/3913"}],"wp:attachment":[{"href":"https:\/\/mcautocaravanas.com\/en\/wp-json\/wp\/v2\/media?parent=14"}],"curies":[{"name":"wp","href":"https:\/\/api.w.org\/{rel}","templated":true}]}}